{"id":6559,"date":"2016-11-21T11:05:27","date_gmt":"2016-11-21T10:05:27","guid":{"rendered":"http:\/\/meriller-vapeur.fr\/wp3\/?page_id=6559"},"modified":"2016-11-21T11:18:20","modified_gmt":"2016-11-21T10:18:20","slug":"salon-du-train-miniature-international-dorleans-2016","status":"publish","type":"page","link":"https:\/\/meriller-vapeur.fr\/wp3\/?page_id=6559","title":{"rendered":"Salon du train miniature international d\u2019Orl\u00e9ans 2016."},"content":{"rendered":"<div id=\"attachment_6560\" style=\"width: 223px\" class=\"wp-caption alignleft\"><a href=\"http:\/\/meriller-vapeur.fr\/wp3\/wp-content\/uploads\/2016\/11\/affiche-amfc-2016.jpg\" target=\"_blank\"><img loading=\"lazy\" decoding=\"async\" aria-describedby=\"caption-attachment-6560\" class=\"wp-image-6560 size-medium\" src=\"http:\/\/meriller-vapeur.fr\/wp3\/wp-content\/uploads\/2016\/11\/affiche-amfc-2016-213x300.jpg\" alt=\"Mise en page 1\" width=\"213\" height=\"300\" srcset=\"https:\/\/meriller-vapeur.fr\/wp3\/wp-content\/uploads\/2016\/11\/affiche-amfc-2016-213x300.jpg 213w, https:\/\/meriller-vapeur.fr\/wp3\/wp-content\/uploads\/2016\/11\/affiche-amfc-2016-768x1083.jpg 768w, https:\/\/meriller-vapeur.fr\/wp3\/wp-content\/uploads\/2016\/11\/affiche-amfc-2016-726x1024.jpg 726w, https:\/\/meriller-vapeur.fr\/wp3\/wp-content\/uploads\/2016\/11\/affiche-amfc-2016.jpg 1240w\" sizes=\"auto, (max-width: 213px) 100vw, 213px\" \/><\/a><p id=\"caption-attachment-6560\" class=\"wp-caption-text\">L&rsquo;Affiche du Salon<\/p><\/div>\n<p>&nbsp;<\/p>\n<p>&nbsp;<\/p>\n<p>&nbsp;<\/p>\n<p style=\"text-align: justify;\">Un reportage de Pascal Georgevail \u00e0 Orl\u00e9ans en novembre dernier nous pr\u00e9sente quelques unes des tr\u00e8s belles r\u00e9alisations pr\u00e9sent\u00e9es lors de cette manifestation.<\/p>\n<p>\u201c<b>Je remercie ces maquettistes (artistes talentueux, du mod\u00e9lisme ferroviaire), pour leurs disponibilit\u00e9s, leurs gentillesses, leurs humilit\u00e9s, lors de nos\u00a0entretiens.\u201d<\/b><\/p>\n<p style=\"text-align: right;\"><em>Pascal G.<\/em><\/p>\n<hr \/>\n<h6 style=\"text-align: left;\"><em>Cliquez sur les images pour les agrandir.<\/em><\/h6>\n<div id=\"attachment_6561\" style=\"width: 310px\" class=\"wp-caption aligncenter\"><a href=\"http:\/\/meriller-vapeur.fr\/wp3\/wp-content\/uploads\/2016\/11\/DSC00003.jpg\" target=\"_blank\"><img loading=\"lazy\" decoding=\"async\" aria-describedby=\"caption-attachment-6561\" class=\"wp-image-6561 size-medium\" src=\"http:\/\/meriller-vapeur.fr\/wp3\/wp-content\/uploads\/2016\/11\/DSC00003-300x225.jpg\" alt=\"dsc00003\" width=\"300\" height=\"225\" srcset=\"https:\/\/meriller-vapeur.fr\/wp3\/wp-content\/uploads\/2016\/11\/DSC00003-300x225.jpg 300w, https:\/\/meriller-vapeur.fr\/wp3\/wp-content\/uploads\/2016\/11\/DSC00003-768x576.jpg 768w, https:\/\/meriller-vapeur.fr\/wp3\/wp-content\/uploads\/2016\/11\/DSC00003-1024x768.jpg 1024w, https:\/\/meriller-vapeur.fr\/wp3\/wp-content\/uploads\/2016\/11\/DSC00003.jpg 1126w\" sizes=\"auto, (max-width: 300px) 100vw, 300px\" \/><\/a><p id=\"caption-attachment-6561\" class=\"wp-caption-text\">AMJL: Prototype de 2D2 5400 (O).<\/p><\/div>\n<div id=\"attachment_6563\" style=\"width: 310px\" class=\"wp-caption aligncenter\"><a href=\"http:\/\/meriller-vapeur.fr\/wp3\/wp-content\/uploads\/2016\/11\/DSC00004.jpg\" target=\"_blank\"><img loading=\"lazy\" decoding=\"async\" aria-describedby=\"caption-attachment-6563\" class=\"wp-image-6563 size-medium\" src=\"http:\/\/meriller-vapeur.fr\/wp3\/wp-content\/uploads\/2016\/11\/DSC00004-300x225.jpg\" alt=\"dsc00004\" width=\"300\" height=\"225\" srcset=\"https:\/\/meriller-vapeur.fr\/wp3\/wp-content\/uploads\/2016\/11\/DSC00004-300x225.jpg 300w, https:\/\/meriller-vapeur.fr\/wp3\/wp-content\/uploads\/2016\/11\/DSC00004-768x576.jpg 768w, https:\/\/meriller-vapeur.fr\/wp3\/wp-content\/uploads\/2016\/11\/DSC00004-1024x768.jpg 1024w, https:\/\/meriller-vapeur.fr\/wp3\/wp-content\/uploads\/2016\/11\/DSC00004.jpg 1126w\" sizes=\"auto, (max-width: 300px) 100vw, 300px\" \/><\/a><p id=\"caption-attachment-6563\" class=\"wp-caption-text\">AMJL: BB 22247 (O).<\/p><\/div>\n<div id=\"attachment_6564\" style=\"width: 310px\" class=\"wp-caption aligncenter\"><a href=\"http:\/\/meriller-vapeur.fr\/wp3\/wp-content\/uploads\/2016\/11\/DSC00033.jpg\" target=\"_blank\"><img loading=\"lazy\" decoding=\"async\" aria-describedby=\"caption-attachment-6564\" class=\"wp-image-6564 size-medium\" src=\"http:\/\/meriller-vapeur.fr\/wp3\/wp-content\/uploads\/2016\/11\/DSC00033-300x225.jpg\" alt=\"dsc00033\" width=\"300\" height=\"225\" srcset=\"https:\/\/meriller-vapeur.fr\/wp3\/wp-content\/uploads\/2016\/11\/DSC00033-300x225.jpg 300w, https:\/\/meriller-vapeur.fr\/wp3\/wp-content\/uploads\/2016\/11\/DSC00033-768x576.jpg 768w, https:\/\/meriller-vapeur.fr\/wp3\/wp-content\/uploads\/2016\/11\/DSC00033-1024x768.jpg 1024w, https:\/\/meriller-vapeur.fr\/wp3\/wp-content\/uploads\/2016\/11\/DSC00033.jpg 1126w\" sizes=\"auto, (max-width: 300px) 100vw, 300px\" \/><\/a><p id=\"caption-attachment-6564\" class=\"wp-caption-text\">&lt;&lt; Le d\u00e9p\u00f4t vapeur de Fabienne &amp; Christophe &gt;&gt; R\u00e9seau modulaire en HO.<\/p><\/div>\n<div id=\"attachment_6567\" style=\"width: 310px\" class=\"wp-caption aligncenter\"><a href=\"http:\/\/meriller-vapeur.fr\/wp3\/wp-content\/uploads\/2016\/11\/DSC00066.jpg\" target=\"_blank\"><img loading=\"lazy\" decoding=\"async\" aria-describedby=\"caption-attachment-6567\" class=\"wp-image-6567 size-medium\" src=\"http:\/\/meriller-vapeur.fr\/wp3\/wp-content\/uploads\/2016\/11\/DSC00066-300x225.jpg\" alt=\"dsc00066\" width=\"300\" height=\"225\" srcset=\"https:\/\/meriller-vapeur.fr\/wp3\/wp-content\/uploads\/2016\/11\/DSC00066-300x225.jpg 300w, https:\/\/meriller-vapeur.fr\/wp3\/wp-content\/uploads\/2016\/11\/DSC00066-768x576.jpg 768w, https:\/\/meriller-vapeur.fr\/wp3\/wp-content\/uploads\/2016\/11\/DSC00066-1024x768.jpg 1024w, https:\/\/meriller-vapeur.fr\/wp3\/wp-content\/uploads\/2016\/11\/DSC00066.jpg 1126w\" sizes=\"auto, (max-width: 300px) 100vw, 300px\" \/><\/a><p id=\"caption-attachment-6567\" class=\"wp-caption-text\">&lt;&lt; Club Arc en Ciel &gt;&gt; (Maison Alfort) \u00a0\u00bb La gare de M\u00e2lain \u00a0\u00bb R\u00e9seau modulaire r\u00e9alis\u00e9 par des maquettistes passionn\u00e9s et talentueux.<\/p><\/div>\n<div id=\"attachment_6568\" style=\"width: 310px\" class=\"wp-caption aligncenter\"><a href=\"http:\/\/meriller-vapeur.fr\/wp3\/wp-content\/uploads\/2016\/11\/DSC00067.jpg\" target=\"_blank\"><img loading=\"lazy\" decoding=\"async\" aria-describedby=\"caption-attachment-6568\" class=\"wp-image-6568 size-medium\" src=\"http:\/\/meriller-vapeur.fr\/wp3\/wp-content\/uploads\/2016\/11\/DSC00067-300x225.jpg\" alt=\"dsc00067\" width=\"300\" height=\"225\" srcset=\"https:\/\/meriller-vapeur.fr\/wp3\/wp-content\/uploads\/2016\/11\/DSC00067-300x225.jpg 300w, https:\/\/meriller-vapeur.fr\/wp3\/wp-content\/uploads\/2016\/11\/DSC00067-768x576.jpg 768w, https:\/\/meriller-vapeur.fr\/wp3\/wp-content\/uploads\/2016\/11\/DSC00067-1024x768.jpg 1024w, https:\/\/meriller-vapeur.fr\/wp3\/wp-content\/uploads\/2016\/11\/DSC00067.jpg 1126w\" sizes=\"auto, (max-width: 300px) 100vw, 300px\" \/><\/a><p id=\"caption-attachment-6568\" class=\"wp-caption-text\">\u00a0\u00bb La gare de M\u00e2lain\u00a0\u00bb Un d\u00e9cor soign\u00e9 : Utilisation du Grassmaster avec diff\u00e9rente hauteur de fibre, reproduisant la v\u00e9g\u00e9tation, d&rsquo;un r\u00e9alisme saississant,\u00a0au abord de la voie.<\/p><\/div>\n<div id=\"attachment_6569\" style=\"width: 310px\" class=\"wp-caption aligncenter\"><a href=\"http:\/\/meriller-vapeur.fr\/wp3\/wp-content\/uploads\/2016\/11\/DSC00069.jpg\" target=\"_blank\"><img loading=\"lazy\" decoding=\"async\" aria-describedby=\"caption-attachment-6569\" class=\"wp-image-6569 size-medium\" src=\"http:\/\/meriller-vapeur.fr\/wp3\/wp-content\/uploads\/2016\/11\/DSC00069-300x225.jpg\" alt=\"dsc00069\" width=\"300\" height=\"225\" srcset=\"https:\/\/meriller-vapeur.fr\/wp3\/wp-content\/uploads\/2016\/11\/DSC00069-300x225.jpg 300w, https:\/\/meriller-vapeur.fr\/wp3\/wp-content\/uploads\/2016\/11\/DSC00069-768x576.jpg 768w, https:\/\/meriller-vapeur.fr\/wp3\/wp-content\/uploads\/2016\/11\/DSC00069-1024x768.jpg 1024w, https:\/\/meriller-vapeur.fr\/wp3\/wp-content\/uploads\/2016\/11\/DSC00069.jpg 1126w\" sizes=\"auto, (max-width: 300px) 100vw, 300px\" \/><\/a><p id=\"caption-attachment-6569\" class=\"wp-caption-text\">Mur de sout\u00e8nement et rocher en pl\u00e2tre, une l\u00e9g\u00e8re patine, permettent d&rsquo;obtenir un relief r\u00e9aliste et pr\u00e9cis.<\/p><\/div>\n<div id=\"attachment_6570\" style=\"width: 310px\" class=\"wp-caption aligncenter\"><a href=\"http:\/\/meriller-vapeur.fr\/wp3\/wp-content\/uploads\/2016\/11\/DSC00073.jpg\" target=\"_blank\"><img loading=\"lazy\" decoding=\"async\" aria-describedby=\"caption-attachment-6570\" class=\"wp-image-6570 size-medium\" src=\"http:\/\/meriller-vapeur.fr\/wp3\/wp-content\/uploads\/2016\/11\/DSC00073-300x225.jpg\" alt=\"dsc00073\" width=\"300\" height=\"225\" srcset=\"https:\/\/meriller-vapeur.fr\/wp3\/wp-content\/uploads\/2016\/11\/DSC00073-300x225.jpg 300w, https:\/\/meriller-vapeur.fr\/wp3\/wp-content\/uploads\/2016\/11\/DSC00073-768x576.jpg 768w, https:\/\/meriller-vapeur.fr\/wp3\/wp-content\/uploads\/2016\/11\/DSC00073-1024x768.jpg 1024w, https:\/\/meriller-vapeur.fr\/wp3\/wp-content\/uploads\/2016\/11\/DSC00073.jpg 1126w\" sizes=\"auto, (max-width: 300px) 100vw, 300px\" \/><\/a><p id=\"caption-attachment-6570\" class=\"wp-caption-text\">Grange r\u00e9alis\u00e9e en pl\u00e2tre synth\u00e9tique, elle figure sur le cite r\u00e9elle. Magnifiquement r\u00e9alis\u00e9 avec soin et strictement \u00e0 l&rsquo;\u00e9chelle du 87 i\u00e8me.<\/p><\/div>\n<div id=\"attachment_6571\" style=\"width: 235px\" class=\"wp-caption aligncenter\"><a href=\"http:\/\/meriller-vapeur.fr\/wp3\/wp-content\/uploads\/2016\/11\/DSC00076.jpg\" target=\"_blank\"><img loading=\"lazy\" decoding=\"async\" aria-describedby=\"caption-attachment-6571\" class=\"wp-image-6571 size-medium\" src=\"http:\/\/meriller-vapeur.fr\/wp3\/wp-content\/uploads\/2016\/11\/DSC00076-225x300.jpg\" alt=\"dsc00076\" width=\"225\" height=\"300\" srcset=\"https:\/\/meriller-vapeur.fr\/wp3\/wp-content\/uploads\/2016\/11\/DSC00076-225x300.jpg 225w, https:\/\/meriller-vapeur.fr\/wp3\/wp-content\/uploads\/2016\/11\/DSC00076-768x1024.jpg 768w, https:\/\/meriller-vapeur.fr\/wp3\/wp-content\/uploads\/2016\/11\/DSC00076.jpg 845w\" sizes=\"auto, (max-width: 225px) 100vw, 225px\" \/><\/a><p id=\"caption-attachment-6571\" class=\"wp-caption-text\">Vue d&rsquo;ensemble de cette magnifique maquette. Assemblage de la structure du showcase\u00a0\u00e0 la perfection.<\/p><\/div>\n<div id=\"attachment_6572\" style=\"width: 235px\" class=\"wp-caption aligncenter\"><a href=\"http:\/\/meriller-vapeur.fr\/wp3\/wp-content\/uploads\/2016\/11\/DSC00078.jpg\" target=\"_blank\"><img loading=\"lazy\" decoding=\"async\" aria-describedby=\"caption-attachment-6572\" class=\"wp-image-6572 size-medium\" src=\"http:\/\/meriller-vapeur.fr\/wp3\/wp-content\/uploads\/2016\/11\/DSC00078-225x300.jpg\" alt=\"dsc00078\" width=\"225\" height=\"300\" srcset=\"https:\/\/meriller-vapeur.fr\/wp3\/wp-content\/uploads\/2016\/11\/DSC00078-225x300.jpg 225w, https:\/\/meriller-vapeur.fr\/wp3\/wp-content\/uploads\/2016\/11\/DSC00078-768x1024.jpg 768w, https:\/\/meriller-vapeur.fr\/wp3\/wp-content\/uploads\/2016\/11\/DSC00078.jpg 845w\" sizes=\"auto, (max-width: 225px) 100vw, 225px\" \/><\/a><p id=\"caption-attachment-6572\" class=\"wp-caption-text\">Jonction entre deux modules : Notez l\u2019absence de plaquette cuivr\u00e9e (souvent disgracieuse sur un r\u00e9seau). Utilisation de la voie en code 75, pose du ballast r\u00e9guli\u00e8re, une granulom\u00e9trie \u00e0 l&rsquo;\u00e9chelle, r\u00e9alisation du chemin de voie&#8230; Du grand art,\u00a0dans le soucis du d\u00e9tail.<\/p><\/div>\n<div id=\"attachment_6574\" style=\"width: 310px\" class=\"wp-caption aligncenter\"><a href=\"http:\/\/meriller-vapeur.fr\/wp3\/wp-content\/uploads\/2016\/11\/DSC00084.jpg\" target=\"_blank\"><img loading=\"lazy\" decoding=\"async\" aria-describedby=\"caption-attachment-6574\" class=\"wp-image-6574 size-medium\" src=\"http:\/\/meriller-vapeur.fr\/wp3\/wp-content\/uploads\/2016\/11\/DSC00084-300x225.jpg\" alt=\"dsc00084\" width=\"300\" height=\"225\" srcset=\"https:\/\/meriller-vapeur.fr\/wp3\/wp-content\/uploads\/2016\/11\/DSC00084-300x225.jpg 300w, https:\/\/meriller-vapeur.fr\/wp3\/wp-content\/uploads\/2016\/11\/DSC00084-768x576.jpg 768w, https:\/\/meriller-vapeur.fr\/wp3\/wp-content\/uploads\/2016\/11\/DSC00084-1024x768.jpg 1024w, https:\/\/meriller-vapeur.fr\/wp3\/wp-content\/uploads\/2016\/11\/DSC00084.jpg 1126w\" sizes=\"auto, (max-width: 300px) 100vw, 300px\" \/><\/a><p id=\"caption-attachment-6574\" class=\"wp-caption-text\">La voie est parfaitement align\u00e9e (utilisation des gabarits TRACKSETTA), respect de l&rsquo;\u00e9catement entre voie, par rapport \u00e0 l&rsquo;\u00e9chelle.<\/p><\/div>\n<div id=\"attachment_6575\" style=\"width: 310px\" class=\"wp-caption aligncenter\"><a href=\"http:\/\/meriller-vapeur.fr\/wp3\/wp-content\/uploads\/2016\/11\/DSC00080.jpg\" target=\"_blank\"><img loading=\"lazy\" decoding=\"async\" aria-describedby=\"caption-attachment-6575\" class=\"wp-image-6575 size-medium\" src=\"http:\/\/meriller-vapeur.fr\/wp3\/wp-content\/uploads\/2016\/11\/DSC00080-300x225.jpg\" alt=\"dsc00080\" width=\"300\" height=\"225\" srcset=\"https:\/\/meriller-vapeur.fr\/wp3\/wp-content\/uploads\/2016\/11\/DSC00080-300x225.jpg 300w, https:\/\/meriller-vapeur.fr\/wp3\/wp-content\/uploads\/2016\/11\/DSC00080-768x576.jpg 768w, https:\/\/meriller-vapeur.fr\/wp3\/wp-content\/uploads\/2016\/11\/DSC00080-1024x768.jpg 1024w, https:\/\/meriller-vapeur.fr\/wp3\/wp-content\/uploads\/2016\/11\/DSC00080.jpg 1126w\" sizes=\"auto, (max-width: 300px) 100vw, 300px\" \/><\/a><p id=\"caption-attachment-6575\" class=\"wp-caption-text\">Portique DECAPOD (kit laiton \u00e0 construire). Deux portiques\u00a0soud\u00e9s, 4 voies, figurent sur le r\u00e9seau. Assembl\u00e9s et peints m\u00e9ticuleusement,\u00a0ce sont des \u00e9l\u00e9ments qui agr\u00e9mente le d\u00e9cor de la voie. La reproduction de la v\u00e9g\u00e9tation est digne d&rsquo;\u00e9loge.<\/p><\/div>\n<div id=\"attachment_6576\" style=\"width: 310px\" class=\"wp-caption aligncenter\"><a href=\"http:\/\/meriller-vapeur.fr\/wp3\/wp-content\/uploads\/2016\/11\/DSC00075.jpg\" target=\"_blank\"><img loading=\"lazy\" decoding=\"async\" aria-describedby=\"caption-attachment-6576\" class=\"wp-image-6576 size-medium\" src=\"http:\/\/meriller-vapeur.fr\/wp3\/wp-content\/uploads\/2016\/11\/DSC00075-300x225.jpg\" alt=\"dsc00075\" width=\"300\" height=\"225\" srcset=\"https:\/\/meriller-vapeur.fr\/wp3\/wp-content\/uploads\/2016\/11\/DSC00075-300x225.jpg 300w, https:\/\/meriller-vapeur.fr\/wp3\/wp-content\/uploads\/2016\/11\/DSC00075-768x576.jpg 768w, https:\/\/meriller-vapeur.fr\/wp3\/wp-content\/uploads\/2016\/11\/DSC00075-1024x768.jpg 1024w, https:\/\/meriller-vapeur.fr\/wp3\/wp-content\/uploads\/2016\/11\/DSC00075.jpg 1126w\" sizes=\"auto, (max-width: 300px) 100vw, 300px\" \/><\/a><p id=\"caption-attachment-6576\" class=\"wp-caption-text\">Cat\u00e9naire finement r\u00e9alis\u00e9e, r\u00e9ellement tendue, sur poteau JV retravaill\u00e9. Le r\u00e9seau est constitu\u00e9 de\u00a04 modules de 40 cm x 125 cm, avec coulisse comportant 7 voies.<\/p><\/div>\n<div id=\"attachment_6577\" style=\"width: 310px\" class=\"wp-caption aligncenter\"><a href=\"http:\/\/meriller-vapeur.fr\/wp3\/wp-content\/uploads\/2016\/11\/DSC00083.jpg\" target=\"_blank\"><img loading=\"lazy\" decoding=\"async\" aria-describedby=\"caption-attachment-6577\" class=\"wp-image-6577 size-medium\" src=\"http:\/\/meriller-vapeur.fr\/wp3\/wp-content\/uploads\/2016\/11\/DSC00083-300x225.jpg\" alt=\"dsc00083\" width=\"300\" height=\"225\" srcset=\"https:\/\/meriller-vapeur.fr\/wp3\/wp-content\/uploads\/2016\/11\/DSC00083-300x225.jpg 300w, https:\/\/meriller-vapeur.fr\/wp3\/wp-content\/uploads\/2016\/11\/DSC00083-768x576.jpg 768w, https:\/\/meriller-vapeur.fr\/wp3\/wp-content\/uploads\/2016\/11\/DSC00083-1024x768.jpg 1024w, https:\/\/meriller-vapeur.fr\/wp3\/wp-content\/uploads\/2016\/11\/DSC00083.jpg 1126w\" sizes=\"auto, (max-width: 300px) 100vw, 300px\" \/><\/a><p id=\"caption-attachment-6577\" class=\"wp-caption-text\">Ruisseau reproduit \u00e0 la perfection<\/p><\/div>\n<p><b>Merci au reporter pour ces belles images et leurs commentaires!<\/b><\/p>\n<p>&nbsp;<\/p>\n<p>&nbsp;<\/p>\n<div class=\"pvc_clear\"><\/div>\n<p id=\"pvc_stats_6559\" class=\"pvc_stats all  \" data-element-id=\"6559\" style=\"\"><i class=\"pvc-stats-icon medium\" aria-hidden=\"true\"><svg aria-hidden=\"true\" focusable=\"false\" data-prefix=\"far\" data-icon=\"chart-bar\" role=\"img\" xmlns=\"http:\/\/www.w3.org\/2000\/svg\" viewBox=\"0 0 512 512\" class=\"svg-inline--fa fa-chart-bar fa-w-16 fa-2x\"><path fill=\"currentColor\" d=\"M396.8 352h22.4c6.4 0 12.8-6.4 12.8-12.8V108.8c0-6.4-6.4-12.8-12.8-12.8h-22.4c-6.4 0-12.8 6.4-12.8 12.8v230.4c0 6.4 6.4 12.8 12.8 12.8zm-192 0h22.4c6.4 0 12.8-6.4 12.8-12.8V140.8c0-6.4-6.4-12.8-12.8-12.8h-22.4c-6.4 0-12.8 6.4-12.8 12.8v198.4c0 6.4 6.4 12.8 12.8 12.8zm96 0h22.4c6.4 0 12.8-6.4 12.8-12.8V204.8c0-6.4-6.4-12.8-12.8-12.8h-22.4c-6.4 0-12.8 6.4-12.8 12.8v134.4c0 6.4 6.4 12.8 12.8 12.8zM496 400H48V80c0-8.84-7.16-16-16-16H16C7.16 64 0 71.16 0 80v336c0 17.67 14.33 32 32 32h464c8.84 0 16-7.16 16-16v-16c0-8.84-7.16-16-16-16zm-387.2-48h22.4c6.4 0 12.8-6.4 12.8-12.8v-70.4c0-6.4-6.4-12.8-12.8-12.8h-22.4c-6.4 0-12.8 6.4-12.8 12.8v70.4c0 6.4 6.4 12.8 12.8 12.8z\" class=\"\"><\/path><\/svg><\/i> <img loading=\"lazy\" decoding=\"async\" width=\"16\" height=\"16\" alt=\"Loading\" src=\"https:\/\/meriller-vapeur.fr\/wp3\/wp-content\/plugins\/page-views-count\/ajax-loader-2x.gif\" border=0 \/><\/p>\n<div class=\"pvc_clear\"><\/div>\n","protected":false},"excerpt":{"rendered":"<p>&nbsp; &nbsp; &nbsp; Un reportage de Pascal Georgevail \u00e0 Orl\u00e9ans en novembre dernier nous pr\u00e9sente quelques unes des tr\u00e8s belles r\u00e9alisations pr\u00e9sent\u00e9es lors de cette manifestation. \u201cJe remercie ces maquettistes (artistes talentueux, du mod\u00e9lisme ferroviaire), pour leurs disponibilit\u00e9s, leurs gentillesses, leurs humilit\u00e9s, lors de nos\u00a0entretiens.\u201d Pascal G. Cliquez sur les images pour les agrandir. Merci\u2026 <span class=\"read-more\"><a href=\"https:\/\/meriller-vapeur.fr\/wp3\/?page_id=6559\">Read More &raquo;<\/a><\/span><\/p>\n<div class=\"pvc_clear\"><\/div>\n<p id=\"pvc_stats_6559\" class=\"pvc_stats all  \" data-element-id=\"6559\" style=\"\"><i class=\"pvc-stats-icon medium\" aria-hidden=\"true\"><svg aria-hidden=\"true\" focusable=\"false\" data-prefix=\"far\" data-icon=\"chart-bar\" role=\"img\" xmlns=\"http:\/\/www.w3.org\/2000\/svg\" viewBox=\"0 0 512 512\" class=\"svg-inline--fa fa-chart-bar fa-w-16 fa-2x\"><path fill=\"currentColor\" d=\"M396.8 352h22.4c6.4 0 12.8-6.4 12.8-12.8V108.8c0-6.4-6.4-12.8-12.8-12.8h-22.4c-6.4 0-12.8 6.4-12.8 12.8v230.4c0 6.4 6.4 12.8 12.8 12.8zm-192 0h22.4c6.4 0 12.8-6.4 12.8-12.8V140.8c0-6.4-6.4-12.8-12.8-12.8h-22.4c-6.4 0-12.8 6.4-12.8 12.8v198.4c0 6.4 6.4 12.8 12.8 12.8zm96 0h22.4c6.4 0 12.8-6.4 12.8-12.8V204.8c0-6.4-6.4-12.8-12.8-12.8h-22.4c-6.4 0-12.8 6.4-12.8 12.8v134.4c0 6.4 6.4 12.8 12.8 12.8zM496 400H48V80c0-8.84-7.16-16-16-16H16C7.16 64 0 71.16 0 80v336c0 17.67 14.33 32 32 32h464c8.84 0 16-7.16 16-16v-16c0-8.84-7.16-16-16-16zm-387.2-48h22.4c6.4 0 12.8-6.4 12.8-12.8v-70.4c0-6.4-6.4-12.8-12.8-12.8h-22.4c-6.4 0-12.8 6.4-12.8 12.8v70.4c0 6.4 6.4 12.8 12.8 12.8z\" class=\"\"><\/path><\/svg><\/i> <img loading=\"lazy\" decoding=\"async\" width=\"16\" height=\"16\" alt=\"Loading\" src=\"https:\/\/meriller-vapeur.fr\/wp3\/wp-content\/plugins\/page-views-count\/ajax-loader-2x.gif\" border=0 \/><\/p>\n<div class=\"pvc_clear\"><\/div>\n","protected":false},"author":1,"featured_media":0,"parent":0,"menu_order":0,"comment_status":"closed","ping_status":"closed","template":"","meta":{"footnotes":""},"class_list":["post-6559","page","type-page","status-publish","hentry"],"a3_pvc":{"activated":true,"total_views":966,"today_views":0},"_links":{"self":[{"href":"https:\/\/meriller-vapeur.fr\/wp3\/index.php?rest_route=\/wp\/v2\/pages\/6559","targetHints":{"allow":["GET"]}}],"collection":[{"href":"https:\/\/meriller-vapeur.fr\/wp3\/index.php?rest_route=\/wp\/v2\/pages"}],"about":[{"href":"https:\/\/meriller-vapeur.fr\/wp3\/index.php?rest_route=\/wp\/v2\/types\/page"}],"author":[{"embeddable":true,"href":"https:\/\/meriller-vapeur.fr\/wp3\/index.php?rest_route=\/wp\/v2\/users\/1"}],"replies":[{"embeddable":true,"href":"https:\/\/meriller-vapeur.fr\/wp3\/index.php?rest_route=%2Fwp%2Fv2%2Fcomments&post=6559"}],"version-history":[{"count":0,"href":"https:\/\/meriller-vapeur.fr\/wp3\/index.php?rest_route=\/wp\/v2\/pages\/6559\/revisions"}],"wp:attachment":[{"href":"https:\/\/meriller-vapeur.fr\/wp3\/index.php?rest_route=%2Fwp%2Fv2%2Fmedia&parent=6559"}],"curies":[{"name":"wp","href":"https:\/\/api.w.org\/{rel}","templated":true}]}}