{"id":6505,"date":"2016-11-11T14:16:11","date_gmt":"2016-11-11T13:16:11","guid":{"rendered":"http:\/\/meriller-vapeur.fr\/wp3\/?page_id=6505"},"modified":"2016-11-11T15:04:40","modified_gmt":"2016-11-11T14:04:40","slug":"le-reseau-h0e-de-yannick-marouby","status":"publish","type":"page","link":"https:\/\/meriller-vapeur.fr\/wp3\/?page_id=6505","title":{"rendered":"Le r\u00e9seau H0e de Yannick Marouby"},"content":{"rendered":"<div>Voici\u00a0une s\u00e9rie de photos sur le r\u00e9seau H0e que Yannick Marouby est en train de r\u00e9aliser.<\/div>\n<div>Il nous les a adress\u00e9es afin de les mettre sur le site dans la Rubrique \u00a0\u00ab\u00a0r\u00e9seau des adh\u00e9rents\u00a0\u00bb.<\/div>\n<div>Voici la pr\u00e9sentation qu\u2019il en fait\u00a0:<\/div>\n<div><em>\u00ab\u00a0Le r\u00e9seau\u00a0s&rsquo;inspire du mod\u00e8le propos\u00e9 dans dans \u00ab\u00a0Cl\u00e9 pour le train miniature mais j&rsquo;ai pris quelques libert\u00e9s.<\/em><\/div>\n<div><em>Il est loin d&rsquo;\u00eatre fini mais la structure g\u00e9n\u00e9rale se dessine. Je suis un peu bloqu\u00e9 car j\u2019ai command\u00e9 des voies HOe mais je ne les ai toujours pas re\u00e7ues.<\/em><\/div>\n<div><em>J&rsquo;enverrai d&rsquo;autres photos au fur et \u00e0 mesure de mon avancement.\u00a0\u00bb<\/em><\/div>\n<div>\n<hr \/>\n<\/div>\n<div><em><strong>R\u00e9alisation d&rsquo;un r\u00e9seau HOe sur la base du 5\u00e8me r\u00e9seau pr\u00e9sent\u00e9 dans la revue \u00ab\u00a0Cl\u00e9s pour le train miniature\u00a0\u00bb \u00e0 partir du n\u00b025.<\/strong><\/em><\/div>\n<div>\n<p><strong>Les principales \u00e9tapes de r\u00e9alisation en photo <\/strong><em>(cliquer pour agrandir)\u00a0<\/em><strong>:\u00a0<\/strong><\/p>\n<p><strong>1-Support r\u00e9seau 1 :\u00a0<\/strong>Cr\u00e9ation du support du r\u00e9seau : caisson en contre plaqu\u00e9 de 10 mm + plateforme en polystyr\u00e8ne extrud\u00e9 de 2cm &#8211; vue de dessus<a href=\"http:\/\/meriller-vapeur.fr\/wp3\/wp-content\/uploads\/2016\/11\/1-Support-r\u00e9seau-1.jpg\"><img loading=\"lazy\" decoding=\"async\" class=\"aligncenter size-medium wp-image-6516\" src=\"http:\/\/meriller-vapeur.fr\/wp3\/wp-content\/uploads\/2016\/11\/1-Support-r\u00e9seau-1-300x225.jpg\" alt=\"1-support-reseau-1\" width=\"300\" height=\"225\" srcset=\"https:\/\/meriller-vapeur.fr\/wp3\/wp-content\/uploads\/2016\/11\/1-Support-r\u00e9seau-1-300x225.jpg 300w, https:\/\/meriller-vapeur.fr\/wp3\/wp-content\/uploads\/2016\/11\/1-Support-r\u00e9seau-1-768x576.jpg 768w, https:\/\/meriller-vapeur.fr\/wp3\/wp-content\/uploads\/2016\/11\/1-Support-r\u00e9seau-1-1024x768.jpg 1024w, https:\/\/meriller-vapeur.fr\/wp3\/wp-content\/uploads\/2016\/11\/1-Support-r\u00e9seau-1.jpg 1306w\" sizes=\"auto, (max-width: 300px) 100vw, 300px\" \/><\/a><\/p>\n<p><strong>1-support r\u00e9seau 2 :\u00a0<\/strong>Cr\u00e9ation du support du r\u00e9seau : caisson en contre plaqu\u00e9 de 10 mm + plateforme en polystyr\u00e8ne extrud\u00e9 de 2cm &#8211; vue de dessous<a href=\"http:\/\/meriller-vapeur.fr\/wp3\/wp-content\/uploads\/2016\/11\/1-support-r\u00e9seau-2.jpg\"><img loading=\"lazy\" decoding=\"async\" class=\"aligncenter size-medium wp-image-6517\" src=\"http:\/\/meriller-vapeur.fr\/wp3\/wp-content\/uploads\/2016\/11\/1-support-r\u00e9seau-2-300x225.jpg\" alt=\"1-support-reseau-2\" width=\"300\" height=\"225\" srcset=\"https:\/\/meriller-vapeur.fr\/wp3\/wp-content\/uploads\/2016\/11\/1-support-r\u00e9seau-2-300x225.jpg 300w, https:\/\/meriller-vapeur.fr\/wp3\/wp-content\/uploads\/2016\/11\/1-support-r\u00e9seau-2-768x576.jpg 768w, https:\/\/meriller-vapeur.fr\/wp3\/wp-content\/uploads\/2016\/11\/1-support-r\u00e9seau-2-1024x768.jpg 1024w, https:\/\/meriller-vapeur.fr\/wp3\/wp-content\/uploads\/2016\/11\/1-support-r\u00e9seau-2.jpg 1306w\" sizes=\"auto, (max-width: 300px) 100vw, 300px\" \/><\/a><\/p>\n<p><strong>2-relief 1 :\u00a0<\/strong>Rajout des premiers niveaux de reliefs avec des plaques de polystyr\u00e8ne extrud\u00e9es de 2 et 4 cm. Elles sont d\u00e9coup\u00e9es et creus\u00e9es selon les besoins avec cutter, r\u00e2pes, limes, papier de verre&#8230;<a href=\"http:\/\/meriller-vapeur.fr\/wp3\/wp-content\/uploads\/2016\/11\/2-relief-1-1.jpg\"><img loading=\"lazy\" decoding=\"async\" class=\"aligncenter size-medium wp-image-6518\" src=\"http:\/\/meriller-vapeur.fr\/wp3\/wp-content\/uploads\/2016\/11\/2-relief-1-1-300x225.jpg\" alt=\"2-relief-1\" width=\"300\" height=\"225\" srcset=\"https:\/\/meriller-vapeur.fr\/wp3\/wp-content\/uploads\/2016\/11\/2-relief-1-1-300x225.jpg 300w, https:\/\/meriller-vapeur.fr\/wp3\/wp-content\/uploads\/2016\/11\/2-relief-1-1-768x576.jpg 768w, https:\/\/meriller-vapeur.fr\/wp3\/wp-content\/uploads\/2016\/11\/2-relief-1-1-1024x768.jpg 1024w, https:\/\/meriller-vapeur.fr\/wp3\/wp-content\/uploads\/2016\/11\/2-relief-1-1.jpg 1664w\" sizes=\"auto, (max-width: 300px) 100vw, 300px\" \/><\/a><\/p>\n<p>Petites difficult\u00e9s : la r\u00e9alisation des rampes de gauche (dans la plaque de 4cm) et de droite (dans la plaque de 2cm). Mais avec beaucoup de patience, un bon aspirateur et un peu de soin, j&rsquo;ai obtenu 2 rampes r\u00e9guli\u00e8res pr\u00eates \u00e0 recevoir les voies (enfin presque, j&rsquo;ai des doutes sur l&rsquo;inscription en courbe du mat\u00e9riel roulant&#8230;)<\/p>\n<p><strong>2-relief&amp;arbres 1 :\u00a0<\/strong>R\u00e9alisation du fond et du c\u00f4t\u00e9 gauche en contre-plaqu\u00e9 avec d\u00e9coupe d&rsquo;une ouverture pour pouvoir acc\u00e9der \u00e0 la partie sous-terraine du r\u00e9seau puis d\u00e9coupe des rampes sous-terraines dans le polystyr\u00e8ne. <a href=\"http:\/\/meriller-vapeur.fr\/wp3\/wp-content\/uploads\/2016\/11\/2-reliefarbres-1.jpg\"><img loading=\"lazy\" decoding=\"async\" class=\"aligncenter size-medium wp-image-6540\" src=\"http:\/\/meriller-vapeur.fr\/wp3\/wp-content\/uploads\/2016\/11\/2-reliefarbres-1-300x225.jpg\" alt=\"2-reliefarbres-1\" width=\"300\" height=\"225\" srcset=\"https:\/\/meriller-vapeur.fr\/wp3\/wp-content\/uploads\/2016\/11\/2-reliefarbres-1-300x225.jpg 300w, https:\/\/meriller-vapeur.fr\/wp3\/wp-content\/uploads\/2016\/11\/2-reliefarbres-1-768x576.jpg 768w, https:\/\/meriller-vapeur.fr\/wp3\/wp-content\/uploads\/2016\/11\/2-reliefarbres-1-1024x768.jpg 1024w, https:\/\/meriller-vapeur.fr\/wp3\/wp-content\/uploads\/2016\/11\/2-reliefarbres-1.jpg 1664w\" sizes=\"auto, (max-width: 300px) 100vw, 300px\" \/><\/a><\/p>\n<p>Pour sortir un peu du polystyr\u00e8ne qui vole partout, j&rsquo;ai r\u00e9alis\u00e9 2 arbres en zeechium floqu\u00e9 qui prendront place sur mon r\u00e9seau par la suite.<\/p>\n<p><strong>2-relief&amp;arbres 2 :\u00a0<\/strong>A ce stade, le magasine n&rsquo;avait pas encore donn\u00e9 le d\u00e9tail des voies \u00e0 utiliser. Aussi, en attendant de conna\u00eetre la marque et les r\u00e9f\u00e9rences \u00e0 utiliser, j&rsquo;ai proc\u00e9d\u00e9 \u00e0 quelques essais de passage des trains sur des voies en N. Il va falloir sortir la r\u00e2pe pour les inscriptions en courbe.<a href=\"http:\/\/meriller-vapeur.fr\/wp3\/wp-content\/uploads\/2016\/11\/2-reliefarbres-2.jpg\"><img loading=\"lazy\" decoding=\"async\" class=\"aligncenter size-medium wp-image-6519\" src=\"http:\/\/meriller-vapeur.fr\/wp3\/wp-content\/uploads\/2016\/11\/2-reliefarbres-2-300x225.jpg\" alt=\"2-reliefarbres-2\" width=\"300\" height=\"225\" srcset=\"https:\/\/meriller-vapeur.fr\/wp3\/wp-content\/uploads\/2016\/11\/2-reliefarbres-2-300x225.jpg 300w, https:\/\/meriller-vapeur.fr\/wp3\/wp-content\/uploads\/2016\/11\/2-reliefarbres-2-768x576.jpg 768w, https:\/\/meriller-vapeur.fr\/wp3\/wp-content\/uploads\/2016\/11\/2-reliefarbres-2-1024x768.jpg 1024w, https:\/\/meriller-vapeur.fr\/wp3\/wp-content\/uploads\/2016\/11\/2-reliefarbres-2.jpg 1664w\" sizes=\"auto, (max-width: 300px) 100vw, 300px\" \/><\/a><strong>2-relief&amp;cot\u00e9s 1 :\u00a0<\/strong>2 niveaux de relief de plus en polystyr\u00e8ne extrud\u00e9 de 4cm<img loading=\"lazy\" decoding=\"async\" class=\"aligncenter wp-image-6520 size-medium\" src=\"http:\/\/meriller-vapeur.fr\/wp3\/wp-content\/uploads\/2016\/11\/2-reliefcot\u00e9s-1-300x225.jpg\" alt=\"2-reliefcotes-1\" width=\"300\" height=\"225\" srcset=\"https:\/\/meriller-vapeur.fr\/wp3\/wp-content\/uploads\/2016\/11\/2-reliefcot\u00e9s-1-300x225.jpg 300w, https:\/\/meriller-vapeur.fr\/wp3\/wp-content\/uploads\/2016\/11\/2-reliefcot\u00e9s-1-768x576.jpg 768w, https:\/\/meriller-vapeur.fr\/wp3\/wp-content\/uploads\/2016\/11\/2-reliefcot\u00e9s-1-1024x768.jpg 1024w, https:\/\/meriller-vapeur.fr\/wp3\/wp-content\/uploads\/2016\/11\/2-reliefcot\u00e9s-1.jpg 1664w\" sizes=\"auto, (max-width: 300px) 100vw, 300px\" \/><\/p>\n<p><strong>2-relief&amp;cot\u00e9s 2 :\u00a0<\/strong>Vue sur les ouvertures des rampes gauche et arri\u00e8re.<a href=\"http:\/\/meriller-vapeur.fr\/wp3\/wp-content\/uploads\/2016\/11\/2-reliefcot\u00e9s-2.jpg\"><img loading=\"lazy\" decoding=\"async\" class=\"aligncenter size-medium wp-image-6521\" src=\"http:\/\/meriller-vapeur.fr\/wp3\/wp-content\/uploads\/2016\/11\/2-reliefcot\u00e9s-2-300x225.jpg\" alt=\"2-reliefcotes-2\" width=\"300\" height=\"225\" srcset=\"https:\/\/meriller-vapeur.fr\/wp3\/wp-content\/uploads\/2016\/11\/2-reliefcot\u00e9s-2-300x225.jpg 300w, https:\/\/meriller-vapeur.fr\/wp3\/wp-content\/uploads\/2016\/11\/2-reliefcot\u00e9s-2-768x576.jpg 768w, https:\/\/meriller-vapeur.fr\/wp3\/wp-content\/uploads\/2016\/11\/2-reliefcot\u00e9s-2-1024x768.jpg 1024w, https:\/\/meriller-vapeur.fr\/wp3\/wp-content\/uploads\/2016\/11\/2-reliefcot\u00e9s-2.jpg 1664w\" sizes=\"auto, (max-width: 300px) 100vw, 300px\" \/><\/a><\/p>\n<p><strong>3-passage sup\u00e9rieur :\u00a0<\/strong>Sur\u00e9l\u00e9vation du passage sup\u00e9rieure au centre du r\u00e9seau. Non pr\u00e9vue initialement dans le magasine \u00e0 ce stade de la construction, il m&rsquo;a paru n\u00e9cessaire de proc\u00e9der \u00e0 une petite sur\u00e9l\u00e9vation afin de permettre \u00e0 toutes mes locos HOe de pouvoir passer dessous.<a href=\"http:\/\/meriller-vapeur.fr\/wp3\/wp-content\/uploads\/2016\/11\/3-passage-sup\u00e9rieur.jpg\"><img loading=\"lazy\" decoding=\"async\" class=\"aligncenter wp-image-6522 size-medium\" src=\"http:\/\/meriller-vapeur.fr\/wp3\/wp-content\/uploads\/2016\/11\/3-passage-sup\u00e9rieur-300x225.jpg\" alt=\"3-passage-superieur\" width=\"300\" height=\"225\" srcset=\"https:\/\/meriller-vapeur.fr\/wp3\/wp-content\/uploads\/2016\/11\/3-passage-sup\u00e9rieur-300x225.jpg 300w, https:\/\/meriller-vapeur.fr\/wp3\/wp-content\/uploads\/2016\/11\/3-passage-sup\u00e9rieur-768x576.jpg 768w, https:\/\/meriller-vapeur.fr\/wp3\/wp-content\/uploads\/2016\/11\/3-passage-sup\u00e9rieur-1024x768.jpg 1024w, https:\/\/meriller-vapeur.fr\/wp3\/wp-content\/uploads\/2016\/11\/3-passage-sup\u00e9rieur.jpg 1664w\" sizes=\"auto, (max-width: 300px) 100vw, 300px\" \/><\/a><\/p>\n<p><strong>4-rampe acc\u00e8s gare 1 :\u00a0<\/strong>Ma gare allait se retrouver isol\u00e9e dans un encaissement sans voie d&rsquo;acc\u00e8s. J&rsquo;ai donc r\u00e9alis\u00e9 un chemin d&rsquo;acc\u00e8s. Pour cela, j&rsquo;ai utilis\u00e9 des bo\u00eetes \u00e0 \u0153uf mix\u00e9es m\u00e9lang\u00e9es avec un peu d&rsquo;enduit ou de pl\u00e2tre. Le seul inconv\u00e9nient de cette technique est le temps de s\u00e9chage (variable mais peut prendre 2 ou 3 jours jusqu&rsquo;\u00e0 2 \u00e0 3 semaines selon les conditions &#8211; attention au dosage de l&rsquo;eau). Sinon, on obtient une structure tr\u00e8s l\u00e9g\u00e8re et rigide qui a d\u00e9j\u00e0 plus ou moins l&rsquo;aspect de la roche et dont l&rsquo;application est 1000 fois moins salissante que le pl\u00e2tre. En s\u00e9chant, le gris va fortement s&rsquo;estomper pour donner un gris tr\u00e8s clair qui permettra toutes sortes de mise \u00e0 la teinte.<a href=\"http:\/\/meriller-vapeur.fr\/wp3\/wp-content\/uploads\/2016\/11\/4-rampe-acces-gare-1.jpg\"><img loading=\"lazy\" decoding=\"async\" class=\"aligncenter size-medium wp-image-6523\" src=\"http:\/\/meriller-vapeur.fr\/wp3\/wp-content\/uploads\/2016\/11\/4-rampe-acces-gare-1-300x225.jpg\" alt=\"4-rampe-acces-gare-1\" width=\"300\" height=\"225\" srcset=\"https:\/\/meriller-vapeur.fr\/wp3\/wp-content\/uploads\/2016\/11\/4-rampe-acces-gare-1-300x225.jpg 300w, https:\/\/meriller-vapeur.fr\/wp3\/wp-content\/uploads\/2016\/11\/4-rampe-acces-gare-1-768x576.jpg 768w, https:\/\/meriller-vapeur.fr\/wp3\/wp-content\/uploads\/2016\/11\/4-rampe-acces-gare-1-1024x768.jpg 1024w, https:\/\/meriller-vapeur.fr\/wp3\/wp-content\/uploads\/2016\/11\/4-rampe-acces-gare-1.jpg 1664w\" sizes=\"auto, (max-width: 300px) 100vw, 300px\" \/><\/a><\/p>\n<p><strong>4-rampe acc\u00e8s gare 2 :\u00a0<\/strong>Mise en situation avec les quelques \u00e9l\u00e9ments de d\u00e9cor que j&rsquo;ai pu r\u00e9cup\u00e9rer \u00e0 ce stade<a href=\"http:\/\/meriller-vapeur.fr\/wp3\/wp-content\/uploads\/2016\/11\/4-rampe-acces-gare-2.jpg\"><img loading=\"lazy\" decoding=\"async\" class=\"aligncenter size-medium wp-image-6524\" src=\"http:\/\/meriller-vapeur.fr\/wp3\/wp-content\/uploads\/2016\/11\/4-rampe-acces-gare-2-300x225.jpg\" alt=\"4-rampe-acces-gare-2\" width=\"300\" height=\"225\" srcset=\"https:\/\/meriller-vapeur.fr\/wp3\/wp-content\/uploads\/2016\/11\/4-rampe-acces-gare-2-300x225.jpg 300w, https:\/\/meriller-vapeur.fr\/wp3\/wp-content\/uploads\/2016\/11\/4-rampe-acces-gare-2-768x576.jpg 768w, https:\/\/meriller-vapeur.fr\/wp3\/wp-content\/uploads\/2016\/11\/4-rampe-acces-gare-2-1024x768.jpg 1024w, https:\/\/meriller-vapeur.fr\/wp3\/wp-content\/uploads\/2016\/11\/4-rampe-acces-gare-2.jpg 1664w\" sizes=\"auto, (max-width: 300px) 100vw, 300px\" \/><\/a><\/p>\n<p><strong>4-rampe acc\u00e8s gare 3 :\u00a0<\/strong>Autre vue.<a href=\"http:\/\/meriller-vapeur.fr\/wp3\/wp-content\/uploads\/2016\/11\/4-rampe-acces-gare-3.jpg\"><img loading=\"lazy\" decoding=\"async\" class=\"aligncenter size-medium wp-image-6525\" src=\"http:\/\/meriller-vapeur.fr\/wp3\/wp-content\/uploads\/2016\/11\/4-rampe-acces-gare-3-300x225.jpg\" alt=\"4-rampe-acces-gare-3\" width=\"300\" height=\"225\" srcset=\"https:\/\/meriller-vapeur.fr\/wp3\/wp-content\/uploads\/2016\/11\/4-rampe-acces-gare-3-300x225.jpg 300w, https:\/\/meriller-vapeur.fr\/wp3\/wp-content\/uploads\/2016\/11\/4-rampe-acces-gare-3-768x576.jpg 768w, https:\/\/meriller-vapeur.fr\/wp3\/wp-content\/uploads\/2016\/11\/4-rampe-acces-gare-3-1024x768.jpg 1024w, https:\/\/meriller-vapeur.fr\/wp3\/wp-content\/uploads\/2016\/11\/4-rampe-acces-gare-3.jpg 1664w\" sizes=\"auto, (max-width: 300px) 100vw, 300px\" \/><\/a><\/p>\n<p><strong>4-rampe acc\u00e8s gare 4 :\u00a0<\/strong>D\u00e9tails du chemin d&rsquo;acc\u00e8s \u00e0 la gare<a href=\"http:\/\/meriller-vapeur.fr\/wp3\/wp-content\/uploads\/2016\/11\/4-rampe-acces-gare-4.jpg\"><img loading=\"lazy\" decoding=\"async\" class=\"aligncenter size-medium wp-image-6526\" src=\"http:\/\/meriller-vapeur.fr\/wp3\/wp-content\/uploads\/2016\/11\/4-rampe-acces-gare-4-300x225.jpg\" alt=\"4-rampe-acces-gare-4\" width=\"300\" height=\"225\" srcset=\"https:\/\/meriller-vapeur.fr\/wp3\/wp-content\/uploads\/2016\/11\/4-rampe-acces-gare-4-300x225.jpg 300w, https:\/\/meriller-vapeur.fr\/wp3\/wp-content\/uploads\/2016\/11\/4-rampe-acces-gare-4-768x576.jpg 768w, https:\/\/meriller-vapeur.fr\/wp3\/wp-content\/uploads\/2016\/11\/4-rampe-acces-gare-4-1024x768.jpg 1024w, https:\/\/meriller-vapeur.fr\/wp3\/wp-content\/uploads\/2016\/11\/4-rampe-acces-gare-4.jpg 1664w\" sizes=\"auto, (max-width: 300px) 100vw, 300px\" \/><\/a><\/p>\n<p><strong>5-Relief&amp;mine 1 :\u00a0<\/strong>La configuration finale du r\u00e9seau se pr\u00e9cise. Je prends quelques libert\u00e9 par rapport au magasine :<a href=\"http:\/\/meriller-vapeur.fr\/wp3\/wp-content\/uploads\/2016\/11\/5-Reliefmine-1.jpg\"><img loading=\"lazy\" decoding=\"async\" class=\"aligncenter size-medium wp-image-6527\" src=\"http:\/\/meriller-vapeur.fr\/wp3\/wp-content\/uploads\/2016\/11\/5-Reliefmine-1-300x225.jpg\" alt=\"5-reliefmine-1\" width=\"300\" height=\"225\" srcset=\"https:\/\/meriller-vapeur.fr\/wp3\/wp-content\/uploads\/2016\/11\/5-Reliefmine-1-300x225.jpg 300w, https:\/\/meriller-vapeur.fr\/wp3\/wp-content\/uploads\/2016\/11\/5-Reliefmine-1-768x576.jpg 768w, https:\/\/meriller-vapeur.fr\/wp3\/wp-content\/uploads\/2016\/11\/5-Reliefmine-1-1024x768.jpg 1024w, https:\/\/meriller-vapeur.fr\/wp3\/wp-content\/uploads\/2016\/11\/5-Reliefmine-1.jpg 1664w\" sizes=\"auto, (max-width: 300px) 100vw, 300px\" \/><\/a><\/p>\n<p>&#8211; Au fond, en arri\u00e8re plan, j&rsquo;ai taill\u00e9 dans un gros bloc de polystyr\u00e8ne extrud\u00e9 une structure montagneuse.<br \/>\n&#8211; Au premier plan \u00e0 droite, j&rsquo;ai transform\u00e9 une voie de garage en embranchement particulier vers une mine. L&rsquo;entr\u00e9e est un mod\u00e8le Colinter pour \u00e9chelle HOe\/HOm\/N r\u00e9cup\u00e9r\u00e9e \u00e0 Orl\u00e9ans en &#8230;2012&#8230;<\/p>\n<p><strong>5-Relief&amp;mine 2 :\u00a0<\/strong>Vue de face de l&rsquo;entr\u00e9e de la mine.<a href=\"http:\/\/meriller-vapeur.fr\/wp3\/wp-content\/uploads\/2016\/11\/5-Reliefmine-2.jpg\"><img loading=\"lazy\" decoding=\"async\" class=\"aligncenter size-medium wp-image-6528\" src=\"http:\/\/meriller-vapeur.fr\/wp3\/wp-content\/uploads\/2016\/11\/5-Reliefmine-2-300x225.jpg\" alt=\"5-reliefmine-2\" width=\"300\" height=\"225\" srcset=\"https:\/\/meriller-vapeur.fr\/wp3\/wp-content\/uploads\/2016\/11\/5-Reliefmine-2-300x225.jpg 300w, https:\/\/meriller-vapeur.fr\/wp3\/wp-content\/uploads\/2016\/11\/5-Reliefmine-2-768x576.jpg 768w, https:\/\/meriller-vapeur.fr\/wp3\/wp-content\/uploads\/2016\/11\/5-Reliefmine-2-1024x768.jpg 1024w, https:\/\/meriller-vapeur.fr\/wp3\/wp-content\/uploads\/2016\/11\/5-Reliefmine-2.jpg 1664w\" sizes=\"auto, (max-width: 300px) 100vw, 300px\" \/><\/a><\/p>\n<p><strong>5-Relief&amp;mine 3 :\u00a0<\/strong>Vue d&rsquo;ensemble. Les rails sont toujours en N en attendant les PECO HOe.<a href=\"http:\/\/meriller-vapeur.fr\/wp3\/wp-content\/uploads\/2016\/11\/5-Reliefmine-3.jpg\"><img loading=\"lazy\" decoding=\"async\" class=\"aligncenter size-medium wp-image-6529\" src=\"http:\/\/meriller-vapeur.fr\/wp3\/wp-content\/uploads\/2016\/11\/5-Reliefmine-3-300x225.jpg\" alt=\"5-reliefmine-3\" width=\"300\" height=\"225\" srcset=\"https:\/\/meriller-vapeur.fr\/wp3\/wp-content\/uploads\/2016\/11\/5-Reliefmine-3-300x225.jpg 300w, https:\/\/meriller-vapeur.fr\/wp3\/wp-content\/uploads\/2016\/11\/5-Reliefmine-3-768x576.jpg 768w, https:\/\/meriller-vapeur.fr\/wp3\/wp-content\/uploads\/2016\/11\/5-Reliefmine-3-1024x768.jpg 1024w, https:\/\/meriller-vapeur.fr\/wp3\/wp-content\/uploads\/2016\/11\/5-Reliefmine-3.jpg 1664w\" sizes=\"auto, (max-width: 300px) 100vw, 300px\" \/><\/a><\/p>\n<p>Au fond \u00e0 droite, un chalet en N pour donner un effet de perspective.<br \/>\nLes voitures ATLAS aux 1\/87\u00e8me sortent enfin de leur tiroir. Une bonne 1\/2 douzaine de v\u00e9hicules de 1934 \u00e0 1949. C&rsquo;est largement suffisant pour l&rsquo;\u00e9poque et la taille du r\u00e9seau.<\/p>\n<p><strong>6-Pont routier :\u00a0<\/strong>Autre libert\u00e9 prise sur le magasine, un pont routier au-dessus de la voie ferr\u00e9e \u00e0 gauche de la gare. C&rsquo;est une r\u00e9alisation int\u00e9grale en calendrier cartonn\u00e9 et d\u00e9pron grav\u00e9. Reste la mise en peinture.<a href=\"http:\/\/meriller-vapeur.fr\/wp3\/wp-content\/uploads\/2016\/11\/6-Pont-routier.jpg\"><img loading=\"lazy\" decoding=\"async\" class=\"aligncenter size-medium wp-image-6530\" src=\"http:\/\/meriller-vapeur.fr\/wp3\/wp-content\/uploads\/2016\/11\/6-Pont-routier-300x225.jpg\" alt=\"6-pont-routier\" width=\"300\" height=\"225\" srcset=\"https:\/\/meriller-vapeur.fr\/wp3\/wp-content\/uploads\/2016\/11\/6-Pont-routier-300x225.jpg 300w, https:\/\/meriller-vapeur.fr\/wp3\/wp-content\/uploads\/2016\/11\/6-Pont-routier-768x576.jpg 768w, https:\/\/meriller-vapeur.fr\/wp3\/wp-content\/uploads\/2016\/11\/6-Pont-routier-1024x768.jpg 1024w, https:\/\/meriller-vapeur.fr\/wp3\/wp-content\/uploads\/2016\/11\/6-Pont-routier.jpg 1664w\" sizes=\"auto, (max-width: 300px) 100vw, 300px\" \/><\/a><\/p>\n<p><strong>7-Moulin Jouef peint :\u00a0<\/strong>Un peu bloqu\u00e9 en attendant de recevoir mes voies HOe, j&rsquo;ai poursuivi la r\u00e9alisation d&rsquo;\u00e9l\u00e9ments de d\u00e9cor ind\u00e9pendants des autres travaux. Une grosse 1\/2 journ\u00e9e de travail pour la r\u00e9alisation &#8211; sans les plans &#8211; de ce moulin Jouef. La mise en peinture pour du vieux bois patin\u00e9 \u00e9tait une premi\u00e8re pour moi et apr\u00e8s quelques h\u00e9sitations et plusieurs retouches, je pense avoir obtenu un r\u00e9sultat honorable. La photo est heureusement moins bien que la r\u00e9alit\u00e9.<a href=\"http:\/\/meriller-vapeur.fr\/wp3\/wp-content\/uploads\/2016\/11\/7-Moulin-Jouef-peint.jpg\"><img loading=\"lazy\" decoding=\"async\" class=\"aligncenter size-medium wp-image-6531\" src=\"http:\/\/meriller-vapeur.fr\/wp3\/wp-content\/uploads\/2016\/11\/7-Moulin-Jouef-peint-300x225.jpg\" alt=\"7-moulin-jouef-peint\" width=\"300\" height=\"225\" srcset=\"https:\/\/meriller-vapeur.fr\/wp3\/wp-content\/uploads\/2016\/11\/7-Moulin-Jouef-peint-300x225.jpg 300w, https:\/\/meriller-vapeur.fr\/wp3\/wp-content\/uploads\/2016\/11\/7-Moulin-Jouef-peint-768x576.jpg 768w, https:\/\/meriller-vapeur.fr\/wp3\/wp-content\/uploads\/2016\/11\/7-Moulin-Jouef-peint-1024x768.jpg 1024w, https:\/\/meriller-vapeur.fr\/wp3\/wp-content\/uploads\/2016\/11\/7-Moulin-Jouef-peint.jpg 1664w\" sizes=\"auto, (max-width: 300px) 100vw, 300px\" \/><\/a><\/p>\n<p>Concernant le toit, j&rsquo;h\u00e9site encore \u00e0 le reprendre pour lui donner aussi un aspect de bois vieilli ou bien le laisser tel quel pour un aspect type lauze.<\/p>\n<p><strong>8-Pont routier &amp; moulin 1 :\u00a0<\/strong>Au 06\/11\/2016, voil\u00e0 l&rsquo;avancement de mes travaux. Je suis un peu bloqu\u00e9 car il me manque un peu de mat\u00e9riel et j&rsquo;esp\u00e8re trouver mon bonheur \u00e0 Orl\u00e9ans le week-end prochain. Sinon, je passerai \u00e0 la construction int\u00e9grale pour certains \u00e9l\u00e9ments (notamment ponts et entr\u00e9e de tunnel).<a href=\"http:\/\/meriller-vapeur.fr\/wp3\/wp-content\/uploads\/2016\/11\/8-Pont-routier-moulin-1.jpg\"><img loading=\"lazy\" decoding=\"async\" class=\"aligncenter size-medium wp-image-6532\" src=\"http:\/\/meriller-vapeur.fr\/wp3\/wp-content\/uploads\/2016\/11\/8-Pont-routier-moulin-1-300x225.jpg\" alt=\"8-pont-routier-moulin-1\" width=\"300\" height=\"225\" srcset=\"https:\/\/meriller-vapeur.fr\/wp3\/wp-content\/uploads\/2016\/11\/8-Pont-routier-moulin-1-300x225.jpg 300w, https:\/\/meriller-vapeur.fr\/wp3\/wp-content\/uploads\/2016\/11\/8-Pont-routier-moulin-1-768x576.jpg 768w, https:\/\/meriller-vapeur.fr\/wp3\/wp-content\/uploads\/2016\/11\/8-Pont-routier-moulin-1-1024x768.jpg 1024w, https:\/\/meriller-vapeur.fr\/wp3\/wp-content\/uploads\/2016\/11\/8-Pont-routier-moulin-1.jpg 1664w\" sizes=\"auto, (max-width: 300px) 100vw, 300px\" \/><\/a><\/p>\n<p><strong>8-Pont routier &amp; moulin 2 :\u00a0<\/strong>Autre angle de vue de mes travaux au 06\/11\/2016.<img loading=\"lazy\" decoding=\"async\" class=\"aligncenter size-medium wp-image-6533\" src=\"http:\/\/meriller-vapeur.fr\/wp3\/wp-content\/uploads\/2016\/11\/8-Pont-routier-moulin-2-300x225.jpg\" alt=\"8-pont-routier-moulin-2\" width=\"300\" height=\"225\" srcset=\"https:\/\/meriller-vapeur.fr\/wp3\/wp-content\/uploads\/2016\/11\/8-Pont-routier-moulin-2-300x225.jpg 300w, https:\/\/meriller-vapeur.fr\/wp3\/wp-content\/uploads\/2016\/11\/8-Pont-routier-moulin-2-768x576.jpg 768w, https:\/\/meriller-vapeur.fr\/wp3\/wp-content\/uploads\/2016\/11\/8-Pont-routier-moulin-2-1024x768.jpg 1024w, https:\/\/meriller-vapeur.fr\/wp3\/wp-content\/uploads\/2016\/11\/8-Pont-routier-moulin-2.jpg 1664w\" sizes=\"auto, (max-width: 300px) 100vw, 300px\" \/><\/p>\n<p><em>A suivre\u2026 et bravo \u00e0 l\u2019auteur pour cette pr\u00e9sentation d\u00e9taill\u00e9e et parfaitement illustr\u00e9e!<\/em><\/p>\n<p>Mise en page du vendredi 11 novembre 2016.<\/p>\n<\/div>\n<div class=\"pvc_clear\"><\/div>\n<p id=\"pvc_stats_6505\" class=\"pvc_stats all  \" data-element-id=\"6505\" style=\"\"><i class=\"pvc-stats-icon medium\" aria-hidden=\"true\"><svg aria-hidden=\"true\" focusable=\"false\" data-prefix=\"far\" data-icon=\"chart-bar\" role=\"img\" xmlns=\"http:\/\/www.w3.org\/2000\/svg\" viewBox=\"0 0 512 512\" class=\"svg-inline--fa fa-chart-bar fa-w-16 fa-2x\"><path fill=\"currentColor\" d=\"M396.8 352h22.4c6.4 0 12.8-6.4 12.8-12.8V108.8c0-6.4-6.4-12.8-12.8-12.8h-22.4c-6.4 0-12.8 6.4-12.8 12.8v230.4c0 6.4 6.4 12.8 12.8 12.8zm-192 0h22.4c6.4 0 12.8-6.4 12.8-12.8V140.8c0-6.4-6.4-12.8-12.8-12.8h-22.4c-6.4 0-12.8 6.4-12.8 12.8v198.4c0 6.4 6.4 12.8 12.8 12.8zm96 0h22.4c6.4 0 12.8-6.4 12.8-12.8V204.8c0-6.4-6.4-12.8-12.8-12.8h-22.4c-6.4 0-12.8 6.4-12.8 12.8v134.4c0 6.4 6.4 12.8 12.8 12.8zM496 400H48V80c0-8.84-7.16-16-16-16H16C7.16 64 0 71.16 0 80v336c0 17.67 14.33 32 32 32h464c8.84 0 16-7.16 16-16v-16c0-8.84-7.16-16-16-16zm-387.2-48h22.4c6.4 0 12.8-6.4 12.8-12.8v-70.4c0-6.4-6.4-12.8-12.8-12.8h-22.4c-6.4 0-12.8 6.4-12.8 12.8v70.4c0 6.4 6.4 12.8 12.8 12.8z\" class=\"\"><\/path><\/svg><\/i> <img loading=\"lazy\" decoding=\"async\" width=\"16\" height=\"16\" alt=\"Loading\" src=\"https:\/\/meriller-vapeur.fr\/wp3\/wp-content\/plugins\/page-views-count\/ajax-loader-2x.gif\" border=0 \/><\/p>\n<div class=\"pvc_clear\"><\/div>\n","protected":false},"excerpt":{"rendered":"<p>Voici\u00a0une s\u00e9rie de photos sur le r\u00e9seau H0e que Yannick Marouby est en train de r\u00e9aliser. Il nous les a adress\u00e9es afin de les mettre sur le site dans la Rubrique \u00a0\u00ab\u00a0r\u00e9seau des adh\u00e9rents\u00a0\u00bb. Voici la pr\u00e9sentation qu\u2019il en fait\u00a0: \u00ab\u00a0Le r\u00e9seau\u00a0s&rsquo;inspire du mod\u00e8le propos\u00e9 dans dans \u00ab\u00a0Cl\u00e9 pour le train miniature mais j&rsquo;ai pris\u2026 <span class=\"read-more\"><a href=\"https:\/\/meriller-vapeur.fr\/wp3\/?page_id=6505\">Read More &raquo;<\/a><\/span><\/p>\n<div class=\"pvc_clear\"><\/div>\n<p id=\"pvc_stats_6505\" class=\"pvc_stats all  \" data-element-id=\"6505\" style=\"\"><i class=\"pvc-stats-icon medium\" aria-hidden=\"true\"><svg aria-hidden=\"true\" focusable=\"false\" data-prefix=\"far\" data-icon=\"chart-bar\" role=\"img\" xmlns=\"http:\/\/www.w3.org\/2000\/svg\" viewBox=\"0 0 512 512\" class=\"svg-inline--fa fa-chart-bar fa-w-16 fa-2x\"><path fill=\"currentColor\" d=\"M396.8 352h22.4c6.4 0 12.8-6.4 12.8-12.8V108.8c0-6.4-6.4-12.8-12.8-12.8h-22.4c-6.4 0-12.8 6.4-12.8 12.8v230.4c0 6.4 6.4 12.8 12.8 12.8zm-192 0h22.4c6.4 0 12.8-6.4 12.8-12.8V140.8c0-6.4-6.4-12.8-12.8-12.8h-22.4c-6.4 0-12.8 6.4-12.8 12.8v198.4c0 6.4 6.4 12.8 12.8 12.8zm96 0h22.4c6.4 0 12.8-6.4 12.8-12.8V204.8c0-6.4-6.4-12.8-12.8-12.8h-22.4c-6.4 0-12.8 6.4-12.8 12.8v134.4c0 6.4 6.4 12.8 12.8 12.8zM496 400H48V80c0-8.84-7.16-16-16-16H16C7.16 64 0 71.16 0 80v336c0 17.67 14.33 32 32 32h464c8.84 0 16-7.16 16-16v-16c0-8.84-7.16-16-16-16zm-387.2-48h22.4c6.4 0 12.8-6.4 12.8-12.8v-70.4c0-6.4-6.4-12.8-12.8-12.8h-22.4c-6.4 0-12.8 6.4-12.8 12.8v70.4c0 6.4 6.4 12.8 12.8 12.8z\" class=\"\"><\/path><\/svg><\/i> <img loading=\"lazy\" decoding=\"async\" width=\"16\" height=\"16\" alt=\"Loading\" src=\"https:\/\/meriller-vapeur.fr\/wp3\/wp-content\/plugins\/page-views-count\/ajax-loader-2x.gif\" border=0 \/><\/p>\n<div class=\"pvc_clear\"><\/div>\n","protected":false},"author":1,"featured_media":0,"parent":356,"menu_order":0,"comment_status":"closed","ping_status":"closed","template":"","meta":{"footnotes":""},"class_list":["post-6505","page","type-page","status-publish","hentry"],"a3_pvc":{"activated":true,"total_views":3876,"today_views":0},"_links":{"self":[{"href":"https:\/\/meriller-vapeur.fr\/wp3\/index.php?rest_route=\/wp\/v2\/pages\/6505","targetHints":{"allow":["GET"]}}],"collection":[{"href":"https:\/\/meriller-vapeur.fr\/wp3\/index.php?rest_route=\/wp\/v2\/pages"}],"about":[{"href":"https:\/\/meriller-vapeur.fr\/wp3\/index.php?rest_route=\/wp\/v2\/types\/page"}],"author":[{"embeddable":true,"href":"https:\/\/meriller-vapeur.fr\/wp3\/index.php?rest_route=\/wp\/v2\/users\/1"}],"replies":[{"embeddable":true,"href":"https:\/\/meriller-vapeur.fr\/wp3\/index.php?rest_route=%2Fwp%2Fv2%2Fcomments&post=6505"}],"version-history":[{"count":0,"href":"https:\/\/meriller-vapeur.fr\/wp3\/index.php?rest_route=\/wp\/v2\/pages\/6505\/revisions"}],"up":[{"embeddable":true,"href":"https:\/\/meriller-vapeur.fr\/wp3\/index.php?rest_route=\/wp\/v2\/pages\/356"}],"wp:attachment":[{"href":"https:\/\/meriller-vapeur.fr\/wp3\/index.php?rest_route=%2Fwp%2Fv2%2Fmedia&parent=6505"}],"curies":[{"name":"wp","href":"https:\/\/api.w.org\/{rel}","templated":true}]}}