{"id":3504,"date":"2015-01-30T14:38:12","date_gmt":"2015-01-30T13:38:12","guid":{"rendered":"http:\/\/meriller-vapeur.fr\/wp3\/?page_id=3504"},"modified":"2017-09-26T15:18:06","modified_gmt":"2017-09-26T13:18:06","slug":"ag-2015","status":"publish","type":"page","link":"https:\/\/meriller-vapeur.fr\/wp3\/?page_id=3504","title":{"rendered":"ASSEMBL\u00c9E G\u00c9N\u00c9RALE  2015"},"content":{"rendered":"<pre><em>(Voir photos en bas de la page)<\/em><\/pre>\n<p>L\u2019AG 2015 s\u2019est d\u00e9roul\u00e9e le 24 janvier 2015<\/p>\n<p>La s\u00e9ance est ouverte \u00e0 10h au local, rue du Colonel Rossel \u00e0 Coulounieix \u2013 Chamiers.<\/p>\n<h1>R\u00e9sum\u00e9 des d\u00e9bats\u00a0:<\/h1>\n<p>Le Pr\u00e9sident MAROUBY remercie les \u00e9lus\u00a0:<\/p>\n<p><strong>Monsieur Pascal Deguilhem<\/strong> D\u00e9put\u00e9 de la Vall\u00e9e de L&rsquo;Isle excus\u00e9, repr\u00e9sent\u00e9 par Madame Mireille Bordes.<br \/>\n<strong>Madame Mireille Bordes<\/strong> Vice Pr\u00e9sidente Conseill\u00e8re G\u00e9n\u00e9rale du canton P\u00e9rigueux Ouest, repr\u00e9sente \u00e9galement le Pr\u00e9sident du Conseil G\u00e9n\u00e9ral Monsieur Bernard Cazeau.<br \/>\n<strong>Monsieur Jean Pierre Roussarie<\/strong>, Maire de Coulounieix-Chamiers, retenu par les v\u0153ux, est repr\u00e9sent\u00e9 par <strong>Monsieur Patrick Capot<\/strong> qui \u00e0 son tour, pris par d&rsquo;autres obligations est repr\u00e9sent\u00e9 par <strong>Monsieur Jacques Leroy<\/strong> Conseiller Municipal D\u00e9l\u00e9gu\u00e9 .<br \/>\n<strong>Madame Jo\u00eblle Conti<\/strong> 1ere adjointe charg\u00e9e de L\u2019Education de l&rsquo;Enfance et de la Jeunesse excus\u00e9e, prise par d&rsquo;autres obligations.<\/p>\n<p>Les repr\u00e9sentants de la Presse sont \u00e9galement remerci\u00e9s de leur pr\u00e9sence.<\/p>\n<h1>POINTS IMPORTANTS.<\/h1>\n<ul>\n<li>L&rsquo;association compte au jour de cette assembl\u00e9e g\u00e9n\u00e9rale 61 adh\u00e9rent(e)s \u00e0 jour de leurs cotisations dont 19 cheminots 18 adh\u00e9rents r\u00e9sident sur la commune 42 retrait\u00e9s &amp; 19 actifs.<\/li>\n<li>35 membres sont pr\u00e9sent(e)s \u00a0ou sont repr\u00e9sent\u00e9s-es, 5 ont donn\u00e9 un pouvoir\u00a0: le quorum est atteint, l\u2019Assembl\u00e9e G\u00e9n\u00e9rale peut donc valablement se tenir.<\/li>\n<\/ul>\n<h1>RAPPORT D\u2019ACTIVITES\u00a0DE MERILLER :<\/h1>\n<p>Suite \u00e0 l&rsquo;installation du tender fin novembre 2013 derri\u00e8re la locomotive, la loco et le tender ont b\u00e9n\u00e9fici\u00e9 d&rsquo;un nettoyage et d&rsquo;une nouvelle couche de peinture au 1er semestre 2014.<br \/>\n\u2026\/\u2026<\/p>\n<h1>MODELISME\u00a0:<\/h1>\n<p>Le mod\u00e9lisme a connu une activit\u00e9 soutenue :<\/p>\n<p><strong>LE R\u00c9SEAU FIXE<\/strong> a b\u00e9n\u00e9fici\u00e9 d&rsquo;une activit\u00e9 importante :<\/p>\n<ul>\n<li>construction du village cheminot avec les jardins ouvriers,<\/li>\n<li>mise en place des cantons\u00a0: il y a 4 cantons par voies.<\/li>\n<li>am\u00e9nagement du d\u00e9p\u00f4t et des voies de coulisse suppl\u00e9mentaires pour la pr\u00e9paration des rames.<\/li>\n<\/ul>\n<p>&nbsp;<\/p>\n<p><strong>LE R\u00c9SEAU AGONAC<\/strong> a vue son d\u00e9cor nettement am\u00e9lior\u00e9 avec la maison en feu, klaxon pompier, car-system Faller (voiture circulant \u00e0 l&rsquo;aide d&rsquo;un c\u00e2ble noy\u00e9 dans le rev\u00eatement de la route). La modification la plus importante est la cr\u00e9ation d&rsquo;un module d&rsquo;extr\u00e9mit\u00e9 repr\u00e9sentant une station de ski avec t\u00e9l\u00e9ph\u00e9rique fonctionnel.<\/p>\n<p><strong> LE NIVERSAC<\/strong> a b\u00e9n\u00e9fici\u00e9 d&rsquo;un petit rafra\u00eechissement pour l&rsquo;expo de 14 \/18<\/p>\n<p><strong>Un\u00a0ATELIER SOUDURE<\/strong>, s&rsquo;est tenu, anim\u00e9 par Patrice Tillard<br \/>\n<strong>Un ATELIER PATINE<\/strong>\u00a0a \u00e9t\u00e9 anim\u00e9 par Christophe Detout.<\/p>\n<p style=\"text-align: justify;\"><em><strong>Une motion de f\u00e9licitations a \u00e9t\u00e9 adopt\u00e9e \u00e0 l&rsquo;unanimit\u00e9 pour souligner, aux yeux de tous, l&rsquo;excellent travail des mod\u00e9listes ce qui participe grandement \u00e0 l&rsquo;image de notre association.<\/strong><\/em><\/p>\n<p><strong>Les EXPOSITIONS 2014 :<\/strong><\/p>\n<ul>\n<li>18 janvier 2014\u00a0\u00a0 (samedi 10 h 18 h) CREER C\u2019EST RESISTER, RESISTER C\u2019EST CREER\u00a0: M\u00e9diath\u00e8que ST EXUPERY \u00a0Av G\u00e9n\u00e9ral De Gaulle COULOUNIEIX CHAMIERS<\/li>\n<li>10\/11 mai 2014 exposition BRANTOME PASSIONS COLLECTIONS\u00a0(Des d\u00e9buts du chemin de fer \u00e0 nos jours) R\u00e9seau Agonac, circuit avec JOUEF des ann\u00e9es 50\/60<\/li>\n<li>Collection lanternes et objets divers du chemin de fer<\/li>\n<li>14 juin 2014 JPO ATELIERS TECHNICENTRE SNCF annul\u00e9es,<\/li>\n<li>18 mai 2014 . \u00a0Exposition \u00a0au \u00a0BOIS DE CHANCELADE \u00a0R\u00e9seau Agonac<br \/>\nVIDE-GRENIER ET COLLECTIONS \u00e0 BASSILLAC R\u00e9seau LGB, R\u00e9seau Massif Central, locos Serge Reix<\/li>\n<li>24 juillet 2014 Exposition \u00e0 LA TOUR BLANCHE R\u00e9seau LGB, r\u00e9seau AGONAC, collection J J MESPOULEDE<\/li>\n<li>Samedi 20 sept 2014 \u2013 FORUM DES ASSOCIATIONS au Ch\u00e2teau des Izards (apr\u00e8s midi) COULOUNIEIX CHAMIERS<\/li>\n<li>Dimanche 21 sept 2014\u00a0\u2013 &gt;&gt;&gt;&gt;&gt;&gt;&gt;&gt;&gt;BASSILLAC Annul\u00e9e (car beaucoup de nos animateurs mod\u00e9lisme se sont rendus \u00e0 la bourse de trains miniatures \u00e0 Limoges)<\/li>\n<li>Jeudi 23\/vendredi 24 octobre 2014 \u2013 MAISON DE RETRAITE LA CHENERAIE (le LYONNET \u00e0 AGONAC) \u00a0avec le R\u00e9seau AGONAC<\/li>\n<li>3 au 18 novembre 2014 \u2013 \u00a0EXPOSITION du CENTENAIRE de la GUERRE 1914- 1918\u00a0:<\/li>\n<li>6 et 7 d\u00e9cembre 2014\u00a0\u2013 MARCHE DE NO\u00cbL Ch\u00e2teau des Izards COULOUNIEIX CHAMIERS<\/li>\n<li>16 au 23 d\u00e9cembre 2014 \u2013 JARDILAND CHANCELADE, avec une journ\u00e9e d\u2019animation pour les enfants le mercredi 17 d\u00e9cembre.<\/li>\n<\/ul>\n<p><strong>CLUB DU SOIR\u00a0:<\/strong><br \/>\nLa mise en place des nouveaux programmes scolaires a eu pour cons\u00e9quence de r\u00e9duire l&rsquo;effectif des participants.<br \/>\nOn compte 5 participants des Ecoles Louis Pergaud &amp; Eug\u00e8ne le Roy<br \/>\nComme les ann\u00e9es pr\u00e9c\u00e9dentes les enfants ont beaucoup appr\u00e9ci\u00e9 et devrait pour les CM1 et CE 2 revenir en 2015.<\/p>\n<p><strong>ARCHIVES ET HISTOIRE<\/strong><br \/>\n2 DVD ont \u00e9t\u00e9 r\u00e9alis\u00e9s sur la base d&rsquo;archives SNCF, Mr Gervaise Camara, Mr Jean Porcher et diverses autres sources, pour les JPO 150 ans du Technicentre de P\u00e9rigueux et Chamiers<br \/>\n1 DVD Ateliers du TOULON<br \/>\n1 DVD Ateliers de CHAMIERS<br \/>\n1 ALBUM PHOTOS Ateliers de P\u00e9rigueux est r\u00e9alis\u00e9<br \/>\n1 ALBUM Photos CHAMIERS sera r\u00e9alis\u00e9 en 2015, pr\u00e9vu initialement pour 2014 .<\/p>\n<p><strong>SITE INTERNET\u00a0:<\/strong><br \/>\nTr\u00e8s appr\u00e9ci\u00e9, mises \u00e0 jour r\u00e9guli\u00e8res, 22599 visiteurs au 21 janvier 2015 (comptage depuis juin 2011)<\/p>\n<p><strong>PERMANENCE SAMEDI MATIN\u00a0:<\/strong><br \/>\nTr\u00e8s grosse fr\u00e9quentation, m\u00eame lorsqu&rsquo;il y a des expositions le samedi.<\/p>\n<p><strong>ASSEMBLEE GENERALE\u00a0:<\/strong><br \/>\nL&rsquo;Association compte 61 membres \u00e0 jour de leur cotisation.<br \/>\nPoint sur les pr\u00e9sents\u00a0: 31 pr\u00e9sents et 5 pouvoirs.<br \/>\nLe quorum \u00e9tant atteint l&rsquo;Assembl\u00e9e peut valablement d\u00e9lib\u00e9rer<br \/>\nVote\u00a0: QUITUS est donn\u00e9 au Pr\u00e9sident \u00e0 l&rsquo;unanimit\u00e9 sur le rapport d&rsquo;activit\u00e9.<\/p>\n<p><strong>RAPPORT FINANCIER\u00a0:\u00a0<\/strong>Pr\u00e9sentation des comptes de l&rsquo;exercice 2014 par le\u00a0tr\u00e9sorier<\/p>\n<p>Au 31 d\u00e9cembre 2014 \u00a061 adh\u00e9rents sont \u00e0 jour de leur cotisation.<br \/>\nL&rsquo;exercice pr\u00e9sente un solde positif permettant d\u2019assurer le d\u00e9marrage des activit\u00e9s de 2015.<br \/>\nVote\u00a0: QUITUS est donn\u00e9 au TRESORIER l&rsquo;unanimit\u00e9<\/p>\n<p><em><strong>Rappel du tr\u00e9sorier : toutes d\u00e9penses doit d&rsquo;abord \u00eatre avalis\u00e9e par le bureau.<\/strong><\/em><\/p>\n<p><strong>ELECTION BUREAU\u00a0:<\/strong><br \/>\nLe Pr\u00e9sident Roger Marouby pr\u00e9sente la d\u00e9mission du bureau.<br \/>\n<strong><em>\u00a0 \u00a0 \u00a0&#8211; APPEL DE CANDIDATURES<\/em><\/strong><br \/>\nPierre PERRIER, vice pr\u00e9sident ne se repr\u00e9sente pas,<br \/>\nCandidat\u00a0: Jean Marie QUIDET souhaite entrer au bureau<br \/>\nVote : \u00e0 l&rsquo;unanimit\u00e9, l&rsquo;assembl\u00e9e \u00e9lit le nouveau bureau, Jean Marie Quidet, fait son entr\u00e9e au conseil d&rsquo;administration, Pierre Perrier en sort. La prochaine r\u00e9union de bureau r\u00e9partira les fonctions de chacun.<\/p>\n<h1><\/h1>\n<h1>OBJECTIFS 2015\u00a0:<\/h1>\n<p><strong>ROND POINT DE MERILLER<\/strong><\/p>\n<ul>\n<li>Faire les travaux qui auraient d\u00fb \u00eatre fait en 2014, Peinture bas de la cabine, peinture des roues, et bien s\u00fbr un suivi g\u00e9n\u00e9ral.<\/li>\n<li>Peindre les 5 tampons apr\u00e8s d\u00e9capage et 3 tourets de c\u00e2ble \u00e0 transformer en table<\/li>\n<li>Construire un portique pour accrocher les plaques signal\u00e9tiques du mat\u00e9riel du rond point (cloche annonce, bogie, s\u00e9maphore etc). Le Pr\u00e9sident fait un appel aux volontaires pour ces travaux, car avant toute chose il faudra finaliser ce projet d\u2019am\u00e9nagement.<\/li>\n<li>Il faudra que les collectivit\u00e9s locales s&rsquo;engagent rapidement \u00e0 modifier l&rsquo;entr\u00e9e de parking. A pr\u00e9voir 7 m de bordures hautes \u00e0 remplacer par 7 m de bordures basses et quelques camions de castine.<\/li>\n<\/ul>\n<p><strong>COLLECTE FERRAILLES<\/strong><br \/>\nLa collecte de la vieille ferraille et batteries continue pour 2015, c&rsquo;est une source de revenus int\u00e9ressante pour contribuer au financement des travaux d\u2019entretien du Rond-Point.<\/p>\n<p><strong>TRAVAUX SUR RESEAUX<\/strong><\/p>\n<p><strong>&gt; R\u00e9seaux fixes<\/strong><br \/>\nInstallation de feu\u00a0.32<br \/>\nMise en place des sc\u00e8nettes<br \/>\nMise en service de la voie unique avec installation d&rsquo;un va et vient.<\/p>\n<p><strong>&gt; R\u00e9seaux Agonac<\/strong><br \/>\nModule f\u00eate foraine remplac\u00e9 par un \u00e9l\u00e9ment sport d&rsquo;hiver pour une meilleure continuit\u00e9<br \/>\navec le d\u00e9cor de neige<br \/>\nDiverses am\u00e9lioration du d\u00e9cor.<\/p>\n<p><strong>&gt; R\u00e9seaux Niversac<\/strong><br \/>\nInstallation de cantons et mise en place de la f\u00eate foraine lib\u00e9r\u00e9e du Agonac et rafra\u00eechir le d\u00e9cor.<br \/>\nPr\u00e9sent\u00e9 succinctement par Jean Paul TALLET et soutenu par Alain MALIGNE (pr\u00e9sent), un partenariat avec la section train du NCPC (Club de mod\u00e9lisme de Neuvic\/Isle) suscite l&rsquo;int\u00e9r\u00eat de notre section mod\u00e9lisme.<br \/>\nSur le principe adopt\u00e9 par l&rsquo;assembl\u00e9e, les d\u00e9tails restent \u00e0 d\u00e9finir (telle qu&rsquo;une expo en commun).<\/p>\n<h1>EXPOSITIONS<\/h1>\n<p><strong> &gt; Un premier aper\u00e7u de ce que pourrait \u00eatre le calendrier 2015.<\/strong><br \/>\n* visite de femmes membres de l&rsquo;Association Nationale des Femmes de Militaires (ANFEM) le 13 janvier visite au local<br \/>\n* Animation de 8 jours \u00e0 Jardiland (date \u00e0 fixer)<br \/>\n* Animation \u00e0 la maison de retraite de Notre Dame de Sanilhac<br \/>\n* Organisation d&rsquo;une bourse d&rsquo;\u00e9change \u00e0 Saint Astier en projet Animation \u00e0 la foire expo de P\u00e9rigueux (\u00e0 l&rsquo;\u00e9tude)<br \/>\n* Animation au vide grenier de Bassillac (17 mai 2015)<br \/>\n* 10 mai 2015 : F\u00eate des Bois de Chancelade, invitation de Claude Palacios \u00e0 proposer des id\u00e9es de stand pour une bourse d&rsquo;\u00e9change<br \/>\n* Portes Ouvertes du local<br \/>\n* JPO des ateliers de la SNCF (19 septembre)<br \/>\n* Animation au salon de la M\u00e9moire de la R\u00e9sistance 70 ans 1939 \/1945\u00a0 (du 13 au 16 Novembre 2015)<br \/>\n* March\u00e9 de Noel<\/p>\n<p><strong>ARCHIVES ET HISTOIRE<\/strong><br \/>\nRappel\u00a0: pour les 150 ans du Technicentre de P\u00e9rigueux <strong>2 DVD ont \u00e9t\u00e9 r\u00e9alis\u00e9s en 2014<\/strong>. Ils ne sont pas diffus\u00e9s pour l&rsquo;instant, la primeur est r\u00e9serv\u00e9e aux JPO de septembre.2015<br \/>\n<strong>2 albums photos sont en cours de r\u00e9alisation<\/strong><br \/>\n&#8211; un premier album sur les ateliers du Toulon (presque termin\u00e9)<br \/>\n&#8211; un second album sur les ateliers de Chamiers<\/p>\n<p><strong>SITE INTERNET\u00a0:<\/strong><br \/>\nMise \u00e0 jour presque en temps r\u00e9el. Le site est tr\u00e8s visit\u00e9 22599 visiteurs au 21 janvier 2015<\/p>\n<p><strong>CLUB DU SOIR 2015<\/strong><br \/>\nLes cours auront lieus le lundi p\u00e9riode\u00a0:2 mars 2015 au 17 avril 2015,<br \/>\nLes cours sont anim\u00e9s par Jean Paul Tallet. Les \u00ab\u00a0TAP\u00a0\u00bb (Temps Activit\u00e9s P\u00e9dagogique) posent quelques soucis\u00a0: les enfants tr\u00e8s sollicit\u00e9s ont moins de disponibilit\u00e9s. Cette ann\u00e9e la Mairie a d\u00e9cid\u00e9 que les clubs p\u00e9riscolaire auraient lieux sur 2 soirs\u00a0: le lundi et mardi. En supprimant le jeudi nous savons d\u00e9j\u00e0 que nous allons perdre au moins 2 enfants car le lundi ou le mardi ils ont d&rsquo;autres activit\u00e9s,<\/p>\n<p><strong>LA PAROLES AUX ELUS<\/strong><br \/>\n&#8211; Monsieur Jacques Leroy, repr\u00e9sentant la municipalit\u00e9, pr\u00e9sente les v\u0153ux de la municipalit\u00e9 \u00e0 l&rsquo;association, souligne la culture cheminote pr\u00e9sente dans l&rsquo;histoire de la ville et la place de l&rsquo;association dans l&rsquo;histoire.<br \/>\n&#8211; Madame Mireille Bordes souhaite que MV24 s&rsquo;implique dans la politique de la ville pour la jeunesse.<\/p>\n<p>L&rsquo;ordre du jour \u00e9tant \u00e9puis\u00e9 la s\u00e9ance est lev\u00e9e \u00e0 11h15.<\/p>\n<p><strong>\u00a0Les PHOTOS\u00a0:<\/strong><\/p>\n\n\t\t<style type=\"text\/css\">\n\t\t\t#gallery-1 {\n\t\t\t\tmargin: auto;\n\t\t\t}\n\t\t\t#gallery-1 .gallery-item {\n\t\t\t\tfloat: left;\n\t\t\t\tmargin-top: 10px;\n\t\t\t\ttext-align: center;\n\t\t\t\twidth: 25%;\n\t\t\t}\n\t\t\t#gallery-1 img {\n\t\t\t\tborder: 2px solid #cfcfcf;\n\t\t\t}\n\t\t\t#gallery-1 .gallery-caption {\n\t\t\t\tmargin-left: 0;\n\t\t\t}\n\t\t\t\/* see gallery_shortcode() in wp-includes\/media.php *\/\n\t\t<\/style>\n\t\t<div id='gallery-1' class='gallery galleryid-3504 gallery-columns-4 gallery-size-thumbnail'><dl class='gallery-item'>\n\t\t\t<dt class='gallery-icon landscape'>\n\t\t\t\t<a href='https:\/\/meriller-vapeur.fr\/wp3\/?attachment_id=3506'><img loading=\"lazy\" decoding=\"async\" width=\"150\" height=\"150\" src=\"https:\/\/meriller-vapeur.fr\/wp3\/wp-content\/uploads\/2015\/01\/dsc09835-150x150.jpg\" class=\"attachment-thumbnail size-thumbnail\" alt=\"\" \/><\/a>\n\t\t\t<\/dt><\/dl><dl class='gallery-item'>\n\t\t\t<dt class='gallery-icon landscape'>\n\t\t\t\t<a href='https:\/\/meriller-vapeur.fr\/wp3\/?attachment_id=3507'><img loading=\"lazy\" decoding=\"async\" width=\"150\" height=\"150\" src=\"https:\/\/meriller-vapeur.fr\/wp3\/wp-content\/uploads\/2015\/01\/dsc09836-150x150.jpg\" class=\"attachment-thumbnail size-thumbnail\" alt=\"\" \/><\/a>\n\t\t\t<\/dt><\/dl><dl class='gallery-item'>\n\t\t\t<dt class='gallery-icon landscape'>\n\t\t\t\t<a href='https:\/\/meriller-vapeur.fr\/wp3\/?attachment_id=3520'><img loading=\"lazy\" decoding=\"async\" width=\"150\" height=\"150\" src=\"https:\/\/meriller-vapeur.fr\/wp3\/wp-content\/uploads\/2015\/01\/img_2404-150x150.jpg\" class=\"attachment-thumbnail size-thumbnail\" alt=\"\" \/><\/a>\n\t\t\t<\/dt><\/dl><dl class='gallery-item'>\n\t\t\t<dt class='gallery-icon landscape'>\n\t\t\t\t<a href='https:\/\/meriller-vapeur.fr\/wp3\/?attachment_id=3511'><img loading=\"lazy\" decoding=\"async\" width=\"150\" height=\"150\" src=\"https:\/\/meriller-vapeur.fr\/wp3\/wp-content\/uploads\/2015\/01\/dsc09841-150x150.jpg\" class=\"attachment-thumbnail size-thumbnail\" alt=\"\" \/><\/a>\n\t\t\t<\/dt><\/dl><br style=\"clear: both\" \/><dl class='gallery-item'>\n\t\t\t<dt class='gallery-icon landscape'>\n\t\t\t\t<a href='https:\/\/meriller-vapeur.fr\/wp3\/?attachment_id=3521'><img loading=\"lazy\" decoding=\"async\" width=\"150\" height=\"150\" src=\"https:\/\/meriller-vapeur.fr\/wp3\/wp-content\/uploads\/2015\/01\/img_2406-150x150.jpg\" class=\"attachment-thumbnail size-thumbnail\" alt=\"\" \/><\/a>\n\t\t\t<\/dt><\/dl><dl class='gallery-item'>\n\t\t\t<dt class='gallery-icon landscape'>\n\t\t\t\t<a href='https:\/\/meriller-vapeur.fr\/wp3\/?attachment_id=3508'><img loading=\"lazy\" decoding=\"async\" width=\"150\" height=\"150\" src=\"https:\/\/meriller-vapeur.fr\/wp3\/wp-content\/uploads\/2015\/01\/dsc09837-150x150.jpg\" class=\"attachment-thumbnail size-thumbnail\" alt=\"\" \/><\/a>\n\t\t\t<\/dt><\/dl><dl class='gallery-item'>\n\t\t\t<dt class='gallery-icon landscape'>\n\t\t\t\t<a href='https:\/\/meriller-vapeur.fr\/wp3\/?attachment_id=3510'><img loading=\"lazy\" decoding=\"async\" width=\"150\" height=\"150\" src=\"https:\/\/meriller-vapeur.fr\/wp3\/wp-content\/uploads\/2015\/01\/dsc09839-150x150.jpg\" class=\"attachment-thumbnail size-thumbnail\" alt=\"\" \/><\/a>\n\t\t\t<\/dt><\/dl><dl class='gallery-item'>\n\t\t\t<dt class='gallery-icon landscape'>\n\t\t\t\t<a href='https:\/\/meriller-vapeur.fr\/wp3\/?attachment_id=3519'><img loading=\"lazy\" decoding=\"async\" width=\"150\" height=\"150\" src=\"https:\/\/meriller-vapeur.fr\/wp3\/wp-content\/uploads\/2015\/01\/img_2401-150x150.jpg\" class=\"attachment-thumbnail size-thumbnail\" alt=\"\" \/><\/a>\n\t\t\t<\/dt><\/dl><br style=\"clear: both\" \/><dl class='gallery-item'>\n\t\t\t<dt class='gallery-icon landscape'>\n\t\t\t\t<a href='https:\/\/meriller-vapeur.fr\/wp3\/?attachment_id=3509'><img loading=\"lazy\" decoding=\"async\" width=\"150\" height=\"150\" src=\"https:\/\/meriller-vapeur.fr\/wp3\/wp-content\/uploads\/2015\/01\/dsc09838-150x150.jpg\" class=\"attachment-thumbnail size-thumbnail\" alt=\"\" \/><\/a>\n\t\t\t<\/dt><\/dl><dl class='gallery-item'>\n\t\t\t<dt class='gallery-icon landscape'>\n\t\t\t\t<a href='https:\/\/meriller-vapeur.fr\/wp3\/?attachment_id=3518'><img loading=\"lazy\" decoding=\"async\" width=\"150\" height=\"150\" src=\"https:\/\/meriller-vapeur.fr\/wp3\/wp-content\/uploads\/2015\/01\/img_2399-150x150.jpg\" class=\"attachment-thumbnail size-thumbnail\" alt=\"\" \/><\/a>\n\t\t\t<\/dt><\/dl><dl class='gallery-item'>\n\t\t\t<dt class='gallery-icon landscape'>\n\t\t\t\t<a href='https:\/\/meriller-vapeur.fr\/wp3\/?attachment_id=3512'><img loading=\"lazy\" decoding=\"async\" width=\"150\" height=\"150\" src=\"https:\/\/meriller-vapeur.fr\/wp3\/wp-content\/uploads\/2015\/01\/dsc09842-150x150.jpg\" class=\"attachment-thumbnail size-thumbnail\" alt=\"\" \/><\/a>\n\t\t\t<\/dt><\/dl><dl class='gallery-item'>\n\t\t\t<dt class='gallery-icon landscape'>\n\t\t\t\t<a href='https:\/\/meriller-vapeur.fr\/wp3\/?attachment_id=3513'><img loading=\"lazy\" decoding=\"async\" width=\"150\" height=\"150\" src=\"https:\/\/meriller-vapeur.fr\/wp3\/wp-content\/uploads\/2015\/01\/dsc09843-150x150.jpg\" class=\"attachment-thumbnail size-thumbnail\" alt=\"\" \/><\/a>\n\t\t\t<\/dt><\/dl><br style=\"clear: both\" \/><dl class='gallery-item'>\n\t\t\t<dt class='gallery-icon landscape'>\n\t\t\t\t<a href='https:\/\/meriller-vapeur.fr\/wp3\/?attachment_id=3514'><img loading=\"lazy\" decoding=\"async\" width=\"150\" height=\"150\" src=\"https:\/\/meriller-vapeur.fr\/wp3\/wp-content\/uploads\/2015\/01\/dsc09845-150x150.jpg\" class=\"attachment-thumbnail size-thumbnail\" alt=\"\" \/><\/a>\n\t\t\t<\/dt><\/dl><dl class='gallery-item'>\n\t\t\t<dt class='gallery-icon landscape'>\n\t\t\t\t<a href='https:\/\/meriller-vapeur.fr\/wp3\/?attachment_id=3515'><img loading=\"lazy\" decoding=\"async\" width=\"150\" height=\"150\" src=\"https:\/\/meriller-vapeur.fr\/wp3\/wp-content\/uploads\/2015\/01\/dsc09847-150x150.jpg\" class=\"attachment-thumbnail size-thumbnail\" alt=\"\" \/><\/a>\n\t\t\t<\/dt><\/dl><dl class='gallery-item'>\n\t\t\t<dt class='gallery-icon landscape'>\n\t\t\t\t<a href='https:\/\/meriller-vapeur.fr\/wp3\/?attachment_id=3516'><img loading=\"lazy\" decoding=\"async\" width=\"150\" height=\"150\" src=\"https:\/\/meriller-vapeur.fr\/wp3\/wp-content\/uploads\/2015\/01\/dsc09848-150x150.jpg\" class=\"attachment-thumbnail size-thumbnail\" alt=\"\" \/><\/a>\n\t\t\t<\/dt><\/dl><dl class='gallery-item'>\n\t\t\t<dt class='gallery-icon landscape'>\n\t\t\t\t<a href='https:\/\/meriller-vapeur.fr\/wp3\/?attachment_id=3517'><img loading=\"lazy\" decoding=\"async\" width=\"150\" height=\"150\" src=\"https:\/\/meriller-vapeur.fr\/wp3\/wp-content\/uploads\/2015\/01\/dsc09850-150x150.jpg\" class=\"attachment-thumbnail size-thumbnail\" alt=\"\" \/><\/a>\n\t\t\t<\/dt><\/dl><br style=\"clear: both\" \/><dl class='gallery-item'>\n\t\t\t<dt class='gallery-icon landscape'>\n\t\t\t\t<a href='https:\/\/meriller-vapeur.fr\/wp3\/?attachment_id=3522'><img loading=\"lazy\" decoding=\"async\" width=\"150\" height=\"150\" src=\"https:\/\/meriller-vapeur.fr\/wp3\/wp-content\/uploads\/2015\/01\/img_2407-150x150.jpg\" class=\"attachment-thumbnail size-thumbnail\" alt=\"\" \/><\/a>\n\t\t\t<\/dt><\/dl><dl class='gallery-item'>\n\t\t\t<dt class='gallery-icon landscape'>\n\t\t\t\t<a href='https:\/\/meriller-vapeur.fr\/wp3\/?attachment_id=3523'><img loading=\"lazy\" decoding=\"async\" width=\"150\" height=\"150\" src=\"https:\/\/meriller-vapeur.fr\/wp3\/wp-content\/uploads\/2015\/01\/img_2409-150x150.jpg\" class=\"attachment-thumbnail size-thumbnail\" alt=\"\" \/><\/a>\n\t\t\t<\/dt><\/dl><dl class='gallery-item'>\n\t\t\t<dt class='gallery-icon landscape'>\n\t\t\t\t<a href='https:\/\/meriller-vapeur.fr\/wp3\/?attachment_id=3524'><img loading=\"lazy\" decoding=\"async\" width=\"150\" height=\"150\" src=\"https:\/\/meriller-vapeur.fr\/wp3\/wp-content\/uploads\/2015\/01\/img_2410-150x150.jpg\" class=\"attachment-thumbnail size-thumbnail\" alt=\"\" \/><\/a>\n\t\t\t<\/dt><\/dl>\n\t\t\t<br style='clear: both' \/>\n\t\t<\/div>\n\n<div class=\"pvc_clear\"><\/div>\n<p id=\"pvc_stats_3504\" class=\"pvc_stats all  \" data-element-id=\"3504\" style=\"\"><i class=\"pvc-stats-icon medium\" aria-hidden=\"true\"><svg aria-hidden=\"true\" focusable=\"false\" data-prefix=\"far\" data-icon=\"chart-bar\" role=\"img\" xmlns=\"http:\/\/www.w3.org\/2000\/svg\" viewBox=\"0 0 512 512\" class=\"svg-inline--fa fa-chart-bar fa-w-16 fa-2x\"><path fill=\"currentColor\" d=\"M396.8 352h22.4c6.4 0 12.8-6.4 12.8-12.8V108.8c0-6.4-6.4-12.8-12.8-12.8h-22.4c-6.4 0-12.8 6.4-12.8 12.8v230.4c0 6.4 6.4 12.8 12.8 12.8zm-192 0h22.4c6.4 0 12.8-6.4 12.8-12.8V140.8c0-6.4-6.4-12.8-12.8-12.8h-22.4c-6.4 0-12.8 6.4-12.8 12.8v198.4c0 6.4 6.4 12.8 12.8 12.8zm96 0h22.4c6.4 0 12.8-6.4 12.8-12.8V204.8c0-6.4-6.4-12.8-12.8-12.8h-22.4c-6.4 0-12.8 6.4-12.8 12.8v134.4c0 6.4 6.4 12.8 12.8 12.8zM496 400H48V80c0-8.84-7.16-16-16-16H16C7.16 64 0 71.16 0 80v336c0 17.67 14.33 32 32 32h464c8.84 0 16-7.16 16-16v-16c0-8.84-7.16-16-16-16zm-387.2-48h22.4c6.4 0 12.8-6.4 12.8-12.8v-70.4c0-6.4-6.4-12.8-12.8-12.8h-22.4c-6.4 0-12.8 6.4-12.8 12.8v70.4c0 6.4 6.4 12.8 12.8 12.8z\" class=\"\"><\/path><\/svg><\/i> <img loading=\"lazy\" decoding=\"async\" width=\"16\" height=\"16\" alt=\"Loading\" src=\"https:\/\/meriller-vapeur.fr\/wp3\/wp-content\/plugins\/page-views-count\/ajax-loader-2x.gif\" border=0 \/><\/p>\n<div class=\"pvc_clear\"><\/div>\n","protected":false},"excerpt":{"rendered":"<p>(Voir photos en bas de la page) L\u2019AG 2015 s\u2019est d\u00e9roul\u00e9e le 24 janvier 2015 La s\u00e9ance est ouverte \u00e0 10h au local, rue du Colonel Rossel \u00e0 Coulounieix \u2013 Chamiers. R\u00e9sum\u00e9 des d\u00e9bats\u00a0: Le Pr\u00e9sident MAROUBY remercie les \u00e9lus\u00a0: Monsieur Pascal Deguilhem D\u00e9put\u00e9 de la Vall\u00e9e de L&rsquo;Isle excus\u00e9, repr\u00e9sent\u00e9 par Madame Mireille Bordes.\u2026 <span class=\"read-more\"><a href=\"https:\/\/meriller-vapeur.fr\/wp3\/?page_id=3504\">Read More &raquo;<\/a><\/span><\/p>\n<div class=\"pvc_clear\"><\/div>\n<p id=\"pvc_stats_3504\" class=\"pvc_stats all  \" data-element-id=\"3504\" style=\"\"><i class=\"pvc-stats-icon medium\" aria-hidden=\"true\"><svg aria-hidden=\"true\" focusable=\"false\" data-prefix=\"far\" data-icon=\"chart-bar\" role=\"img\" xmlns=\"http:\/\/www.w3.org\/2000\/svg\" viewBox=\"0 0 512 512\" class=\"svg-inline--fa fa-chart-bar fa-w-16 fa-2x\"><path fill=\"currentColor\" d=\"M396.8 352h22.4c6.4 0 12.8-6.4 12.8-12.8V108.8c0-6.4-6.4-12.8-12.8-12.8h-22.4c-6.4 0-12.8 6.4-12.8 12.8v230.4c0 6.4 6.4 12.8 12.8 12.8zm-192 0h22.4c6.4 0 12.8-6.4 12.8-12.8V140.8c0-6.4-6.4-12.8-12.8-12.8h-22.4c-6.4 0-12.8 6.4-12.8 12.8v198.4c0 6.4 6.4 12.8 12.8 12.8zm96 0h22.4c6.4 0 12.8-6.4 12.8-12.8V204.8c0-6.4-6.4-12.8-12.8-12.8h-22.4c-6.4 0-12.8 6.4-12.8 12.8v134.4c0 6.4 6.4 12.8 12.8 12.8zM496 400H48V80c0-8.84-7.16-16-16-16H16C7.16 64 0 71.16 0 80v336c0 17.67 14.33 32 32 32h464c8.84 0 16-7.16 16-16v-16c0-8.84-7.16-16-16-16zm-387.2-48h22.4c6.4 0 12.8-6.4 12.8-12.8v-70.4c0-6.4-6.4-12.8-12.8-12.8h-22.4c-6.4 0-12.8 6.4-12.8 12.8v70.4c0 6.4 6.4 12.8 12.8 12.8z\" class=\"\"><\/path><\/svg><\/i> <img loading=\"lazy\" decoding=\"async\" width=\"16\" height=\"16\" alt=\"Loading\" src=\"https:\/\/meriller-vapeur.fr\/wp3\/wp-content\/plugins\/page-views-count\/ajax-loader-2x.gif\" border=0 \/><\/p>\n<div class=\"pvc_clear\"><\/div>\n","protected":false},"author":1,"featured_media":0,"parent":139,"menu_order":0,"comment_status":"open","ping_status":"open","template":"tmp-onecolumn.php","meta":{"footnotes":""},"class_list":["post-3504","page","type-page","status-publish","hentry"],"a3_pvc":{"activated":true,"total_views":283,"today_views":0},"_links":{"self":[{"href":"https:\/\/meriller-vapeur.fr\/wp3\/index.php?rest_route=\/wp\/v2\/pages\/3504","targetHints":{"allow":["GET"]}}],"collection":[{"href":"https:\/\/meriller-vapeur.fr\/wp3\/index.php?rest_route=\/wp\/v2\/pages"}],"about":[{"href":"https:\/\/meriller-vapeur.fr\/wp3\/index.php?rest_route=\/wp\/v2\/types\/page"}],"author":[{"embeddable":true,"href":"https:\/\/meriller-vapeur.fr\/wp3\/index.php?rest_route=\/wp\/v2\/users\/1"}],"replies":[{"embeddable":true,"href":"https:\/\/meriller-vapeur.fr\/wp3\/index.php?rest_route=%2Fwp%2Fv2%2Fcomments&post=3504"}],"version-history":[{"count":0,"href":"https:\/\/meriller-vapeur.fr\/wp3\/index.php?rest_route=\/wp\/v2\/pages\/3504\/revisions"}],"up":[{"embeddable":true,"href":"https:\/\/meriller-vapeur.fr\/wp3\/index.php?rest_route=\/wp\/v2\/pages\/139"}],"wp:attachment":[{"href":"https:\/\/meriller-vapeur.fr\/wp3\/index.php?rest_route=%2Fwp%2Fv2%2Fmedia&parent=3504"}],"curies":[{"name":"wp","href":"https:\/\/api.w.org\/{rel}","templated":true}]}}