{"id":284,"date":"2017-09-18T17:30:57","date_gmt":"2017-09-18T15:30:57","guid":{"rendered":"http:\/\/meriller-vapeur.fr\/wp3\/?page_id=284"},"modified":"2020-11-05T17:42:57","modified_gmt":"2020-11-05T16:42:57","slug":"284-2","status":"publish","type":"page","link":"https:\/\/meriller-vapeur.fr\/wp3\/?page_id=284","title":{"rendered":"LA PHOTO du MOIS"},"content":{"rendered":"<h1>Quelques photos remarquables mises en valeur\u00a0:<br \/>\nChaque mois (ou plus souvent&#8230;), des photos originales, belles ou curieuses vous seront pr\u00e9sent\u00e9es ici !<\/h1>\n<p><strong><em>N&rsquo;h\u00e9sitez pas \u00e0 nous proposer vos clich\u00e9s.<\/em><\/strong><\/p>\n<h6>&gt; Les photos que nous avons re\u00e7ues vous sont pr\u00e9sent\u00e9es par ordre chronologique inverse, les plus anciennes en bas, donc.<\/h6>\n<pre><em>Mise \u00e0 jour le 05-11-2020.<\/em><\/pre>\n<ol>\n<li><a href=\"https:\/\/meriller-vapeur.fr\/wp3\/?page_id=12711\">novembre 2020 : Une BB 67000 \u00ab CAPITOLE \u00bb en visite \u00e0 P\u00e9rigueux !<\/a><\/li>\n<li><a href=\"https:\/\/meriller-vapeur.fr\/wp3\/?page_id=12020\">juin 2020 :\u00a0Des trains dans la prairie\u2026 (Roger MAROUBY).<\/a><\/li>\n<li><a href=\"https:\/\/meriller-vapeur.fr\/wp3\/?page_id=10406\">octobre 2019 : en gare de Latour-de-Carol \u2013 Enveitg (Jean-Claude ROGEAU).<\/a><\/li>\n<li><a href=\"https:\/\/meriller-vapeur.fr\/wp3\/?page_id=9979\">avril 2019 : La Gare de Sarlat (Jean PORCHER)<\/a><\/li>\n<li><a href=\"https:\/\/meriller-vapeur.fr\/wp3\/?page_id=9919\">mars 2019 : Divers engins en gares, en Dordogne (Pierre PERRIER)<\/a><\/li>\n<li><a href=\"https:\/\/meriller-vapeur.fr\/wp3\/?page_id=9841\">f\u00e9vrier 2019 : Photos autour de la Gare de P\u00e9rigueux \u00a0(Jean PORCHER)<\/a><\/li>\n<li><a href=\"https:\/\/meriller-vapeur.fr\/wp3\/?page_id=9585\">d\u00e9cembre 2018 :\u00a0Passage de la BB-57517 \u00e0 Chamiers 10 d\u00e9c. 2018 (Pierre PERRIER)<\/a><\/li>\n<li><a href=\"https:\/\/meriller-vapeur.fr\/wp3\/?page_id=9358\">novembre 2018 :\u00a0Rames TGV \u00e0 Bordeaux St Jean, Pierre PERRIER.<\/a><\/li>\n<li><a href=\"https:\/\/meriller-vapeur.fr\/wp3\/?page_id=9276\">octobre 2018 : Une Draisine CAMPAGNE oubli\u00e9e, Pierre PERRIER.<\/a><\/li>\n<li><a href=\"https:\/\/meriller-vapeur.fr\/wp3\/?page_id=9255\">octobre 2018 : Journ\u00e9es du Patrimoine 2018, Montlu\u00e7on et Limoges, Jean PORCHER.<\/a><\/li>\n<li><a href=\"https:\/\/meriller-vapeur.fr\/wp3\/?page_id=9218\">octobre 2018 :Trains en gare de P\u00e9rigueux, Laurent SIMON.<\/a><\/li>\n<li><a href=\"https:\/\/meriller-vapeur.fr\/wp3\/?page_id=9199\">septembre 2018 : CC 7155 Avignon f\u00e9vrier 1995, par Pierre PERRIER<\/a><\/li>\n<li><a href=\"https:\/\/meriller-vapeur.fr\/wp3\/?page_id=9181\">septembre 2018 : Premi\u00e8re rame R\u00e9giolis affect\u00e9e \u00e0 la relation directe Limoges\u2013Bordeaux Jean Porcher.<\/a><\/li>\n<li><a href=\"https:\/\/meriller-vapeur.fr\/wp3\/?page_id=9022\">ao\u00fbt 2018 : Haute-Auvergne : la Ligne du LIORAN f\u00eate ses 150 ans, Laurent Simon<\/a><\/li>\n<li><a href=\"https:\/\/meriller-vapeur.fr\/wp3\/?page_id=9125\">juillet 2018 : CHATEAULIN, la Gare. Roger Marouby.<\/a><\/li>\n<li><a href=\"https:\/\/meriller-vapeur.fr\/wp3\/?page_id=8840\">juillet 2018 :\u00a0CARHAIX : la locomotive MALLET\u00a0 030 \u2013 030\u00a0 E 415.<\/a><\/li>\n<li><a href=\"https:\/\/meriller-vapeur.fr\/wp3\/?page_id=8808\">juillet 2018 : Mus\u00e9e Ferroviaire du Menez (Finist\u00e8re). Roger Marouby.<\/a><\/li>\n<li><a href=\"https:\/\/meriller-vapeur.fr\/wp3\/?page_id=9022\">juillet 2018 :\u00a0la Ligne du LIORAN f\u00eate ses 150 ans\u00a0! (Page 2 \/ 2) Pierre Perrier.<\/a><\/li>\n<li><a href=\"https:\/\/meriller-vapeur.fr\/wp3\/?page_id=8917\">juillet 2018 :\u00a0la Ligne du LIORAN f\u00eate ses 150 ans\u00a0! (Page 1 \/ 2) Laurent Simon.<\/a><\/li>\n<li><a href=\"https:\/\/meriller-vapeur.fr\/wp3\/?page_id=8725\">mai 2018 :\u00a0Quelques jours \u00e0 Londres, mai 2018 par Pierre PERRIER.<\/a><\/li>\n<li><a href=\"https:\/\/meriller-vapeur.fr\/wp3\/?page_id=8303\">avril 2018 : \u00a0Poursuite des reportages en Gare de\u00a0P\u00e9rigueux (Jean Porcher)<\/a><\/li>\n<li><a href=\"https:\/\/meriller-vapeur.fr\/wp3\/?page_id=8346\">avril 2018 :\u00a0\u00ab\u00a0Arch\u00e9ologie\u00a0\u00bb en Gare d\u2019Agonac (Philippe DESCENDIER).<\/a><\/li>\n<li><a href=\"https:\/\/meriller-vapeur.fr\/wp3\/?page_id=8317\">mars 2018 :\u00a0vestiges du Chemin de Fer de l\u2019Est de Lyon (Pierre PERRIER).<\/a><\/li>\n<li><a href=\"https:\/\/meriller-vapeur.fr\/wp3\/?page_id=8303\">mars 2018 : Nouveaux aper\u00e7us en gare de iP\u00e9rigueux (Jean Porcher)<\/a>.<\/li>\n<li><a href=\"https:\/\/meriller-vapeur.fr\/wp3\/?page_id=8271\">mars 2018 :\u00a0Aper\u00e7us en gare de P\u00e9rigueux (Pierre Perrier).<\/a><\/li>\n<li><a href=\"https:\/\/meriller-vapeur.fr\/wp3\/?page_id=7743\">septembre 2017 : Le Ch\u00e2teau d\u2019eau de Niversac, vers une nouvelle vie ?\u2026<\/a><\/li>\n<li><a href=\"https:\/\/meriller-vapeur.fr\/wp3\/?page_id=7697\">ao\u00fbt 2017 : Vacances au Portugal (Pierre Perrier).<\/a><\/li>\n<li><a href=\"https:\/\/meriller-vapeur.fr\/wp3\/?page_id=7656\"><span style=\"background-color: #ffffff;\">juillet 2017 : Vapeur du Vivarais (Laurent Simon).<\/span><\/a><\/li>\n<li><a href=\"https:\/\/meriller-vapeur.fr\/wp3\/?page_id=7572\">juin 2017 :\u00a0Le Rond-Pont de Meriller-Vapeur, vue d\u2019ensemble.<\/a><\/li>\n<li><a href=\"https:\/\/meriller-vapeur.fr\/wp3\/?page_id=6969\">jan. 2017\u00a0: Laurent S. dans les P.O.<\/a><\/li>\n<li><a href=\"https:\/\/meriller-vapeur.fr\/wp3\/?page_id=6870\">d\u00e9c. 2016\u00a0: Pierre P. voyage\u00a0et\u00a0nous souhaite la bonne ann\u00e9e<\/a><\/li>\n<li><a href=\"http:\/\/meriller-vapeur.fr\/wp3\/?page_id=6315\">sept 2016\u00a0: \u00a0Pierre P. en vacances&#8230;<\/a><\/li>\n<li><a href=\"http:\/\/meriller-vapeur.fr\/wp3\/?page_id=6312\">sept 2016\u00a0: \u00a0Guitres, le retour par\u00a0J.C. Rogeau<\/a><\/li>\n<li><a href=\"http:\/\/meriller-vapeur.fr\/wp3\/?page_id=6295\">ao\u00fbt 2016\u00a0: Le TRAIN JAUNE en Cerdagne.<\/a><\/li>\n<li><a href=\"http:\/\/meriller-vapeur.fr\/wp3\/?p=6002\">juin 2016\u00a0: Chemin de Fer de la Baie de Somme.<\/a><\/li>\n<li><a href=\"http:\/\/meriller-vapeur.fr\/wp3\/?p=5937\">juin 2016\u00a0: Amiti\u00e9 entre Berlin et Paris\u2026<\/a><\/li>\n<li><a href=\"http:\/\/meriller-vapeur.fr\/wp3\/?page_id=5881\">juin 2016\u00a0: \u00a0Laurent Simon\u00a0:\u00a0La gare du Mont-Dore<\/a><\/li>\n<li><a href=\"http:\/\/meriller-vapeur.fr\/wp3\/?page_id=5901\">juin 2016\u00a0: Grare de Canfranc par J.C.Rogeau<\/a><\/li>\n<li><a href=\"http:\/\/meriller-vapeur.fr\/wp3\/?page_id=5775\">mai 2016\u00a0: \u00a0La 6065 au Rond-Point\u00a0: vision printani\u00e8re\u2026<\/a><\/li>\n<li><a href=\"http:\/\/meriller-vapeur.fr\/wp3\/?page_id=5932\">avril 2016\u00a0: amiti\u00e9 entre Berlin et Paris.<\/a><\/li>\n<li><a href=\"http:\/\/meriller-vapeur.fr\/wp3\/?page_id=5641\">Avril 2016\u00a0: Voyage \u00e0 Martel et son train touristique!<\/a><\/li>\n<li><a href=\"http:\/\/meriller-vapeur.fr\/wp3\/?page_id=5628\">Avril 2016\u00a0: Depuis la Gare de Rome, notre envoy\u00e9 sp\u00e9cial Patrice T. nous adresse\u00a0de beaux\u00a0clich\u00e9s.<\/a><\/li>\n<li><a href=\"http:\/\/meriller-vapeur.fr\/wp3\/?page_id=5615\">Avril 2016\u00a0: Pierre Perrier re-shoote \u00e0\u00a0P\u00e9rigueux\u2026!<\/a><\/li>\n<li><a href=\"http:\/\/meriller-vapeur.fr\/wp3\/?page_id=5587\">Avril 2016\u00a0: Pierre Perrier shoote en gare de Brive !<\/a><\/li>\n<li><a href=\"http:\/\/meriller-vapeur.fr\/wp3\/?page_id=5306\">F\u00e9vrier 2016\u00a0: Laurent Simon a vu sortir des Ateliers&#8230;<\/a><\/li>\n<li><a href=\"http:\/\/meriller-vapeur.fr\/wp3\/?page_id=5238\">D\u00e9cembre 2015\u00a0: Jean-Claude Rogeau pr\u00e9sente la \u201cplus belle Gare du monde\u201d!<\/a><\/li>\n<li><a href=\"http:\/\/meriller-vapeur.fr\/wp3\/?page_id=5010\">Novembre 2015\u00a0: Pierre Perrier nous adresse deux clich\u00e9s pris en gare&#8230;<\/a><\/li>\n<li><a href=\"http:\/\/meriller-vapeur.fr\/wp3\/?page_id=4957\">Octobre 2015\u00a0: Laurent Simon pr\u00e9sente de belles locomotives&#8230;<\/a><\/li>\n<li><a href=\"http:\/\/meriller-vapeur.fr\/wp3\/?page_id=4853\">Septembre 2015\u00a0:<\/a>\u00a0<a href=\"http:\/\/meriller-vapeur.fr\/wp3\/?page_id=4853\">Vacances en Ecosse\u00a0: un reportage magnifique de Patrice T.<\/a><\/li>\n<li><a href=\"http:\/\/meriller-vapeur.fr\/wp3\/?page_id=4311\">Aout 2015\u00a0: Le \u00ab\u00a0Train des Mouettes\u00a0\u00bb, visit\u00e9 par Laurent SIMON en juin dernier.<\/a><\/li>\n<li><a href=\"http:\/\/meriller-vapeur.fr\/wp3\/?page_id=4390\">Aout 2015\u00a0:\u00a0Photos ferroviaires de Franck G. 2012-2015.<\/a><\/li>\n<li><a href=\"http:\/\/meriller-vapeur.fr\/wp3\/?page_id=4296\">Aout 2015\u00a0:\u00a0La BB 26233 \u00e0 Limoges.<\/a><\/li>\n<li><a href=\"http:\/\/meriller-vapeur.fr\/wp3\/?page_id=4221\">Juillet 2015\u00a0:\u00a0locomotive 140 C 38 du CFTLP lors de son excursion en Dordogne<\/a><\/li>\n<li><a href=\"http:\/\/meriller-vapeur.fr\/wp3\/?page_id=4162\">Juin 2015\u00a0: Mus\u00e9e du Rail de Dinan, visit\u00e9 par Patrice T.<\/a><\/li>\n<li><a href=\"http:\/\/meriller-vapeur.fr\/wp3\/?page_id=3987\">Avril 2015\u00a0: Moyens de Transport \u00e0 Prague, par Patrice T.<\/a><\/li>\n<li><a href=\"http:\/\/meriller-vapeur.fr\/wp3\/?page_id=3840\">Avril 2015\u00a0: Tacot du P\u00e9rigord.<\/a><\/li>\n<li><a title=\"Train de Gu\u00eetres (suite).\" href=\"http:\/\/meriller-vapeur.fr\/wp3\/?page_id=3100\">Septembre 2014\u00a0: Gu\u00eetres vu sous autre angle par Alain C.<\/a><\/li>\n<li><a title=\"Le Vice Pr\u00e9sident et le Train de Gu\u00eetres.\" href=\"http:\/\/meriller-vapeur.fr\/wp3\/?page_id=3070\">Septembre 2014\u00a0:\u00a0au gr\u00e9 des promenades du Vice-Pr\u00e9sident \u00e0 Gu\u00eetres en Gironde.<\/a><\/li>\n<li><a title=\"La 140.C.38 du C.F.T.L.P. (Chemin de Fer Touristique Limousin-P\u00e9rigord) est de sortie!\" href=\"http:\/\/meriller-vapeur.fr\/wp3\/?page_id=2621\">Mai 2014\u00a0: la 140.C.38 du \u00a0C.F.T.L.P. (Chemin de Fer Touristique Limousin-P\u00e9rigord) est de sortie! (Par Pierre PERRIER).<\/a><\/li>\n<li><a style=\"font-style: normal;\" title=\"Convoi de 6 autorails X 2200 \u00e0 P\u00e9rigueux\" href=\"http:\/\/meriller-vapeur.fr\/wp3\/?page_id=2568\">Mai 2014\u00a0:\u00a0Convoi de 6 autorails X 2200 \u00e0 P\u00e9rigueux, par Jean PORCHER.<\/a><\/li>\n<li><a style=\"font-style: normal;\" title=\"Charentes\u00a0: Vir\u00e9e en Pays de Loire\" href=\"http:\/\/meriller-vapeur.fr\/wp3\/?page_id=2018\">Mars 2014\u00a0: Vir\u00e9e en Pays de Loire, par Pierre Perrier.<\/a><\/li>\n<li><a style=\"font-style: normal;\" title=\"Transports de bois au Gabon.\" href=\"http:\/\/meriller-vapeur.fr\/wp3\/?page_id=1998\">Mars 2014\u00a0: Photos de transport de grumes sur le Trans-gabonais, par Bernard LABROUSSE.<\/a><\/li>\n<li><a style=\"font-style: normal;\" title=\"Fonderie de canons de Ruelle, chemins de fer industriels d\u00e9but 20\u00e8 si\u00e8cle.\" href=\"http:\/\/meriller-vapeur.fr\/wp3\/?page_id=1919\">Mars 2014\u00a0: Fonderie de canons de Ruelle, chemins de fer industriels d\u00e9but 20\u00e8 si\u00e8cle.<\/a><\/li>\n<li><a style=\"font-style: normal;\" title=\"Chemins de fers de Birmanie, des trac\u00e9s improbables!\" href=\"http:\/\/meriller-vapeur.fr\/wp3\/?page_id=1904\">Mars 2014\u00a0: Les trains de Birmanie, souvenirs de voyage de Y.Marouby.<\/a><\/li>\n<li><a style=\"font-style: normal;\" title=\"Corail-inter-cit\u00e9s : train 4492\" href=\"http:\/\/meriller-vapeur.fr\/wp3\/?page_id=1893\">F\u00e9vrier 2014\u00a0: Train Corail-inter-cit\u00e9s 4492 en provenance de Bordeaux-Saint-Jean.<\/a><\/li>\n<li><a style=\"font-style: normal;\" title=\"A Berlin!\" href=\"http:\/\/meriller-vapeur.fr\/wp3\/?page_id=896\">Septembre 2013\u00a0: le Vice Pr\u00e9sident \u00e0 Berlin!<\/a><\/li>\n<li><a style=\"font-style: normal;\" href=\"http:\/\/meriller-vapeur.fr\/documents\/photos_mois\/2013-05-a\/perigueuxmai2013.html\" target=\"_blank\" rel=\"noopener noreferrer\">Toujours en Mai 2013\u00a0:\u00a0le Vice Pr\u00e9sident surprend en gare la 66236 de Euro Cargo Rail.<\/a><\/li>\n<li><a style=\"font-style: normal;\" href=\"http:\/\/meriller-vapeur.fr\/documents\/photos_mois\/2013-05\/bretagnemai2013.html\" target=\"_blank\" rel=\"noopener noreferrer\">Mai 2013\u00a0: le Vice Pr\u00e9sident lors de ses p\u00e9riples \u00ab\u00a0petitenfantesques\u00a0\u00bb, n&rsquo;oublie pas les copains et le club.<\/a><\/li>\n<li><a style=\"font-style: normal;\" href=\"http:\/\/meriller-vapeur.fr\/documents\/photos_mois\/2013-03\/ter65333.html\" target=\"_blank\" rel=\"noopener noreferrer\">Mars 2013\u00a0: rame 72617\/72618, assurant le TER 65333 P\u00e9rigueux-Bordeaux<\/a><\/li>\n<li><a style=\"font-style: normal;\" href=\"http:\/\/meriller-vapeur.fr\/documents\/photos_mois\/2013-02\/z7308.html\" target=\"_blank\" rel=\"noopener noreferrer\">F\u00e9vrier 2013\u00a0: passage en gare de la Z 7308 remorqu\u00e9e par la BB 67610.<\/a><\/li>\n<li><a style=\"font-style: normal;\" href=\"http:\/\/meriller-vapeur.fr\/documents\/photos_mois\/2012-12\/2012-12.html\" target=\"_blank\" rel=\"noopener noreferrer\">D\u00e9cembre 2012\u00a0: au gr\u00e9 des promenades du Vice-Pr\u00e9sident en Gare de P\u00e9rigueux.<\/a><\/li>\n<li><a style=\"font-style: normal;\" href=\"http:\/\/meriller-vapeur.fr\/documents\/photos_mois\/2012-11a\/2012-11a.html\" target=\"_blank\" rel=\"noopener noreferrer\">Novembre 2012\u00a0: jolies photos prises en Gare de P\u00c9RIGUEUX!<\/a><\/li>\n<li><a style=\"font-style: normal;\" href=\"http:\/\/meriller-vapeur.fr\/documents\/photos_mois\/2012-11.html\" target=\"_blank\" rel=\"noopener noreferrer\">Novembre 2012\u00a0: une rame T\u00e9oz passe sous les fen\u00eatres de Sylvain!<\/a><\/li>\n<li><a style=\"font-style: normal;\" href=\"http:\/\/meriller-vapeur.fr\/documents\/photos_mois\/2012-10a.html\" target=\"_blank\" rel=\"noopener noreferrer\">Octobre 2012\u00a0: Roger MAROUBY a surpris un train de chantier \u00e0 NIVERSAC<\/a><\/li>\n<li><a style=\"font-style: normal;\" href=\"http:\/\/meriller-vapeur.fr\/documents\/photos_mois\/2012-10.html\" target=\"_blank\" rel=\"noopener noreferrer\">Octobre 2012\u00a0: Jean Porcher, en visite \u00e0 Mulhouse, \u00e0 la Cit\u00e9 du Train.<\/a><\/li>\n<li><a style=\"font-style: normal;\" href=\"http:\/\/meriller-vapeur.fr\/documents\/photos_mois\/2012-09.html\">Septembre 2012\u00a0: Jean Porcher, transport \u00e0 destination des Papeteries de Condat.<\/a><\/li>\n<li><a style=\"font-style: normal;\" href=\"http:\/\/meriller-vapeur.fr\/documents\/photos_mois\/2012-07a.html\" target=\"_blank\" rel=\"noopener noreferrer\">Juillet 2012, photo (2010) de Michel DELMAS d&rsquo;une 130 tender monument expos\u00e9e \u00e0 Damas<\/a>.<\/li>\n<li><a style=\"font-style: normal;\" href=\"http:\/\/meriller-vapeur.fr\/documents\/photos_mois\/2012-07.html\" target=\"_blank\" rel=\"noopener noreferrer\">Juillet 2012, des photos en provenance de Carnoules (83)<\/a><\/li>\n<li><a style=\"font-style: normal;\" href=\"http:\/\/meriller-vapeur.fr\/documents\/photos_mois\/2012-06.html\" target=\"_blank\" rel=\"noopener noreferrer\">Juin 2012, une belle visiteuse en gare de P\u00e9rigueux&#8230;<\/a><\/li>\n<li><a style=\"font-style: normal;\" href=\"http:\/\/meriller-vapeur.fr\/documents\/photos_mois\/2012-05.html\" target=\"_blank\" rel=\"noopener noreferrer\">Mai 2012, de Cuba ou d&rsquo;ailleurs, des photos int\u00e9ressantes<\/a><a style=\"font-style: normal;\" href=\"http:\/\/meriller-vapeur.fr\/documents\/photos_mois\/2012-05.html\" target=\"_blank\" rel=\"noopener noreferrer\">.<\/a><\/li>\n<li><a style=\"font-style: normal;\" href=\"http:\/\/meriller-vapeur.fr\/documents\/photos_mois\/2012-04a.html\" target=\"_blank\" rel=\"noopener noreferrer\">Avril 2012 de nouveaux clich\u00e9s<\/a>\u00a0de notre ami Jean PORCHER!<\/li>\n<li><a style=\"font-style: normal;\" href=\"http:\/\/meriller-vapeur.fr\/documents\/photos_mois\/2012-04.html\" target=\"_blank\" rel=\"noopener noreferrer\">Avril 2012 &#8211; de Michel Delmas\u00a0: Loco de plantation de canne \u00e0 sucre \u00e0 La Havane.<\/a><\/li>\n<li><a style=\"font-style: normal;\" href=\"http:\/\/meriller-vapeur.fr\/documents\/photos_mois\/2012-03a.html\" target=\"_blank\" rel=\"noopener noreferrer\">Mars 2012 &#8211; de Christian Marchandise\u00a0: la BB 26004 livr\u00e9e fant\u00f4me.<\/a><\/li>\n<li><a style=\"font-style: normal;\" href=\"http:\/\/meriller-vapeur.fr\/documents\/photos_mois\/2012-03.html\" target=\"_blank\" rel=\"noopener noreferrer\">Mars 2012 &#8211; de S\u00e9bastien MAROUBY\u00a0: Le Pont de la Rivi\u00e8re Kwai!<\/a><\/li>\n<li><a style=\"font-style: normal;\" href=\"http:\/\/meriller-vapeur.fr\/documents\/photos_mois\/2012-02.html\" target=\"_blank\" rel=\"noopener noreferrer\">F\u00e9vrier 2012 &#8211; De Jean PORCHER\u00a0: P\u00e9rigueux sous la neige.<\/a><\/li>\n<li><a style=\"font-style: normal;\" href=\"http:\/\/meriller-vapeur.fr\/documents\/photos_mois\/2012-01a.html\" target=\"_blank\" rel=\"noopener noreferrer\">Janvier 2012 &#8211; de Sylvain R.\u00a0: la BB 4240<\/a><\/li>\n<li><a style=\"font-style: normal;\" href=\"http:\/\/meriller-vapeur.fr\/documents\/photos_mois\/2012-01.html\" target=\"_blank\" rel=\"noopener noreferrer\">Janvier 2012 &#8211; De Pierre P.\u00a0: Belphegor!<\/a><\/li>\n<li><a style=\"font-style: normal;\" href=\"http:\/\/meriller-vapeur.fr\/documents\/photos_mois\/2011-10c.html\" target=\"_blank\" rel=\"noopener noreferrer\">Novembre 2011 &#8211; de Sylvain R.\u00a0: la 2D2 9105.<\/a><\/li>\n<li><a style=\"font-style: normal;\" href=\"http:\/\/meriller-vapeur.fr\/documents\/photos_mois\/2011-10d.html\" target=\"_blank\" rel=\"noopener noreferrer\">Novembre 2011 &#8211; La BB 26001 dans sa livr\u00e9e \u00ab\u00a0En Voyage\u00a0\u00bb en gare de Paris-Austerlitz le 29\/11\/2011<\/a>.<\/li>\n<li><a style=\"font-style: normal;\" href=\"http:\/\/meriller-vapeur.fr\/documents\/photos_mois\/2011-11.html\" target=\"_blank\" rel=\"noopener noreferrer\">Novembre 2011 &#8211; Au Bugue, train de chantier sur la ligne Bergerac-Sarlat.<\/a><\/li>\n<li><a style=\"font-style: normal;\" href=\"http:\/\/meriller-vapeur.fr\/documents\/photos_mois\/2011-10b.html\" target=\"_blank\" rel=\"noopener noreferrer\">Octobre 2011 &#8211; CC Cargo Net<\/a><\/li>\n<li><a style=\"font-style: normal;\" href=\"http:\/\/meriller-vapeur.fr\/documents\/photos_mois\/2011-10a.html\" target=\"_blank\" rel=\"noopener noreferrer\">Octobre 2011 &#8211; En gare de P\u00e9kin&#8230;<\/a><\/li>\n<li><a style=\"font-style: normal;\" href=\"http:\/\/meriller-vapeur.fr\/documents\/photos_mois\/2011-09b.html\" target=\"_blank\" rel=\"noopener noreferrer\">Septembre 2011- Le train rapide japonais.<\/a><\/li>\n<li><a style=\"font-style: normal;\" href=\"http:\/\/meriller-vapeur.fr\/documents\/photos_mois\/2011-09a.html\" target=\"_blank\" rel=\"noopener noreferrer\">Septembre 2011 &#8211; Autorail X 2800 de Limoges.<\/a><\/li>\n<li><a style=\"font-style: normal;\" href=\"http:\/\/meriller-vapeur.fr\/documents\/photos_mois\/2011-07.html\" target=\"_blank\" rel=\"noopener noreferrer\">Juillet 2011 &#8211; La 141 TD 740\u00a0retrouv\u00e9e&#8230;<\/a><\/li>\n<\/ol>\n<div class=\"pvc_clear\"><\/div>\n<p id=\"pvc_stats_284\" class=\"pvc_stats all  \" data-element-id=\"284\" style=\"\"><i class=\"pvc-stats-icon medium\" aria-hidden=\"true\"><svg aria-hidden=\"true\" focusable=\"false\" data-prefix=\"far\" data-icon=\"chart-bar\" role=\"img\" xmlns=\"http:\/\/www.w3.org\/2000\/svg\" viewBox=\"0 0 512 512\" class=\"svg-inline--fa fa-chart-bar fa-w-16 fa-2x\"><path fill=\"currentColor\" d=\"M396.8 352h22.4c6.4 0 12.8-6.4 12.8-12.8V108.8c0-6.4-6.4-12.8-12.8-12.8h-22.4c-6.4 0-12.8 6.4-12.8 12.8v230.4c0 6.4 6.4 12.8 12.8 12.8zm-192 0h22.4c6.4 0 12.8-6.4 12.8-12.8V140.8c0-6.4-6.4-12.8-12.8-12.8h-22.4c-6.4 0-12.8 6.4-12.8 12.8v198.4c0 6.4 6.4 12.8 12.8 12.8zm96 0h22.4c6.4 0 12.8-6.4 12.8-12.8V204.8c0-6.4-6.4-12.8-12.8-12.8h-22.4c-6.4 0-12.8 6.4-12.8 12.8v134.4c0 6.4 6.4 12.8 12.8 12.8zM496 400H48V80c0-8.84-7.16-16-16-16H16C7.16 64 0 71.16 0 80v336c0 17.67 14.33 32 32 32h464c8.84 0 16-7.16 16-16v-16c0-8.84-7.16-16-16-16zm-387.2-48h22.4c6.4 0 12.8-6.4 12.8-12.8v-70.4c0-6.4-6.4-12.8-12.8-12.8h-22.4c-6.4 0-12.8 6.4-12.8 12.8v70.4c0 6.4 6.4 12.8 12.8 12.8z\" class=\"\"><\/path><\/svg><\/i> <img loading=\"lazy\" decoding=\"async\" width=\"16\" height=\"16\" alt=\"Loading\" src=\"https:\/\/meriller-vapeur.fr\/wp3\/wp-content\/plugins\/page-views-count\/ajax-loader-2x.gif\" border=0 \/><\/p>\n<div class=\"pvc_clear\"><\/div>\n","protected":false},"excerpt":{"rendered":"<p>Quelques photos remarquables mises en valeur\u00a0: Chaque mois (ou plus souvent&#8230;), des photos originales, belles ou curieuses vous seront pr\u00e9sent\u00e9es ici ! N&rsquo;h\u00e9sitez pas \u00e0 nous proposer vos clich\u00e9s. &gt; Les photos que nous avons re\u00e7ues vous sont pr\u00e9sent\u00e9es par ordre chronologique inverse, les plus anciennes en bas, donc. Mise \u00e0 jour le 05-11-2020. novembre\u2026 <span class=\"read-more\"><a href=\"https:\/\/meriller-vapeur.fr\/wp3\/?page_id=284\">Read More &raquo;<\/a><\/span><\/p>\n<div class=\"pvc_clear\"><\/div>\n<p id=\"pvc_stats_284\" class=\"pvc_stats all  \" data-element-id=\"284\" style=\"\"><i class=\"pvc-stats-icon medium\" aria-hidden=\"true\"><svg aria-hidden=\"true\" focusable=\"false\" data-prefix=\"far\" data-icon=\"chart-bar\" role=\"img\" xmlns=\"http:\/\/www.w3.org\/2000\/svg\" viewBox=\"0 0 512 512\" class=\"svg-inline--fa fa-chart-bar fa-w-16 fa-2x\"><path fill=\"currentColor\" d=\"M396.8 352h22.4c6.4 0 12.8-6.4 12.8-12.8V108.8c0-6.4-6.4-12.8-12.8-12.8h-22.4c-6.4 0-12.8 6.4-12.8 12.8v230.4c0 6.4 6.4 12.8 12.8 12.8zm-192 0h22.4c6.4 0 12.8-6.4 12.8-12.8V140.8c0-6.4-6.4-12.8-12.8-12.8h-22.4c-6.4 0-12.8 6.4-12.8 12.8v198.4c0 6.4 6.4 12.8 12.8 12.8zm96 0h22.4c6.4 0 12.8-6.4 12.8-12.8V204.8c0-6.4-6.4-12.8-12.8-12.8h-22.4c-6.4 0-12.8 6.4-12.8 12.8v134.4c0 6.4 6.4 12.8 12.8 12.8zM496 400H48V80c0-8.84-7.16-16-16-16H16C7.16 64 0 71.16 0 80v336c0 17.67 14.33 32 32 32h464c8.84 0 16-7.16 16-16v-16c0-8.84-7.16-16-16-16zm-387.2-48h22.4c6.4 0 12.8-6.4 12.8-12.8v-70.4c0-6.4-6.4-12.8-12.8-12.8h-22.4c-6.4 0-12.8 6.4-12.8 12.8v70.4c0 6.4 6.4 12.8 12.8 12.8z\" class=\"\"><\/path><\/svg><\/i> <img loading=\"lazy\" decoding=\"async\" width=\"16\" height=\"16\" alt=\"Loading\" src=\"https:\/\/meriller-vapeur.fr\/wp3\/wp-content\/plugins\/page-views-count\/ajax-loader-2x.gif\" border=0 \/><\/p>\n<div class=\"pvc_clear\"><\/div>\n","protected":false},"author":1,"featured_media":0,"parent":142,"menu_order":0,"comment_status":"open","ping_status":"open","template":"","meta":{"footnotes":""},"class_list":["post-284","page","type-page","status-publish","hentry"],"a3_pvc":{"activated":true,"total_views":2872,"today_views":0},"_links":{"self":[{"href":"https:\/\/meriller-vapeur.fr\/wp3\/index.php?rest_route=\/wp\/v2\/pages\/284","targetHints":{"allow":["GET"]}}],"collection":[{"href":"https:\/\/meriller-vapeur.fr\/wp3\/index.php?rest_route=\/wp\/v2\/pages"}],"about":[{"href":"https:\/\/meriller-vapeur.fr\/wp3\/index.php?rest_route=\/wp\/v2\/types\/page"}],"author":[{"embeddable":true,"href":"https:\/\/meriller-vapeur.fr\/wp3\/index.php?rest_route=\/wp\/v2\/users\/1"}],"replies":[{"embeddable":true,"href":"https:\/\/meriller-vapeur.fr\/wp3\/index.php?rest_route=%2Fwp%2Fv2%2Fcomments&post=284"}],"version-history":[{"count":0,"href":"https:\/\/meriller-vapeur.fr\/wp3\/index.php?rest_route=\/wp\/v2\/pages\/284\/revisions"}],"up":[{"embeddable":true,"href":"https:\/\/meriller-vapeur.fr\/wp3\/index.php?rest_route=\/wp\/v2\/pages\/142"}],"wp:attachment":[{"href":"https:\/\/meriller-vapeur.fr\/wp3\/index.php?rest_route=%2Fwp%2Fv2%2Fmedia&parent=284"}],"curies":[{"name":"wp","href":"https:\/\/api.w.org\/{rel}","templated":true}]}}