{"id":2732,"date":"2014-07-27T17:44:24","date_gmt":"2014-07-27T15:44:24","guid":{"rendered":"http:\/\/meriller-vapeur.fr\/wp3\/?page_id=2732"},"modified":"2014-07-30T19:05:17","modified_gmt":"2014-07-30T17:05:17","slug":"2014-0727","status":"publish","type":"page","link":"https:\/\/meriller-vapeur.fr\/wp3\/?page_id=2732","title":{"rendered":"La TOUR BLANCHE, 24 juillet 2014."},"content":{"rendered":"<div id=\"attachment_2801\" style=\"width: 698px\" class=\"wp-caption aligncenter\"><a href=\"http:\/\/meriller-vapeur.fr\/wp3\/wp-content\/uploads\/2014\/07\/DSC08922a.jpg\" target=\"_blank\"><img loading=\"lazy\" decoding=\"async\" aria-describedby=\"caption-attachment-2801\" class=\"wp-image-2801 size-large\" src=\"http:\/\/meriller-vapeur.fr\/wp3\/wp-content\/uploads\/2014\/07\/DSC08922a-1024x408.jpg\" alt=\"IF\" width=\"688\" height=\"274\" srcset=\"https:\/\/meriller-vapeur.fr\/wp3\/wp-content\/uploads\/2014\/07\/DSC08922a-1024x408.jpg 1024w, https:\/\/meriller-vapeur.fr\/wp3\/wp-content\/uploads\/2014\/07\/DSC08922a-300x119.jpg 300w\" sizes=\"auto, (max-width: 688px) 100vw, 688px\" \/><\/a><p id=\"caption-attachment-2801\" class=\"wp-caption-text\">D\u00e9part des randonneurs, le matin du 24 juillet 2014.<\/p><\/div>\n<p><span style=\"color: #000000;\">A l&rsquo;occasion de la <span style=\"color: #545454;\">\u00a0<\/span><span style=\"font-weight: bold; color: #545454;\">Randonn\u00e9e p\u00e9destre<\/span><span style=\"color: #545454;\">\u00a0du 24 juillet 2014\u00a0sur les traces de l&rsquo;ancienne voie ferr\u00e9e une petite exposition ferroviaire \u00e9tait propos\u00e9e aux marcheurs.<\/span><\/span><\/p>\n<p><span style=\"color: #000000;\">Cette exposition \u00e9tait l&rsquo;occasion de pr\u00e9senter l&rsquo;ensemble de la documentation que l&rsquo;Association a rassembl\u00e9e sur le train en Dordogne. Travail consid\u00e9rable et pr\u00e9cieux pour les archives du Chemin de Fer \u00a0en P\u00e9rigord.<\/span><\/p>\n<p>Nous pr\u00e9sentions \u00e9galement\u00a0:<\/p>\n<ul>\n<li>Un circuit de Train\u00a0de jardin \u00a0\u00e0 l&rsquo; \u00e9chelle \u00a0\u00ab\u00a0O\u00a0\u00bb<\/li>\n<li>Une collection de lanternes SNCF\u00a0et les machines diverses en pr\u00e9sentation statique, r\u00e9alis\u00e9es par des membres du club.<\/li>\n<li>Le montage du r\u00e9seau digital \u00ab\u00a0Agonac\u00a0\u00bb\u00a0:\n<ul>\n<li>mise en place des rames\u00a0SNCF\u00a0\u00e0 l&rsquo; echelle HO<\/li>\n<li>r\u00e9ception et commentaires sur les mise en marche des rames<\/li>\n<\/ul>\n<\/li>\n<\/ul>\n<p><span style=\"color: #000000;\">Les impressions des exposants\u00a0: \u00ab\u00a0Nous avons eu le plaisir de rencontrer une forte affluence et beaucoup de questions sur la conception et la marche du r\u00e9seau.<br \/>\n<\/span>Dure journ\u00e9e mais nous sommes super contents\u00a0de cette tr\u00e8s belle r\u00e9ussite!\u00a0\u00bb<\/p>\n\n\t\t<style type=\"text\/css\">\n\t\t\t#gallery-1 {\n\t\t\t\tmargin: auto;\n\t\t\t}\n\t\t\t#gallery-1 .gallery-item {\n\t\t\t\tfloat: left;\n\t\t\t\tmargin-top: 10px;\n\t\t\t\ttext-align: center;\n\t\t\t\twidth: 33%;\n\t\t\t}\n\t\t\t#gallery-1 img {\n\t\t\t\tborder: 2px solid #cfcfcf;\n\t\t\t}\n\t\t\t#gallery-1 .gallery-caption {\n\t\t\t\tmargin-left: 0;\n\t\t\t}\n\t\t\t\/* see gallery_shortcode() in wp-includes\/media.php *\/\n\t\t<\/style>\n\t\t<div id='gallery-1' class='gallery galleryid-2732 gallery-columns-3 gallery-size-thumbnail'><dl class='gallery-item'>\n\t\t\t<dt class='gallery-icon landscape'>\n\t\t\t\t<a href='https:\/\/meriller-vapeur.fr\/wp3\/?attachment_id=2735'><img loading=\"lazy\" decoding=\"async\" width=\"150\" height=\"150\" src=\"https:\/\/meriller-vapeur.fr\/wp3\/wp-content\/uploads\/2014\/07\/IMG_1967-150x150.jpg\" class=\"attachment-thumbnail size-thumbnail\" alt=\"\" aria-describedby=\"gallery-1-2735\" \/><\/a>\n\t\t\t<\/dt>\n\t\t\t\t<dd class='wp-caption-text gallery-caption' id='gallery-1-2735'>\n\t\t\t\tL&rsquo;ensemble de la documentation que l&rsquo;Association a rassembl\u00e9s sur le train en Dordogne (Avec en vignettes d&rsquo;autres vues de la pr\u00e9sentation).\n\t\t\t\t<\/dd><\/dl><dl class='gallery-item'>\n\t\t\t<dt class='gallery-icon landscape'>\n\t\t\t\t<a href='https:\/\/meriller-vapeur.fr\/wp3\/?attachment_id=2736'><img loading=\"lazy\" decoding=\"async\" width=\"150\" height=\"150\" src=\"https:\/\/meriller-vapeur.fr\/wp3\/wp-content\/uploads\/2014\/07\/IMG_1973-150x150.jpg\" class=\"attachment-thumbnail size-thumbnail\" alt=\"\" aria-describedby=\"gallery-1-2736\" \/><\/a>\n\t\t\t<\/dt>\n\t\t\t\t<dd class='wp-caption-text gallery-caption' id='gallery-1-2736'>\n\t\t\t\tMontage du r\u00e9seau (En vignettes, le train de jardin et les lanternes SNCF.).\n\t\t\t\t<\/dd><\/dl><dl class='gallery-item'>\n\t\t\t<dt class='gallery-icon landscape'>\n\t\t\t\t<a href='https:\/\/meriller-vapeur.fr\/wp3\/?attachment_id=2737'><img loading=\"lazy\" decoding=\"async\" width=\"150\" height=\"150\" src=\"https:\/\/meriller-vapeur.fr\/wp3\/wp-content\/uploads\/2014\/07\/IMG_1974-150x150.jpg\" class=\"attachment-thumbnail size-thumbnail\" alt=\"\" aria-describedby=\"gallery-1-2737\" \/><\/a>\n\t\t\t<\/dt>\n\t\t\t\t<dd class='wp-caption-text gallery-caption' id='gallery-1-2737'>\n\t\t\t\tDiverses machines en pr\u00e9sentation statique&#8230;\n\t\t\t\t<\/dd><\/dl><br style=\"clear: both\" \/><dl class='gallery-item'>\n\t\t\t<dt class='gallery-icon landscape'>\n\t\t\t\t<a href='https:\/\/meriller-vapeur.fr\/wp3\/?attachment_id=2738'><img loading=\"lazy\" decoding=\"async\" width=\"150\" height=\"150\" src=\"https:\/\/meriller-vapeur.fr\/wp3\/wp-content\/uploads\/2014\/07\/IMG_1978-150x150.jpg\" class=\"attachment-thumbnail size-thumbnail\" alt=\"\" \/><\/a>\n\t\t\t<\/dt><\/dl><dl class='gallery-item'>\n\t\t\t<dt class='gallery-icon landscape'>\n\t\t\t\t<a href='https:\/\/meriller-vapeur.fr\/wp3\/?attachment_id=2739'><img loading=\"lazy\" decoding=\"async\" width=\"150\" height=\"150\" src=\"https:\/\/meriller-vapeur.fr\/wp3\/wp-content\/uploads\/2014\/07\/IMG_1979-150x150.jpg\" class=\"attachment-thumbnail size-thumbnail\" alt=\"\" \/><\/a>\n\t\t\t<\/dt><\/dl><dl class='gallery-item'>\n\t\t\t<dt class='gallery-icon landscape'>\n\t\t\t\t<a href='https:\/\/meriller-vapeur.fr\/wp3\/?attachment_id=2740'><img loading=\"lazy\" decoding=\"async\" width=\"150\" height=\"150\" src=\"https:\/\/meriller-vapeur.fr\/wp3\/wp-content\/uploads\/2014\/07\/IMG_1980-150x150.jpg\" class=\"attachment-thumbnail size-thumbnail\" alt=\"\" \/><\/a>\n\t\t\t<\/dt><\/dl><br style=\"clear: both\" \/><dl class='gallery-item'>\n\t\t\t<dt class='gallery-icon landscape'>\n\t\t\t\t<a href='https:\/\/meriller-vapeur.fr\/wp3\/?attachment_id=2741'><img loading=\"lazy\" decoding=\"async\" width=\"150\" height=\"150\" src=\"https:\/\/meriller-vapeur.fr\/wp3\/wp-content\/uploads\/2014\/07\/IMG_1981-150x150.jpg\" class=\"attachment-thumbnail size-thumbnail\" alt=\"\" aria-describedby=\"gallery-1-2741\" \/><\/a>\n\t\t\t<\/dt>\n\t\t\t\t<dd class='wp-caption-text gallery-caption' id='gallery-1-2741'>\n\t\t\t\tBeaucoup de monde autour du r\u00e9seau \u00ab\u00a0Agonac\u00a0\u00bb&#8230;\n\t\t\t\t<\/dd><\/dl><dl class='gallery-item'>\n\t\t\t<dt class='gallery-icon landscape'>\n\t\t\t\t<a href='https:\/\/meriller-vapeur.fr\/wp3\/?attachment_id=2742'><img loading=\"lazy\" decoding=\"async\" width=\"150\" height=\"150\" src=\"https:\/\/meriller-vapeur.fr\/wp3\/wp-content\/uploads\/2014\/07\/IMG_1982-150x150.jpg\" class=\"attachment-thumbnail size-thumbnail\" alt=\"\" \/><\/a>\n\t\t\t<\/dt><\/dl><dl class='gallery-item'>\n\t\t\t<dt class='gallery-icon landscape'>\n\t\t\t\t<a href='https:\/\/meriller-vapeur.fr\/wp3\/?attachment_id=2743'><img loading=\"lazy\" decoding=\"async\" width=\"150\" height=\"150\" src=\"https:\/\/meriller-vapeur.fr\/wp3\/wp-content\/uploads\/2014\/07\/IMG_1983-150x150.jpg\" class=\"attachment-thumbnail size-thumbnail\" alt=\"\" aria-describedby=\"gallery-1-2743\" \/><\/a>\n\t\t\t<\/dt>\n\t\t\t\t<dd class='wp-caption-text gallery-caption' id='gallery-1-2743'>\n\t\t\t\tUn responsable joue le papy g\u00e2teau pour r\u00e9pondre \u00e0 un passionn\u00e9. \n\t\t\t\t<\/dd><\/dl><br style=\"clear: both\" \/><dl class='gallery-item'>\n\t\t\t<dt class='gallery-icon landscape'>\n\t\t\t\t<a href='https:\/\/meriller-vapeur.fr\/wp3\/?attachment_id=2744'><img loading=\"lazy\" decoding=\"async\" width=\"150\" height=\"150\" src=\"https:\/\/meriller-vapeur.fr\/wp3\/wp-content\/uploads\/2014\/07\/IMG_1985-150x150.jpg\" class=\"attachment-thumbnail size-thumbnail\" alt=\"\" \/><\/a>\n\t\t\t<\/dt><\/dl><dl class='gallery-item'>\n\t\t\t<dt class='gallery-icon landscape'>\n\t\t\t\t<a href='https:\/\/meriller-vapeur.fr\/wp3\/?attachment_id=2745'><img loading=\"lazy\" decoding=\"async\" width=\"150\" height=\"150\" src=\"https:\/\/meriller-vapeur.fr\/wp3\/wp-content\/uploads\/2014\/07\/IMG_1988-150x150.jpg\" class=\"attachment-thumbnail size-thumbnail\" alt=\"\" aria-describedby=\"gallery-1-2745\" \/><\/a>\n\t\t\t<\/dt>\n\t\t\t\t<dd class='wp-caption-text gallery-caption' id='gallery-1-2745'>\n\t\t\t\tToujours beaucoup de monde autour du r\u00e9seau \u00ab\u00a0Agonac\u00a0\u00bb.\n\t\t\t\t<\/dd><\/dl><dl class='gallery-item'>\n\t\t\t<dt class='gallery-icon landscape'>\n\t\t\t\t<a href='https:\/\/meriller-vapeur.fr\/wp3\/?attachment_id=2746'><img loading=\"lazy\" decoding=\"async\" width=\"150\" height=\"150\" src=\"https:\/\/meriller-vapeur.fr\/wp3\/wp-content\/uploads\/2014\/07\/IMG_1991-150x150.jpg\" class=\"attachment-thumbnail size-thumbnail\" alt=\"\" \/><\/a>\n\t\t\t<\/dt><\/dl><br style=\"clear: both\" \/><dl class='gallery-item'>\n\t\t\t<dt class='gallery-icon landscape'>\n\t\t\t\t<a href='https:\/\/meriller-vapeur.fr\/wp3\/?attachment_id=2747'><img loading=\"lazy\" decoding=\"async\" width=\"150\" height=\"150\" src=\"https:\/\/meriller-vapeur.fr\/wp3\/wp-content\/uploads\/2014\/07\/IMG_1992-150x150.jpg\" class=\"attachment-thumbnail size-thumbnail\" alt=\"\" aria-describedby=\"gallery-1-2747\" \/><\/a>\n\t\t\t<\/dt>\n\t\t\t\t<dd class='wp-caption-text gallery-caption' id='gallery-1-2747'>\n\t\t\t\tSuperbe machine \u00e0 vapeur  \u00ab\u00a0BIG BOY\u00a0\u00bb.\n\t\t\t\t<\/dd><\/dl><dl class='gallery-item'>\n\t\t\t<dt class='gallery-icon landscape'>\n\t\t\t\t<a href='https:\/\/meriller-vapeur.fr\/wp3\/?attachment_id=2748'><img loading=\"lazy\" decoding=\"async\" width=\"150\" height=\"150\" src=\"https:\/\/meriller-vapeur.fr\/wp3\/wp-content\/uploads\/2014\/07\/IMG_1993-150x150.jpg\" class=\"attachment-thumbnail size-thumbnail\" alt=\"\" aria-describedby=\"gallery-1-2748\" \/><\/a>\n\t\t\t<\/dt>\n\t\t\t\t<dd class='wp-caption-text gallery-caption' id='gallery-1-2748'>\n\t\t\t\tL&rsquo;envers du d\u00e9cor!\n\t\t\t\t<\/dd><\/dl><dl class='gallery-item'>\n\t\t\t<dt class='gallery-icon landscape'>\n\t\t\t\t<a href='https:\/\/meriller-vapeur.fr\/wp3\/?attachment_id=2749'><img loading=\"lazy\" decoding=\"async\" width=\"150\" height=\"150\" src=\"https:\/\/meriller-vapeur.fr\/wp3\/wp-content\/uploads\/2014\/07\/IMG_1994-150x150.jpg\" class=\"attachment-thumbnail size-thumbnail\" alt=\"\" aria-describedby=\"gallery-1-2749\" \/><\/a>\n\t\t\t<\/dt>\n\t\t\t\t<dd class='wp-caption-text gallery-caption' id='gallery-1-2749'>\n\t\t\t\tLes visiteurs en passant par l\u2019estrade de l\u2019expo\u00a0: attention le train de jardin tourne\u2026\n\t\t\t\t<\/dd><\/dl><br style=\"clear: both\" \/><dl class='gallery-item'>\n\t\t\t<dt class='gallery-icon landscape'>\n\t\t\t\t<a href='https:\/\/meriller-vapeur.fr\/wp3\/?attachment_id=2750'><img loading=\"lazy\" decoding=\"async\" width=\"150\" height=\"150\" src=\"https:\/\/meriller-vapeur.fr\/wp3\/wp-content\/uploads\/2014\/07\/IMG_1996-150x150.jpg\" class=\"attachment-thumbnail size-thumbnail\" alt=\"\" aria-describedby=\"gallery-1-2750\" \/><\/a>\n\t\t\t<\/dt>\n\t\t\t\t<dd class='wp-caption-text gallery-caption' id='gallery-1-2750'>\n\t\t\t\tLes organisateurs et Serge (membre du club)\n\t\t\t\t<\/dd><\/dl><dl class='gallery-item'>\n\t\t\t<dt class='gallery-icon landscape'>\n\t\t\t\t<a href='https:\/\/meriller-vapeur.fr\/wp3\/?attachment_id=2751'><img loading=\"lazy\" decoding=\"async\" width=\"150\" height=\"150\" src=\"https:\/\/meriller-vapeur.fr\/wp3\/wp-content\/uploads\/2014\/07\/IMG_1999-150x150.jpg\" class=\"attachment-thumbnail size-thumbnail\" alt=\"\" aria-describedby=\"gallery-1-2751\" \/><\/a>\n\t\t\t<\/dt>\n\t\t\t\t<dd class='wp-caption-text gallery-caption' id='gallery-1-2751'>\n\t\t\t\tl\u2019Equipe de choc avec jpaul (photographe)\n\t\t\t\t<\/dd><\/dl><dl class='gallery-item'>\n\t\t\t<dt class='gallery-icon landscape'>\n\t\t\t\t<a href='https:\/\/meriller-vapeur.fr\/wp3\/?attachment_id=2752'><img loading=\"lazy\" decoding=\"async\" width=\"150\" height=\"150\" src=\"https:\/\/meriller-vapeur.fr\/wp3\/wp-content\/uploads\/2014\/07\/IMG_2002-150x150.jpg\" class=\"attachment-thumbnail size-thumbnail\" alt=\"\" aria-describedby=\"gallery-1-2752\" \/><\/a>\n\t\t\t<\/dt>\n\t\t\t\t<dd class='wp-caption-text gallery-caption' id='gallery-1-2752'>\n\t\t\t\tC&rsquo;est  l\u2019heure du retour au Club. \n\t\t\t\t<\/dd><\/dl><br style=\"clear: both\" \/><dl class='gallery-item'>\n\t\t\t<dt class='gallery-icon landscape'>\n\t\t\t\t<a href='https:\/\/meriller-vapeur.fr\/wp3\/?attachment_id=2753'><img loading=\"lazy\" decoding=\"async\" width=\"150\" height=\"150\" src=\"https:\/\/meriller-vapeur.fr\/wp3\/wp-content\/uploads\/2014\/07\/IMG_2005-150x150.jpg\" class=\"attachment-thumbnail size-thumbnail\" alt=\"\" aria-describedby=\"gallery-1-2753\" \/><\/a>\n\t\t\t<\/dt>\n\t\t\t\t<dd class='wp-caption-text gallery-caption' id='gallery-1-2753'>\n\t\t\t\tDure journ\u00e9e mais nous sommes super contents de cette tr\u00e8s belle r\u00e9ussite.\n\t\t\t\t<\/dd><\/dl>\n\t\t\t<br style='clear: both' \/>\n\t\t<\/div>\n\n<p><span style=\"text-decoration: underline;\"><strong>MISE \u00c0 JOUR\u00a0:<\/strong><\/span> D&rsquo;autres photos, adress\u00e9es par le Pr\u00e9sident Roger Marouby, nous parviennent le 30 juillet 2014.<\/p>\n\n\t\t<style type=\"text\/css\">\n\t\t\t#gallery-2 {\n\t\t\t\tmargin: auto;\n\t\t\t}\n\t\t\t#gallery-2 .gallery-item {\n\t\t\t\tfloat: left;\n\t\t\t\tmargin-top: 10px;\n\t\t\t\ttext-align: center;\n\t\t\t\twidth: 25%;\n\t\t\t}\n\t\t\t#gallery-2 img {\n\t\t\t\tborder: 2px solid #cfcfcf;\n\t\t\t}\n\t\t\t#gallery-2 .gallery-caption {\n\t\t\t\tmargin-left: 0;\n\t\t\t}\n\t\t\t\/* see gallery_shortcode() in wp-includes\/media.php *\/\n\t\t<\/style>\n\t\t<div id='gallery-2' class='gallery galleryid-2732 gallery-columns-4 gallery-size-thumbnail'><dl class='gallery-item'>\n\t\t\t<dt class='gallery-icon landscape'>\n\t\t\t\t<a href='https:\/\/meriller-vapeur.fr\/wp3\/?attachment_id=2804'><img loading=\"lazy\" decoding=\"async\" width=\"150\" height=\"150\" src=\"https:\/\/meriller-vapeur.fr\/wp3\/wp-content\/uploads\/2014\/07\/DSC08935-150x150.jpg\" class=\"attachment-thumbnail size-thumbnail\" alt=\"\" \/><\/a>\n\t\t\t<\/dt><\/dl><dl class='gallery-item'>\n\t\t\t<dt class='gallery-icon landscape'>\n\t\t\t\t<a href='https:\/\/meriller-vapeur.fr\/wp3\/?attachment_id=2805'><img loading=\"lazy\" decoding=\"async\" width=\"150\" height=\"150\" src=\"https:\/\/meriller-vapeur.fr\/wp3\/wp-content\/uploads\/2014\/07\/DSC08936-150x150.jpg\" class=\"attachment-thumbnail size-thumbnail\" alt=\"\" \/><\/a>\n\t\t\t<\/dt><\/dl><dl class='gallery-item'>\n\t\t\t<dt class='gallery-icon landscape'>\n\t\t\t\t<a href='https:\/\/meriller-vapeur.fr\/wp3\/?attachment_id=2806'><img loading=\"lazy\" decoding=\"async\" width=\"150\" height=\"150\" src=\"https:\/\/meriller-vapeur.fr\/wp3\/wp-content\/uploads\/2014\/07\/DSC08938-150x150.jpg\" class=\"attachment-thumbnail size-thumbnail\" alt=\"\" \/><\/a>\n\t\t\t<\/dt><\/dl><dl class='gallery-item'>\n\t\t\t<dt class='gallery-icon landscape'>\n\t\t\t\t<a href='https:\/\/meriller-vapeur.fr\/wp3\/?attachment_id=2807'><img loading=\"lazy\" decoding=\"async\" width=\"150\" height=\"150\" src=\"https:\/\/meriller-vapeur.fr\/wp3\/wp-content\/uploads\/2014\/07\/DSC08939-150x150.jpg\" class=\"attachment-thumbnail size-thumbnail\" alt=\"\" \/><\/a>\n\t\t\t<\/dt><\/dl><br style=\"clear: both\" \/><dl class='gallery-item'>\n\t\t\t<dt class='gallery-icon landscape'>\n\t\t\t\t<a href='https:\/\/meriller-vapeur.fr\/wp3\/?attachment_id=2808'><img loading=\"lazy\" decoding=\"async\" width=\"150\" height=\"150\" src=\"https:\/\/meriller-vapeur.fr\/wp3\/wp-content\/uploads\/2014\/07\/DSC08942-150x150.jpg\" class=\"attachment-thumbnail size-thumbnail\" alt=\"\" \/><\/a>\n\t\t\t<\/dt><\/dl><dl class='gallery-item'>\n\t\t\t<dt class='gallery-icon landscape'>\n\t\t\t\t<a href='https:\/\/meriller-vapeur.fr\/wp3\/?attachment_id=2809'><img loading=\"lazy\" decoding=\"async\" width=\"150\" height=\"150\" src=\"https:\/\/meriller-vapeur.fr\/wp3\/wp-content\/uploads\/2014\/07\/DSC08943-150x150.jpg\" class=\"attachment-thumbnail size-thumbnail\" alt=\"\" \/><\/a>\n\t\t\t<\/dt><\/dl><dl class='gallery-item'>\n\t\t\t<dt class='gallery-icon landscape'>\n\t\t\t\t<a href='https:\/\/meriller-vapeur.fr\/wp3\/?attachment_id=2812'><img loading=\"lazy\" decoding=\"async\" width=\"150\" height=\"150\" src=\"https:\/\/meriller-vapeur.fr\/wp3\/wp-content\/uploads\/2014\/07\/DSC08952-150x150.jpg\" class=\"attachment-thumbnail size-thumbnail\" alt=\"\" aria-describedby=\"gallery-2-2812\" \/><\/a>\n\t\t\t<\/dt>\n\t\t\t\t<dd class='wp-caption-text gallery-caption' id='gallery-2-2812'>\n\t\t\t\tLe repas des randonneurs\n\t\t\t\t<\/dd><\/dl><dl class='gallery-item'>\n\t\t\t<dt class='gallery-icon landscape'>\n\t\t\t\t<a href='https:\/\/meriller-vapeur.fr\/wp3\/?attachment_id=2813'><img loading=\"lazy\" decoding=\"async\" width=\"150\" height=\"150\" src=\"https:\/\/meriller-vapeur.fr\/wp3\/wp-content\/uploads\/2014\/07\/DSC08954-150x150.jpg\" class=\"attachment-thumbnail size-thumbnail\" alt=\"\" aria-describedby=\"gallery-2-2813\" \/><\/a>\n\t\t\t<\/dt>\n\t\t\t\t<dd class='wp-caption-text gallery-caption' id='gallery-2-2813'>\n\t\t\t\tauxquels se joindront les exposants!\n\t\t\t\t<\/dd><\/dl><br style=\"clear: both\" \/><dl class='gallery-item'>\n\t\t\t<dt class='gallery-icon landscape'>\n\t\t\t\t<a href='https:\/\/meriller-vapeur.fr\/wp3\/?attachment_id=2814'><img loading=\"lazy\" decoding=\"async\" width=\"150\" height=\"150\" src=\"https:\/\/meriller-vapeur.fr\/wp3\/wp-content\/uploads\/2014\/07\/DSC08957-150x150.jpg\" class=\"attachment-thumbnail size-thumbnail\" alt=\"\" \/><\/a>\n\t\t\t<\/dt><\/dl><dl class='gallery-item'>\n\t\t\t<dt class='gallery-icon landscape'>\n\t\t\t\t<a href='https:\/\/meriller-vapeur.fr\/wp3\/?attachment_id=2815'><img loading=\"lazy\" decoding=\"async\" width=\"150\" height=\"150\" src=\"https:\/\/meriller-vapeur.fr\/wp3\/wp-content\/uploads\/2014\/07\/DSC08958-150x150.jpg\" class=\"attachment-thumbnail size-thumbnail\" alt=\"\" \/><\/a>\n\t\t\t<\/dt><\/dl><dl class='gallery-item'>\n\t\t\t<dt class='gallery-icon landscape'>\n\t\t\t\t<a href='https:\/\/meriller-vapeur.fr\/wp3\/?attachment_id=2816'><img loading=\"lazy\" decoding=\"async\" width=\"150\" height=\"150\" src=\"https:\/\/meriller-vapeur.fr\/wp3\/wp-content\/uploads\/2014\/07\/DSC08966-150x150.jpg\" class=\"attachment-thumbnail size-thumbnail\" alt=\"\" aria-describedby=\"gallery-2-2816\" \/><\/a>\n\t\t\t<\/dt>\n\t\t\t\t<dd class='wp-caption-text gallery-caption' id='gallery-2-2816'>\n\t\t\t\tLe MOULIN A VENT de la TOUR BLANCHE  a \u00e9tait restaur\u00e9 par des b\u00e9n\u00e9voles il y a quelques ann\u00e9es  .\n\t\t\t\t<\/dd><\/dl><dl class='gallery-item'>\n\t\t\t<dt class='gallery-icon landscape'>\n\t\t\t\t<a href='https:\/\/meriller-vapeur.fr\/wp3\/?attachment_id=2817'><img loading=\"lazy\" decoding=\"async\" width=\"150\" height=\"150\" src=\"https:\/\/meriller-vapeur.fr\/wp3\/wp-content\/uploads\/2014\/07\/DSC08971-150x150.jpg\" class=\"attachment-thumbnail size-thumbnail\" alt=\"\" aria-describedby=\"gallery-2-2817\" \/><\/a>\n\t\t\t<\/dt>\n\t\t\t\t<dd class='wp-caption-text gallery-caption' id='gallery-2-2817'>\n\t\t\t\t\u00c0 c\u00f4t\u00e9 du moulin, le Four communla.\n\t\t\t\t<\/dd><\/dl><br style=\"clear: both\" \/>\n\t\t<\/div>\n\n<div class=\"pvc_clear\"><\/div>\n<p id=\"pvc_stats_2732\" class=\"pvc_stats all  \" data-element-id=\"2732\" style=\"\"><i class=\"pvc-stats-icon medium\" aria-hidden=\"true\"><svg aria-hidden=\"true\" focusable=\"false\" data-prefix=\"far\" data-icon=\"chart-bar\" role=\"img\" xmlns=\"http:\/\/www.w3.org\/2000\/svg\" viewBox=\"0 0 512 512\" class=\"svg-inline--fa fa-chart-bar fa-w-16 fa-2x\"><path fill=\"currentColor\" d=\"M396.8 352h22.4c6.4 0 12.8-6.4 12.8-12.8V108.8c0-6.4-6.4-12.8-12.8-12.8h-22.4c-6.4 0-12.8 6.4-12.8 12.8v230.4c0 6.4 6.4 12.8 12.8 12.8zm-192 0h22.4c6.4 0 12.8-6.4 12.8-12.8V140.8c0-6.4-6.4-12.8-12.8-12.8h-22.4c-6.4 0-12.8 6.4-12.8 12.8v198.4c0 6.4 6.4 12.8 12.8 12.8zm96 0h22.4c6.4 0 12.8-6.4 12.8-12.8V204.8c0-6.4-6.4-12.8-12.8-12.8h-22.4c-6.4 0-12.8 6.4-12.8 12.8v134.4c0 6.4 6.4 12.8 12.8 12.8zM496 400H48V80c0-8.84-7.16-16-16-16H16C7.16 64 0 71.16 0 80v336c0 17.67 14.33 32 32 32h464c8.84 0 16-7.16 16-16v-16c0-8.84-7.16-16-16-16zm-387.2-48h22.4c6.4 0 12.8-6.4 12.8-12.8v-70.4c0-6.4-6.4-12.8-12.8-12.8h-22.4c-6.4 0-12.8 6.4-12.8 12.8v70.4c0 6.4 6.4 12.8 12.8 12.8z\" class=\"\"><\/path><\/svg><\/i> <img loading=\"lazy\" decoding=\"async\" width=\"16\" height=\"16\" alt=\"Loading\" src=\"https:\/\/meriller-vapeur.fr\/wp3\/wp-content\/plugins\/page-views-count\/ajax-loader-2x.gif\" border=0 \/><\/p>\n<div class=\"pvc_clear\"><\/div>\n","protected":false},"excerpt":{"rendered":"<p>A l&rsquo;occasion de la \u00a0Randonn\u00e9e p\u00e9destre\u00a0du 24 juillet 2014\u00a0sur les traces de l&rsquo;ancienne voie ferr\u00e9e une petite exposition ferroviaire \u00e9tait propos\u00e9e aux marcheurs. Cette exposition \u00e9tait l&rsquo;occasion de pr\u00e9senter l&rsquo;ensemble de la documentation que l&rsquo;Association a rassembl\u00e9e sur le train en Dordogne. Travail consid\u00e9rable et pr\u00e9cieux pour les archives du Chemin de Fer \u00a0en P\u00e9rigord.\u2026 <span class=\"read-more\"><a href=\"https:\/\/meriller-vapeur.fr\/wp3\/?page_id=2732\">Read More &raquo;<\/a><\/span><\/p>\n<div class=\"pvc_clear\"><\/div>\n<p id=\"pvc_stats_2732\" class=\"pvc_stats all  \" data-element-id=\"2732\" style=\"\"><i class=\"pvc-stats-icon medium\" aria-hidden=\"true\"><svg aria-hidden=\"true\" focusable=\"false\" data-prefix=\"far\" data-icon=\"chart-bar\" role=\"img\" xmlns=\"http:\/\/www.w3.org\/2000\/svg\" viewBox=\"0 0 512 512\" class=\"svg-inline--fa fa-chart-bar fa-w-16 fa-2x\"><path fill=\"currentColor\" d=\"M396.8 352h22.4c6.4 0 12.8-6.4 12.8-12.8V108.8c0-6.4-6.4-12.8-12.8-12.8h-22.4c-6.4 0-12.8 6.4-12.8 12.8v230.4c0 6.4 6.4 12.8 12.8 12.8zm-192 0h22.4c6.4 0 12.8-6.4 12.8-12.8V140.8c0-6.4-6.4-12.8-12.8-12.8h-22.4c-6.4 0-12.8 6.4-12.8 12.8v198.4c0 6.4 6.4 12.8 12.8 12.8zm96 0h22.4c6.4 0 12.8-6.4 12.8-12.8V204.8c0-6.4-6.4-12.8-12.8-12.8h-22.4c-6.4 0-12.8 6.4-12.8 12.8v134.4c0 6.4 6.4 12.8 12.8 12.8zM496 400H48V80c0-8.84-7.16-16-16-16H16C7.16 64 0 71.16 0 80v336c0 17.67 14.33 32 32 32h464c8.84 0 16-7.16 16-16v-16c0-8.84-7.16-16-16-16zm-387.2-48h22.4c6.4 0 12.8-6.4 12.8-12.8v-70.4c0-6.4-6.4-12.8-12.8-12.8h-22.4c-6.4 0-12.8 6.4-12.8 12.8v70.4c0 6.4 6.4 12.8 12.8 12.8z\" class=\"\"><\/path><\/svg><\/i> <img loading=\"lazy\" decoding=\"async\" width=\"16\" height=\"16\" alt=\"Loading\" src=\"https:\/\/meriller-vapeur.fr\/wp3\/wp-content\/plugins\/page-views-count\/ajax-loader-2x.gif\" border=0 \/><\/p>\n<div class=\"pvc_clear\"><\/div>\n","protected":false},"author":1,"featured_media":0,"parent":0,"menu_order":0,"comment_status":"open","ping_status":"open","template":"tmp-onecolumn.php","meta":{"footnotes":""},"class_list":["post-2732","page","type-page","status-publish","hentry"],"a3_pvc":{"activated":true,"total_views":263,"today_views":0},"_links":{"self":[{"href":"https:\/\/meriller-vapeur.fr\/wp3\/index.php?rest_route=\/wp\/v2\/pages\/2732","targetHints":{"allow":["GET"]}}],"collection":[{"href":"https:\/\/meriller-vapeur.fr\/wp3\/index.php?rest_route=\/wp\/v2\/pages"}],"about":[{"href":"https:\/\/meriller-vapeur.fr\/wp3\/index.php?rest_route=\/wp\/v2\/types\/page"}],"author":[{"embeddable":true,"href":"https:\/\/meriller-vapeur.fr\/wp3\/index.php?rest_route=\/wp\/v2\/users\/1"}],"replies":[{"embeddable":true,"href":"https:\/\/meriller-vapeur.fr\/wp3\/index.php?rest_route=%2Fwp%2Fv2%2Fcomments&post=2732"}],"version-history":[{"count":0,"href":"https:\/\/meriller-vapeur.fr\/wp3\/index.php?rest_route=\/wp\/v2\/pages\/2732\/revisions"}],"wp:attachment":[{"href":"https:\/\/meriller-vapeur.fr\/wp3\/index.php?rest_route=%2Fwp%2Fv2%2Fmedia&parent=2732"}],"curies":[{"name":"wp","href":"https:\/\/api.w.org\/{rel}","templated":true}]}}