{"id":15024,"date":"2023-02-02T23:07:52","date_gmt":"2023-02-02T22:07:52","guid":{"rendered":"https:\/\/meriller-vapeur.fr\/wp3\/?page_id=15024"},"modified":"2023-02-03T12:08:05","modified_gmt":"2023-02-03T11:08:05","slug":"passerelle-sncf-en-gare-de-perigueux-pose-de-la-seconde-partie","status":"publish","type":"page","link":"https:\/\/meriller-vapeur.fr\/wp3\/?page_id=15024","title":{"rendered":"\u2022 Passerelle SNCF en Gare de P\u00e9rigueux : pose de la seconde partie\u2026"},"content":{"rendered":"<p><strong>Commentaires de Roger Marouby :<\/strong><\/p>\n<div id=\"attachment_15071\" style=\"width: 160px\" class=\"wp-caption alignleft\"><a href=\"https:\/\/meriller-vapeur.fr\/wp3\/wp-content\/uploads\/2023\/02\/PERIGUEUX-Passerelle-et-la-Gare.jpg\" target=\"_blank\" rel=\"noopener\"><img loading=\"lazy\" decoding=\"async\" aria-describedby=\"caption-attachment-15071\" class=\"wp-image-15071 size-thumbnail\" src=\"https:\/\/meriller-vapeur.fr\/wp3\/wp-content\/uploads\/2023\/02\/PERIGUEUX-Passerelle-et-la-Gare-150x150.jpg\" alt=\"\" width=\"150\" height=\"150\" \/><\/a><p id=\"caption-attachment-15071\" class=\"wp-caption-text\">Carte postale ancienne&#8230;<\/p><\/div>\n<p>L&rsquo;ancienne passerelle\u00a0 en b\u00e9ton arm\u00e9\u00a0 de la gare\u00a0 P\u00e9rigueux avait \u00e9t\u00e9 mise en service en 1905 et d\u00e9molie le 6 d\u00e9cembre 2021.<br \/>\nElle va \u00eatre remplac\u00e9e par une nouvelle passerelle mieux adapt\u00e9e au transport multimodal\u00a0et au d\u00e9placement des personnes \u00e0 mobilit\u00e9 r\u00e9duite.<\/p>\n<p>Cette nouvelle passerelle mesure\u00a0 110 m de long , 3 m de large, 7 m au dessus des rails pour un poids d&rsquo;environ 400 tonnes.<\/p>\n<p>La pose de la passerelle s&rsquo;est effectu\u00e9e en 2 temps :<br \/>\nDans la nuit du 15 au 16 janvier 2023, le 1er tron\u00e7on de 55 m c\u00f4t\u00e9 avenue du Mar\u00e9chal Juin a \u00e9t\u00e9 pos\u00e9.<br \/>\nLe second tron\u00e7on de 55 m c\u00f4t\u00e9 gare a \u00e9t\u00e9 pos\u00e9 dans la nuit du 29 au 29 janvier 2023,<br \/>\nRestent \u00e0 installer les escaliers et ascenseurs desservant chaque quai.<\/p>\n<p>Mise en service pr\u00e9vue JUIN 2023.<\/p>\n<p><em><strong>Cette passerelle portera le nom de SIMONE VEIL<\/strong><\/em><\/p>\n<p>Voici les Photos de Christian Marchandise :<\/p>\n\n\t\t<style type=\"text\/css\">\n\t\t\t#gallery-1 {\n\t\t\t\tmargin: auto;\n\t\t\t}\n\t\t\t#gallery-1 .gallery-item {\n\t\t\t\tfloat: left;\n\t\t\t\tmargin-top: 10px;\n\t\t\t\ttext-align: center;\n\t\t\t\twidth: 33%;\n\t\t\t}\n\t\t\t#gallery-1 img {\n\t\t\t\tborder: 2px solid #cfcfcf;\n\t\t\t}\n\t\t\t#gallery-1 .gallery-caption {\n\t\t\t\tmargin-left: 0;\n\t\t\t}\n\t\t\t\/* see gallery_shortcode() in wp-includes\/media.php *\/\n\t\t<\/style>\n\t\t<div id='gallery-1' class='gallery galleryid-15024 gallery-columns-3 gallery-size-medium'><dl class='gallery-item'>\n\t\t\t<dt class='gallery-icon portrait'>\n\t\t\t\t<a href='https:\/\/meriller-vapeur.fr\/wp3\/?attachment_id=15055'><img loading=\"lazy\" decoding=\"async\" width=\"135\" height=\"300\" src=\"https:\/\/meriller-vapeur.fr\/wp3\/wp-content\/uploads\/2023\/02\/20230129_010815-135x300.jpg\" class=\"attachment-medium size-medium\" alt=\"\" srcset=\"https:\/\/meriller-vapeur.fr\/wp3\/wp-content\/uploads\/2023\/02\/20230129_010815-135x300.jpg 135w, https:\/\/meriller-vapeur.fr\/wp3\/wp-content\/uploads\/2023\/02\/20230129_010815-462x1024.jpg 462w, https:\/\/meriller-vapeur.fr\/wp3\/wp-content\/uploads\/2023\/02\/20230129_010815-768x1704.jpg 768w, https:\/\/meriller-vapeur.fr\/wp3\/wp-content\/uploads\/2023\/02\/20230129_010815-692x1536.jpg 692w, https:\/\/meriller-vapeur.fr\/wp3\/wp-content\/uploads\/2023\/02\/20230129_010815-923x2048.jpg 923w, https:\/\/meriller-vapeur.fr\/wp3\/wp-content\/uploads\/2023\/02\/20230129_010815-660x1464.jpg 660w, https:\/\/meriller-vapeur.fr\/wp3\/wp-content\/uploads\/2023\/02\/20230129_010815-scaled.jpg 1154w\" sizes=\"auto, (max-width: 135px) 100vw, 135px\" \/><\/a>\n\t\t\t<\/dt><\/dl><dl class='gallery-item'>\n\t\t\t<dt class='gallery-icon portrait'>\n\t\t\t\t<a href='https:\/\/meriller-vapeur.fr\/wp3\/?attachment_id=15056'><img loading=\"lazy\" decoding=\"async\" width=\"135\" height=\"300\" src=\"https:\/\/meriller-vapeur.fr\/wp3\/wp-content\/uploads\/2023\/02\/20230129_010911-135x300.jpg\" class=\"attachment-medium size-medium\" alt=\"\" srcset=\"https:\/\/meriller-vapeur.fr\/wp3\/wp-content\/uploads\/2023\/02\/20230129_010911-135x300.jpg 135w, https:\/\/meriller-vapeur.fr\/wp3\/wp-content\/uploads\/2023\/02\/20230129_010911-462x1024.jpg 462w, https:\/\/meriller-vapeur.fr\/wp3\/wp-content\/uploads\/2023\/02\/20230129_010911-768x1704.jpg 768w, https:\/\/meriller-vapeur.fr\/wp3\/wp-content\/uploads\/2023\/02\/20230129_010911-692x1536.jpg 692w, https:\/\/meriller-vapeur.fr\/wp3\/wp-content\/uploads\/2023\/02\/20230129_010911-923x2048.jpg 923w, https:\/\/meriller-vapeur.fr\/wp3\/wp-content\/uploads\/2023\/02\/20230129_010911-660x1464.jpg 660w, https:\/\/meriller-vapeur.fr\/wp3\/wp-content\/uploads\/2023\/02\/20230129_010911-scaled.jpg 1154w\" sizes=\"auto, (max-width: 135px) 100vw, 135px\" \/><\/a>\n\t\t\t<\/dt><\/dl><dl class='gallery-item'>\n\t\t\t<dt class='gallery-icon landscape'>\n\t\t\t\t<a href='https:\/\/meriller-vapeur.fr\/wp3\/?attachment_id=15057'><img loading=\"lazy\" decoding=\"async\" width=\"300\" height=\"135\" src=\"https:\/\/meriller-vapeur.fr\/wp3\/wp-content\/uploads\/2023\/02\/20230129_010958-300x135.jpg\" class=\"attachment-medium size-medium\" alt=\"\" srcset=\"https:\/\/meriller-vapeur.fr\/wp3\/wp-content\/uploads\/2023\/02\/20230129_010958-300x135.jpg 300w, https:\/\/meriller-vapeur.fr\/wp3\/wp-content\/uploads\/2023\/02\/20230129_010958-1024x461.jpg 1024w, https:\/\/meriller-vapeur.fr\/wp3\/wp-content\/uploads\/2023\/02\/20230129_010958-768x346.jpg 768w, https:\/\/meriller-vapeur.fr\/wp3\/wp-content\/uploads\/2023\/02\/20230129_010958-1536x692.jpg 1536w, https:\/\/meriller-vapeur.fr\/wp3\/wp-content\/uploads\/2023\/02\/20230129_010958-660x297.jpg 660w, https:\/\/meriller-vapeur.fr\/wp3\/wp-content\/uploads\/2023\/02\/20230129_010958.jpg 1600w\" sizes=\"auto, (max-width: 300px) 100vw, 300px\" \/><\/a>\n\t\t\t<\/dt><\/dl><br style=\"clear: both\" \/><dl class='gallery-item'>\n\t\t\t<dt class='gallery-icon portrait'>\n\t\t\t\t<a href='https:\/\/meriller-vapeur.fr\/wp3\/?attachment_id=15058'><img loading=\"lazy\" decoding=\"async\" width=\"135\" height=\"300\" src=\"https:\/\/meriller-vapeur.fr\/wp3\/wp-content\/uploads\/2023\/02\/20230129_011103-135x300.jpg\" class=\"attachment-medium size-medium\" alt=\"\" srcset=\"https:\/\/meriller-vapeur.fr\/wp3\/wp-content\/uploads\/2023\/02\/20230129_011103-135x300.jpg 135w, https:\/\/meriller-vapeur.fr\/wp3\/wp-content\/uploads\/2023\/02\/20230129_011103-462x1024.jpg 462w, https:\/\/meriller-vapeur.fr\/wp3\/wp-content\/uploads\/2023\/02\/20230129_011103-768x1704.jpg 768w, https:\/\/meriller-vapeur.fr\/wp3\/wp-content\/uploads\/2023\/02\/20230129_011103-692x1536.jpg 692w, https:\/\/meriller-vapeur.fr\/wp3\/wp-content\/uploads\/2023\/02\/20230129_011103-923x2048.jpg 923w, https:\/\/meriller-vapeur.fr\/wp3\/wp-content\/uploads\/2023\/02\/20230129_011103-660x1464.jpg 660w, https:\/\/meriller-vapeur.fr\/wp3\/wp-content\/uploads\/2023\/02\/20230129_011103-scaled.jpg 1154w\" sizes=\"auto, (max-width: 135px) 100vw, 135px\" \/><\/a>\n\t\t\t<\/dt><\/dl><dl class='gallery-item'>\n\t\t\t<dt class='gallery-icon landscape'>\n\t\t\t\t<a href='https:\/\/meriller-vapeur.fr\/wp3\/?attachment_id=15059'><img loading=\"lazy\" decoding=\"async\" width=\"300\" height=\"135\" src=\"https:\/\/meriller-vapeur.fr\/wp3\/wp-content\/uploads\/2023\/02\/20230129_011113-300x135.jpg\" class=\"attachment-medium size-medium\" alt=\"\" srcset=\"https:\/\/meriller-vapeur.fr\/wp3\/wp-content\/uploads\/2023\/02\/20230129_011113-300x135.jpg 300w, https:\/\/meriller-vapeur.fr\/wp3\/wp-content\/uploads\/2023\/02\/20230129_011113-1024x461.jpg 1024w, https:\/\/meriller-vapeur.fr\/wp3\/wp-content\/uploads\/2023\/02\/20230129_011113-768x346.jpg 768w, https:\/\/meriller-vapeur.fr\/wp3\/wp-content\/uploads\/2023\/02\/20230129_011113-1536x692.jpg 1536w, https:\/\/meriller-vapeur.fr\/wp3\/wp-content\/uploads\/2023\/02\/20230129_011113-660x297.jpg 660w, https:\/\/meriller-vapeur.fr\/wp3\/wp-content\/uploads\/2023\/02\/20230129_011113.jpg 1600w\" sizes=\"auto, (max-width: 300px) 100vw, 300px\" \/><\/a>\n\t\t\t<\/dt><\/dl><dl class='gallery-item'>\n\t\t\t<dt class='gallery-icon portrait'>\n\t\t\t\t<a href='https:\/\/meriller-vapeur.fr\/wp3\/?attachment_id=15060'><img loading=\"lazy\" decoding=\"async\" width=\"135\" height=\"300\" src=\"https:\/\/meriller-vapeur.fr\/wp3\/wp-content\/uploads\/2023\/02\/20230129_011225-135x300.jpg\" class=\"attachment-medium size-medium\" alt=\"\" srcset=\"https:\/\/meriller-vapeur.fr\/wp3\/wp-content\/uploads\/2023\/02\/20230129_011225-135x300.jpg 135w, https:\/\/meriller-vapeur.fr\/wp3\/wp-content\/uploads\/2023\/02\/20230129_011225-461x1024.jpg 461w, https:\/\/meriller-vapeur.fr\/wp3\/wp-content\/uploads\/2023\/02\/20230129_011225-768x1707.jpg 768w, https:\/\/meriller-vapeur.fr\/wp3\/wp-content\/uploads\/2023\/02\/20230129_011225-691x1536.jpg 691w, https:\/\/meriller-vapeur.fr\/wp3\/wp-content\/uploads\/2023\/02\/20230129_011225-921x2048.jpg 921w, https:\/\/meriller-vapeur.fr\/wp3\/wp-content\/uploads\/2023\/02\/20230129_011225-660x1467.jpg 660w, https:\/\/meriller-vapeur.fr\/wp3\/wp-content\/uploads\/2023\/02\/20230129_011225-scaled.jpg 1152w\" sizes=\"auto, (max-width: 135px) 100vw, 135px\" \/><\/a>\n\t\t\t<\/dt><\/dl><br style=\"clear: both\" \/><dl class='gallery-item'>\n\t\t\t<dt class='gallery-icon portrait'>\n\t\t\t\t<a href='https:\/\/meriller-vapeur.fr\/wp3\/?attachment_id=15061'><img loading=\"lazy\" decoding=\"async\" width=\"135\" height=\"300\" src=\"https:\/\/meriller-vapeur.fr\/wp3\/wp-content\/uploads\/2023\/02\/20230129_011258-135x300.jpg\" class=\"attachment-medium size-medium\" alt=\"\" srcset=\"https:\/\/meriller-vapeur.fr\/wp3\/wp-content\/uploads\/2023\/02\/20230129_011258-135x300.jpg 135w, https:\/\/meriller-vapeur.fr\/wp3\/wp-content\/uploads\/2023\/02\/20230129_011258-462x1024.jpg 462w, https:\/\/meriller-vapeur.fr\/wp3\/wp-content\/uploads\/2023\/02\/20230129_011258-768x1704.jpg 768w, https:\/\/meriller-vapeur.fr\/wp3\/wp-content\/uploads\/2023\/02\/20230129_011258-692x1536.jpg 692w, https:\/\/meriller-vapeur.fr\/wp3\/wp-content\/uploads\/2023\/02\/20230129_011258-923x2048.jpg 923w, https:\/\/meriller-vapeur.fr\/wp3\/wp-content\/uploads\/2023\/02\/20230129_011258-660x1464.jpg 660w, https:\/\/meriller-vapeur.fr\/wp3\/wp-content\/uploads\/2023\/02\/20230129_011258-scaled.jpg 1154w\" sizes=\"auto, (max-width: 135px) 100vw, 135px\" \/><\/a>\n\t\t\t<\/dt><\/dl><dl class='gallery-item'>\n\t\t\t<dt class='gallery-icon landscape'>\n\t\t\t\t<a href='https:\/\/meriller-vapeur.fr\/wp3\/?attachment_id=15063'><img loading=\"lazy\" decoding=\"async\" width=\"300\" height=\"135\" src=\"https:\/\/meriller-vapeur.fr\/wp3\/wp-content\/uploads\/2023\/02\/20230129_012001-300x135.jpg\" class=\"attachment-medium size-medium\" alt=\"\" srcset=\"https:\/\/meriller-vapeur.fr\/wp3\/wp-content\/uploads\/2023\/02\/20230129_012001-300x135.jpg 300w, https:\/\/meriller-vapeur.fr\/wp3\/wp-content\/uploads\/2023\/02\/20230129_012001-1024x461.jpg 1024w, https:\/\/meriller-vapeur.fr\/wp3\/wp-content\/uploads\/2023\/02\/20230129_012001-768x346.jpg 768w, https:\/\/meriller-vapeur.fr\/wp3\/wp-content\/uploads\/2023\/02\/20230129_012001-1536x692.jpg 1536w, https:\/\/meriller-vapeur.fr\/wp3\/wp-content\/uploads\/2023\/02\/20230129_012001-660x297.jpg 660w, https:\/\/meriller-vapeur.fr\/wp3\/wp-content\/uploads\/2023\/02\/20230129_012001.jpg 1600w\" sizes=\"auto, (max-width: 300px) 100vw, 300px\" \/><\/a>\n\t\t\t<\/dt><\/dl>\n\t\t\t<br style='clear: both' \/>\n\t\t<\/div>\n\n<p>&nbsp;<\/p>\n<p>Article Sud-Ouest, <a href=\"https:\/\/www.sudouest.fr\/dordogne\/perigueux\/video-l-impressionnant-chantier-nocturne-de-la-passerelle-de-la-gare-de-perigueux-13865047.php\" target=\"_blank\" rel=\"noopener\">\u00e0 lire &gt;&gt;&gt;&gt; ICI<\/a><\/p>\n<p>Video de Sud-Ouest \u00e0 voir <a href=\"https:\/\/www.youtube.com\/watch?v=72L7Q-Oj9oc&amp;t=1s\" target=\"_blank\" rel=\"noopener\">&gt;&gt;&gt;&gt;&gt; ICI<\/a>.<\/p>\n<hr \/>\n<pre>Page mise \u00e0 jour le 03\/02\/2023<\/pre>\n<div class=\"pvc_clear\"><\/div>\n<p id=\"pvc_stats_15024\" class=\"pvc_stats all  \" data-element-id=\"15024\" style=\"\"><i class=\"pvc-stats-icon medium\" aria-hidden=\"true\"><svg aria-hidden=\"true\" focusable=\"false\" data-prefix=\"far\" data-icon=\"chart-bar\" role=\"img\" xmlns=\"http:\/\/www.w3.org\/2000\/svg\" viewBox=\"0 0 512 512\" class=\"svg-inline--fa fa-chart-bar fa-w-16 fa-2x\"><path fill=\"currentColor\" d=\"M396.8 352h22.4c6.4 0 12.8-6.4 12.8-12.8V108.8c0-6.4-6.4-12.8-12.8-12.8h-22.4c-6.4 0-12.8 6.4-12.8 12.8v230.4c0 6.4 6.4 12.8 12.8 12.8zm-192 0h22.4c6.4 0 12.8-6.4 12.8-12.8V140.8c0-6.4-6.4-12.8-12.8-12.8h-22.4c-6.4 0-12.8 6.4-12.8 12.8v198.4c0 6.4 6.4 12.8 12.8 12.8zm96 0h22.4c6.4 0 12.8-6.4 12.8-12.8V204.8c0-6.4-6.4-12.8-12.8-12.8h-22.4c-6.4 0-12.8 6.4-12.8 12.8v134.4c0 6.4 6.4 12.8 12.8 12.8zM496 400H48V80c0-8.84-7.16-16-16-16H16C7.16 64 0 71.16 0 80v336c0 17.67 14.33 32 32 32h464c8.84 0 16-7.16 16-16v-16c0-8.84-7.16-16-16-16zm-387.2-48h22.4c6.4 0 12.8-6.4 12.8-12.8v-70.4c0-6.4-6.4-12.8-12.8-12.8h-22.4c-6.4 0-12.8 6.4-12.8 12.8v70.4c0 6.4 6.4 12.8 12.8 12.8z\" class=\"\"><\/path><\/svg><\/i> <img loading=\"lazy\" decoding=\"async\" width=\"16\" height=\"16\" alt=\"Loading\" src=\"https:\/\/meriller-vapeur.fr\/wp3\/wp-content\/plugins\/page-views-count\/ajax-loader-2x.gif\" border=0 \/><\/p>\n<div class=\"pvc_clear\"><\/div>\n","protected":false},"excerpt":{"rendered":"<p>Commentaires de Roger Marouby : L&rsquo;ancienne passerelle\u00a0 en b\u00e9ton arm\u00e9\u00a0 de la gare\u00a0 P\u00e9rigueux avait \u00e9t\u00e9 mise en service en 1905 et d\u00e9molie le 6 d\u00e9cembre 2021. Elle va \u00eatre remplac\u00e9e par une nouvelle passerelle mieux adapt\u00e9e au transport multimodal\u00a0et au d\u00e9placement des personnes \u00e0 mobilit\u00e9 r\u00e9duite. Cette nouvelle passerelle mesure\u00a0 110 m de long\u2026 <span class=\"read-more\"><a href=\"https:\/\/meriller-vapeur.fr\/wp3\/?page_id=15024\">Read More &raquo;<\/a><\/span><\/p>\n<div class=\"pvc_clear\"><\/div>\n<p id=\"pvc_stats_15024\" class=\"pvc_stats all  \" data-element-id=\"15024\" style=\"\"><i class=\"pvc-stats-icon medium\" aria-hidden=\"true\"><svg aria-hidden=\"true\" focusable=\"false\" data-prefix=\"far\" data-icon=\"chart-bar\" role=\"img\" xmlns=\"http:\/\/www.w3.org\/2000\/svg\" viewBox=\"0 0 512 512\" class=\"svg-inline--fa fa-chart-bar fa-w-16 fa-2x\"><path fill=\"currentColor\" d=\"M396.8 352h22.4c6.4 0 12.8-6.4 12.8-12.8V108.8c0-6.4-6.4-12.8-12.8-12.8h-22.4c-6.4 0-12.8 6.4-12.8 12.8v230.4c0 6.4 6.4 12.8 12.8 12.8zm-192 0h22.4c6.4 0 12.8-6.4 12.8-12.8V140.8c0-6.4-6.4-12.8-12.8-12.8h-22.4c-6.4 0-12.8 6.4-12.8 12.8v198.4c0 6.4 6.4 12.8 12.8 12.8zm96 0h22.4c6.4 0 12.8-6.4 12.8-12.8V204.8c0-6.4-6.4-12.8-12.8-12.8h-22.4c-6.4 0-12.8 6.4-12.8 12.8v134.4c0 6.4 6.4 12.8 12.8 12.8zM496 400H48V80c0-8.84-7.16-16-16-16H16C7.16 64 0 71.16 0 80v336c0 17.67 14.33 32 32 32h464c8.84 0 16-7.16 16-16v-16c0-8.84-7.16-16-16-16zm-387.2-48h22.4c6.4 0 12.8-6.4 12.8-12.8v-70.4c0-6.4-6.4-12.8-12.8-12.8h-22.4c-6.4 0-12.8 6.4-12.8 12.8v70.4c0 6.4 6.4 12.8 12.8 12.8z\" class=\"\"><\/path><\/svg><\/i> <img loading=\"lazy\" decoding=\"async\" width=\"16\" height=\"16\" alt=\"Loading\" src=\"https:\/\/meriller-vapeur.fr\/wp3\/wp-content\/plugins\/page-views-count\/ajax-loader-2x.gif\" border=0 \/><\/p>\n<div class=\"pvc_clear\"><\/div>\n","protected":false},"author":1,"featured_media":0,"parent":0,"menu_order":0,"comment_status":"closed","ping_status":"closed","template":"page-templates\/full-width.php","meta":{"footnotes":""},"class_list":["post-15024","page","type-page","status-publish","hentry"],"a3_pvc":{"activated":true,"total_views":77,"today_views":0},"_links":{"self":[{"href":"https:\/\/meriller-vapeur.fr\/wp3\/index.php?rest_route=\/wp\/v2\/pages\/15024","targetHints":{"allow":["GET"]}}],"collection":[{"href":"https:\/\/meriller-vapeur.fr\/wp3\/index.php?rest_route=\/wp\/v2\/pages"}],"about":[{"href":"https:\/\/meriller-vapeur.fr\/wp3\/index.php?rest_route=\/wp\/v2\/types\/page"}],"author":[{"embeddable":true,"href":"https:\/\/meriller-vapeur.fr\/wp3\/index.php?rest_route=\/wp\/v2\/users\/1"}],"replies":[{"embeddable":true,"href":"https:\/\/meriller-vapeur.fr\/wp3\/index.php?rest_route=%2Fwp%2Fv2%2Fcomments&post=15024"}],"version-history":[{"count":10,"href":"https:\/\/meriller-vapeur.fr\/wp3\/index.php?rest_route=\/wp\/v2\/pages\/15024\/revisions"}],"predecessor-version":[{"id":15072,"href":"https:\/\/meriller-vapeur.fr\/wp3\/index.php?rest_route=\/wp\/v2\/pages\/15024\/revisions\/15072"}],"wp:attachment":[{"href":"https:\/\/meriller-vapeur.fr\/wp3\/index.php?rest_route=%2Fwp%2Fv2%2Fmedia&parent=15024"}],"curies":[{"name":"wp","href":"https:\/\/api.w.org\/{rel}","templated":true}]}}