{"id":15019,"date":"2023-02-02T20:50:49","date_gmt":"2023-02-02T19:50:49","guid":{"rendered":"https:\/\/meriller-vapeur.fr\/wp3\/?page_id=15019"},"modified":"2023-02-03T11:20:53","modified_gmt":"2023-02-03T10:20:53","slug":"15019-2","status":"publish","type":"page","link":"https:\/\/meriller-vapeur.fr\/wp3\/?page_id=15019","title":{"rendered":"\u2022 ASSEMBL\u00c9E G\u00c9N\u00c9RALE de JANVIER 2023."},"content":{"rendered":"<p>Comme chaque ann\u00e9e, nous avons tenu notre Assembl\u00e9e g\u00e9n\u00e9rale ordinaire ce samedi 28 janvier 2023.<\/p>\n<p>Le compte rendu d\u00e9taill\u00e9 des d\u00e9bats est \u00e0 votre disposition <a href=\"https:\/\/meriller-vapeur.fr\/wp3\/wp-content\/uploads\/2023\/02\/20230202-PV-AGO-signe.pdf\" target=\"_blank\" rel=\"noopener\">&gt;&gt;&gt;&gt;&gt;&gt;&gt;&gt; ICI<\/a>.<\/p>\n<p>A cette occasion,<strong> l\u2019Association a e\u0301lu un nouveau\u00a0pre\u0301sident, Alain Debontridder<\/strong>, qui avait rejoint l&rsquo;association l\u2019e\u0301te\u0301 dernier.<\/p>\n<p>Le reste du bureau se compose comme suit :<br \/>\n&#8211; Vice\u00ad-Pr\u00e9sidents\u00a0: Roger Marouby et Jean\u00adClaude Deschamps<br \/>\n&#8211; Secr\u00e9taire : Alain Hucher<br \/>\n&#8211; Secr\u00e9taire adjoint : Herve\u0301 Plisson<br \/>\n&#8211; Tr\u00e9sorier et responsable du Site internet : Jean\u00adMarie Quidet<br \/>\n&#8211; Responsable du Mod\u00e9lisme\u00a0: Christian Marchandise<br \/>\n&#8211; Responsable du Mod\u00e9lisme\u00a0adjoint : Alain Conem<br \/>\n&#8211; Responsable Travaux\u00a0: Gilbert Urso.<\/p>\n<p>Voici quelques clich\u00e9s r\u00e9alis\u00e9s \u00e0 cette occasion par Roger MAROUBY, Vice-Pr\u00e9sident charg\u00e9 des relations ext\u00e9rieures.<\/p>\n<p>La Presse pr\u00e9sente \u00e0 \u00e9galement publi\u00e9 des articles relatant cet \u00e9v\u00e9nement, vous les trouverez en annexe.<\/p>\n\n\t\t<style type=\"text\/css\">\n\t\t\t#gallery-1 {\n\t\t\t\tmargin: auto;\n\t\t\t}\n\t\t\t#gallery-1 .gallery-item {\n\t\t\t\tfloat: left;\n\t\t\t\tmargin-top: 10px;\n\t\t\t\ttext-align: center;\n\t\t\t\twidth: 33%;\n\t\t\t}\n\t\t\t#gallery-1 img {\n\t\t\t\tborder: 2px solid #cfcfcf;\n\t\t\t}\n\t\t\t#gallery-1 .gallery-caption {\n\t\t\t\tmargin-left: 0;\n\t\t\t}\n\t\t\t\/* see gallery_shortcode() in wp-includes\/media.php *\/\n\t\t<\/style>\n\t\t<div id='gallery-1' class='gallery galleryid-15019 gallery-columns-3 gallery-size-large'><dl class='gallery-item'>\n\t\t\t<dt class='gallery-icon landscape'>\n\t\t\t\t<a href='https:\/\/meriller-vapeur.fr\/wp3\/?attachment_id=15032'><img loading=\"lazy\" decoding=\"async\" width=\"665\" height=\"444\" src=\"https:\/\/meriller-vapeur.fr\/wp3\/wp-content\/uploads\/2023\/02\/Debout-Alain-DEBONTRIDDER-nouveau-President-de-MV24-IMG_1711-1024x684.jpg\" class=\"attachment-large size-large\" alt=\"\" aria-describedby=\"gallery-1-15032\" srcset=\"https:\/\/meriller-vapeur.fr\/wp3\/wp-content\/uploads\/2023\/02\/Debout-Alain-DEBONTRIDDER-nouveau-President-de-MV24-IMG_1711-1024x684.jpg 1024w, https:\/\/meriller-vapeur.fr\/wp3\/wp-content\/uploads\/2023\/02\/Debout-Alain-DEBONTRIDDER-nouveau-President-de-MV24-IMG_1711-300x200.jpg 300w, https:\/\/meriller-vapeur.fr\/wp3\/wp-content\/uploads\/2023\/02\/Debout-Alain-DEBONTRIDDER-nouveau-President-de-MV24-IMG_1711-768x513.jpg 768w, https:\/\/meriller-vapeur.fr\/wp3\/wp-content\/uploads\/2023\/02\/Debout-Alain-DEBONTRIDDER-nouveau-President-de-MV24-IMG_1711-1536x1026.jpg 1536w, https:\/\/meriller-vapeur.fr\/wp3\/wp-content\/uploads\/2023\/02\/Debout-Alain-DEBONTRIDDER-nouveau-President-de-MV24-IMG_1711-660x441.jpg 660w, https:\/\/meriller-vapeur.fr\/wp3\/wp-content\/uploads\/2023\/02\/Debout-Alain-DEBONTRIDDER-nouveau-President-de-MV24-IMG_1711.jpg 1600w\" sizes=\"auto, (max-width: 665px) 100vw, 665px\" \/><\/a>\n\t\t\t<\/dt>\n\t\t\t\t<dd class='wp-caption-text gallery-caption' id='gallery-1-15032'>\n\t\t\t\tDebout Alain DEBONTRIDDER nouveau Pr\u00e9sident de MV24 \n\t\t\t\t<\/dd><\/dl><dl class='gallery-item'>\n\t\t\t<dt class='gallery-icon landscape'>\n\t\t\t\t<a href='https:\/\/meriller-vapeur.fr\/wp3\/?attachment_id=15033'><img loading=\"lazy\" decoding=\"async\" width=\"665\" height=\"444\" src=\"https:\/\/meriller-vapeur.fr\/wp3\/wp-content\/uploads\/2023\/02\/IMG_1705-1024x684.jpg\" class=\"attachment-large size-large\" alt=\"\" srcset=\"https:\/\/meriller-vapeur.fr\/wp3\/wp-content\/uploads\/2023\/02\/IMG_1705-1024x684.jpg 1024w, https:\/\/meriller-vapeur.fr\/wp3\/wp-content\/uploads\/2023\/02\/IMG_1705-300x200.jpg 300w, https:\/\/meriller-vapeur.fr\/wp3\/wp-content\/uploads\/2023\/02\/IMG_1705-768x513.jpg 768w, https:\/\/meriller-vapeur.fr\/wp3\/wp-content\/uploads\/2023\/02\/IMG_1705-1536x1026.jpg 1536w, https:\/\/meriller-vapeur.fr\/wp3\/wp-content\/uploads\/2023\/02\/IMG_1705-660x441.jpg 660w, https:\/\/meriller-vapeur.fr\/wp3\/wp-content\/uploads\/2023\/02\/IMG_1705.jpg 1600w\" sizes=\"auto, (max-width: 665px) 100vw, 665px\" \/><\/a>\n\t\t\t<\/dt><\/dl><dl class='gallery-item'>\n\t\t\t<dt class='gallery-icon landscape'>\n\t\t\t\t<a href='https:\/\/meriller-vapeur.fr\/wp3\/?attachment_id=15034'><img loading=\"lazy\" decoding=\"async\" width=\"665\" height=\"444\" src=\"https:\/\/meriller-vapeur.fr\/wp3\/wp-content\/uploads\/2023\/02\/IMG_1707-1024x684.jpg\" class=\"attachment-large size-large\" alt=\"\" srcset=\"https:\/\/meriller-vapeur.fr\/wp3\/wp-content\/uploads\/2023\/02\/IMG_1707-1024x684.jpg 1024w, https:\/\/meriller-vapeur.fr\/wp3\/wp-content\/uploads\/2023\/02\/IMG_1707-300x200.jpg 300w, https:\/\/meriller-vapeur.fr\/wp3\/wp-content\/uploads\/2023\/02\/IMG_1707-768x513.jpg 768w, https:\/\/meriller-vapeur.fr\/wp3\/wp-content\/uploads\/2023\/02\/IMG_1707-1536x1026.jpg 1536w, https:\/\/meriller-vapeur.fr\/wp3\/wp-content\/uploads\/2023\/02\/IMG_1707-660x441.jpg 660w, https:\/\/meriller-vapeur.fr\/wp3\/wp-content\/uploads\/2023\/02\/IMG_1707.jpg 1600w\" sizes=\"auto, (max-width: 665px) 100vw, 665px\" \/><\/a>\n\t\t\t<\/dt><\/dl><br style=\"clear: both\" \/><dl class='gallery-item'>\n\t\t\t<dt class='gallery-icon landscape'>\n\t\t\t\t<a href='https:\/\/meriller-vapeur.fr\/wp3\/?attachment_id=15035'><img loading=\"lazy\" decoding=\"async\" width=\"665\" height=\"444\" src=\"https:\/\/meriller-vapeur.fr\/wp3\/wp-content\/uploads\/2023\/02\/IMG_1708-1024x684.jpg\" class=\"attachment-large size-large\" alt=\"\" srcset=\"https:\/\/meriller-vapeur.fr\/wp3\/wp-content\/uploads\/2023\/02\/IMG_1708-1024x684.jpg 1024w, https:\/\/meriller-vapeur.fr\/wp3\/wp-content\/uploads\/2023\/02\/IMG_1708-300x200.jpg 300w, https:\/\/meriller-vapeur.fr\/wp3\/wp-content\/uploads\/2023\/02\/IMG_1708-768x513.jpg 768w, https:\/\/meriller-vapeur.fr\/wp3\/wp-content\/uploads\/2023\/02\/IMG_1708-1536x1026.jpg 1536w, https:\/\/meriller-vapeur.fr\/wp3\/wp-content\/uploads\/2023\/02\/IMG_1708-660x441.jpg 660w, https:\/\/meriller-vapeur.fr\/wp3\/wp-content\/uploads\/2023\/02\/IMG_1708.jpg 1600w\" sizes=\"auto, (max-width: 665px) 100vw, 665px\" \/><\/a>\n\t\t\t<\/dt><\/dl><dl class='gallery-item'>\n\t\t\t<dt class='gallery-icon landscape'>\n\t\t\t\t<a href='https:\/\/meriller-vapeur.fr\/wp3\/?attachment_id=15036'><img loading=\"lazy\" decoding=\"async\" width=\"665\" height=\"444\" src=\"https:\/\/meriller-vapeur.fr\/wp3\/wp-content\/uploads\/2023\/02\/IMG_1710-1024x684.jpg\" class=\"attachment-large size-large\" alt=\"\" srcset=\"https:\/\/meriller-vapeur.fr\/wp3\/wp-content\/uploads\/2023\/02\/IMG_1710-1024x684.jpg 1024w, https:\/\/meriller-vapeur.fr\/wp3\/wp-content\/uploads\/2023\/02\/IMG_1710-300x200.jpg 300w, https:\/\/meriller-vapeur.fr\/wp3\/wp-content\/uploads\/2023\/02\/IMG_1710-768x513.jpg 768w, https:\/\/meriller-vapeur.fr\/wp3\/wp-content\/uploads\/2023\/02\/IMG_1710-1536x1026.jpg 1536w, https:\/\/meriller-vapeur.fr\/wp3\/wp-content\/uploads\/2023\/02\/IMG_1710-660x441.jpg 660w, https:\/\/meriller-vapeur.fr\/wp3\/wp-content\/uploads\/2023\/02\/IMG_1710.jpg 1600w\" sizes=\"auto, (max-width: 665px) 100vw, 665px\" \/><\/a>\n\t\t\t<\/dt><\/dl><dl class='gallery-item'>\n\t\t\t<dt class='gallery-icon landscape'>\n\t\t\t\t<a href='https:\/\/meriller-vapeur.fr\/wp3\/?attachment_id=15037'><img loading=\"lazy\" decoding=\"async\" width=\"665\" height=\"444\" src=\"https:\/\/meriller-vapeur.fr\/wp3\/wp-content\/uploads\/2023\/02\/IMG_1712-1024x684.jpg\" class=\"attachment-large size-large\" alt=\"\" srcset=\"https:\/\/meriller-vapeur.fr\/wp3\/wp-content\/uploads\/2023\/02\/IMG_1712-1024x684.jpg 1024w, https:\/\/meriller-vapeur.fr\/wp3\/wp-content\/uploads\/2023\/02\/IMG_1712-300x200.jpg 300w, https:\/\/meriller-vapeur.fr\/wp3\/wp-content\/uploads\/2023\/02\/IMG_1712-768x513.jpg 768w, https:\/\/meriller-vapeur.fr\/wp3\/wp-content\/uploads\/2023\/02\/IMG_1712-1536x1026.jpg 1536w, https:\/\/meriller-vapeur.fr\/wp3\/wp-content\/uploads\/2023\/02\/IMG_1712-660x441.jpg 660w, https:\/\/meriller-vapeur.fr\/wp3\/wp-content\/uploads\/2023\/02\/IMG_1712.jpg 1600w\" sizes=\"auto, (max-width: 665px) 100vw, 665px\" \/><\/a>\n\t\t\t<\/dt><\/dl><br style=\"clear: both\" \/><dl class='gallery-item'>\n\t\t\t<dt class='gallery-icon landscape'>\n\t\t\t\t<a href='https:\/\/meriller-vapeur.fr\/wp3\/?attachment_id=15038'><img loading=\"lazy\" decoding=\"async\" width=\"665\" height=\"444\" src=\"https:\/\/meriller-vapeur.fr\/wp3\/wp-content\/uploads\/2023\/02\/IMG_1713-1024x684.jpg\" class=\"attachment-large size-large\" alt=\"\" srcset=\"https:\/\/meriller-vapeur.fr\/wp3\/wp-content\/uploads\/2023\/02\/IMG_1713-1024x684.jpg 1024w, https:\/\/meriller-vapeur.fr\/wp3\/wp-content\/uploads\/2023\/02\/IMG_1713-300x200.jpg 300w, https:\/\/meriller-vapeur.fr\/wp3\/wp-content\/uploads\/2023\/02\/IMG_1713-768x513.jpg 768w, https:\/\/meriller-vapeur.fr\/wp3\/wp-content\/uploads\/2023\/02\/IMG_1713-1536x1026.jpg 1536w, https:\/\/meriller-vapeur.fr\/wp3\/wp-content\/uploads\/2023\/02\/IMG_1713-660x441.jpg 660w, https:\/\/meriller-vapeur.fr\/wp3\/wp-content\/uploads\/2023\/02\/IMG_1713.jpg 1600w\" sizes=\"auto, (max-width: 665px) 100vw, 665px\" \/><\/a>\n\t\t\t<\/dt><\/dl><dl class='gallery-item'>\n\t\t\t<dt class='gallery-icon landscape'>\n\t\t\t\t<a href='https:\/\/meriller-vapeur.fr\/wp3\/?attachment_id=15039'><img loading=\"lazy\" decoding=\"async\" width=\"665\" height=\"444\" src=\"https:\/\/meriller-vapeur.fr\/wp3\/wp-content\/uploads\/2023\/02\/IMG_1715-1024x684.jpg\" class=\"attachment-large size-large\" alt=\"\" srcset=\"https:\/\/meriller-vapeur.fr\/wp3\/wp-content\/uploads\/2023\/02\/IMG_1715-1024x684.jpg 1024w, https:\/\/meriller-vapeur.fr\/wp3\/wp-content\/uploads\/2023\/02\/IMG_1715-300x200.jpg 300w, https:\/\/meriller-vapeur.fr\/wp3\/wp-content\/uploads\/2023\/02\/IMG_1715-768x513.jpg 768w, https:\/\/meriller-vapeur.fr\/wp3\/wp-content\/uploads\/2023\/02\/IMG_1715-1536x1026.jpg 1536w, https:\/\/meriller-vapeur.fr\/wp3\/wp-content\/uploads\/2023\/02\/IMG_1715-660x441.jpg 660w, https:\/\/meriller-vapeur.fr\/wp3\/wp-content\/uploads\/2023\/02\/IMG_1715.jpg 1600w\" sizes=\"auto, (max-width: 665px) 100vw, 665px\" \/><\/a>\n\t\t\t<\/dt><\/dl><dl class='gallery-item'>\n\t\t\t<dt class='gallery-icon landscape'>\n\t\t\t\t<a href='https:\/\/meriller-vapeur.fr\/wp3\/?attachment_id=15040'><img loading=\"lazy\" decoding=\"async\" width=\"665\" height=\"444\" src=\"https:\/\/meriller-vapeur.fr\/wp3\/wp-content\/uploads\/2023\/02\/IMG_1717-1024x684.jpg\" class=\"attachment-large size-large\" alt=\"\" aria-describedby=\"gallery-1-15040\" srcset=\"https:\/\/meriller-vapeur.fr\/wp3\/wp-content\/uploads\/2023\/02\/IMG_1717-1024x684.jpg 1024w, https:\/\/meriller-vapeur.fr\/wp3\/wp-content\/uploads\/2023\/02\/IMG_1717-300x200.jpg 300w, https:\/\/meriller-vapeur.fr\/wp3\/wp-content\/uploads\/2023\/02\/IMG_1717-768x513.jpg 768w, https:\/\/meriller-vapeur.fr\/wp3\/wp-content\/uploads\/2023\/02\/IMG_1717-1536x1026.jpg 1536w, https:\/\/meriller-vapeur.fr\/wp3\/wp-content\/uploads\/2023\/02\/IMG_1717-660x441.jpg 660w, https:\/\/meriller-vapeur.fr\/wp3\/wp-content\/uploads\/2023\/02\/IMG_1717.jpg 1600w\" sizes=\"auto, (max-width: 665px) 100vw, 665px\" \/><\/a>\n\t\t\t<\/dt>\n\t\t\t\t<dd class='wp-caption-text gallery-caption' id='gallery-1-15040'>\n\t\t\t\tPartage de la Galette en fin de r\u00e9union, et pot amical&#8230;\n\t\t\t\t<\/dd><\/dl><br style=\"clear: both\" \/><dl class='gallery-item'>\n\t\t\t<dt class='gallery-icon landscape'>\n\t\t\t\t<a href='https:\/\/meriller-vapeur.fr\/wp3\/?attachment_id=15041'><img loading=\"lazy\" decoding=\"async\" width=\"665\" height=\"444\" src=\"https:\/\/meriller-vapeur.fr\/wp3\/wp-content\/uploads\/2023\/02\/IMG_1718-1024x684.jpg\" class=\"attachment-large size-large\" alt=\"\" srcset=\"https:\/\/meriller-vapeur.fr\/wp3\/wp-content\/uploads\/2023\/02\/IMG_1718-1024x684.jpg 1024w, https:\/\/meriller-vapeur.fr\/wp3\/wp-content\/uploads\/2023\/02\/IMG_1718-300x200.jpg 300w, https:\/\/meriller-vapeur.fr\/wp3\/wp-content\/uploads\/2023\/02\/IMG_1718-768x513.jpg 768w, https:\/\/meriller-vapeur.fr\/wp3\/wp-content\/uploads\/2023\/02\/IMG_1718-1536x1026.jpg 1536w, https:\/\/meriller-vapeur.fr\/wp3\/wp-content\/uploads\/2023\/02\/IMG_1718-660x441.jpg 660w, https:\/\/meriller-vapeur.fr\/wp3\/wp-content\/uploads\/2023\/02\/IMG_1718.jpg 1600w\" sizes=\"auto, (max-width: 665px) 100vw, 665px\" \/><\/a>\n\t\t\t<\/dt><\/dl><dl class='gallery-item'>\n\t\t\t<dt class='gallery-icon landscape'>\n\t\t\t\t<a href='https:\/\/meriller-vapeur.fr\/wp3\/?attachment_id=15042'><img loading=\"lazy\" decoding=\"async\" width=\"665\" height=\"444\" src=\"https:\/\/meriller-vapeur.fr\/wp3\/wp-content\/uploads\/2023\/02\/IMG_1719-1024x684.jpg\" class=\"attachment-large size-large\" alt=\"\" srcset=\"https:\/\/meriller-vapeur.fr\/wp3\/wp-content\/uploads\/2023\/02\/IMG_1719-1024x684.jpg 1024w, https:\/\/meriller-vapeur.fr\/wp3\/wp-content\/uploads\/2023\/02\/IMG_1719-300x200.jpg 300w, https:\/\/meriller-vapeur.fr\/wp3\/wp-content\/uploads\/2023\/02\/IMG_1719-768x513.jpg 768w, https:\/\/meriller-vapeur.fr\/wp3\/wp-content\/uploads\/2023\/02\/IMG_1719-1536x1026.jpg 1536w, https:\/\/meriller-vapeur.fr\/wp3\/wp-content\/uploads\/2023\/02\/IMG_1719-660x441.jpg 660w, https:\/\/meriller-vapeur.fr\/wp3\/wp-content\/uploads\/2023\/02\/IMG_1719.jpg 1600w\" sizes=\"auto, (max-width: 665px) 100vw, 665px\" \/><\/a>\n\t\t\t<\/dt><\/dl><dl class='gallery-item'>\n\t\t\t<dt class='gallery-icon landscape'>\n\t\t\t\t<a href='https:\/\/meriller-vapeur.fr\/wp3\/?attachment_id=15043'><img loading=\"lazy\" decoding=\"async\" width=\"665\" height=\"444\" src=\"https:\/\/meriller-vapeur.fr\/wp3\/wp-content\/uploads\/2023\/02\/IMG_1720-1024x684.jpg\" class=\"attachment-large size-large\" alt=\"\" srcset=\"https:\/\/meriller-vapeur.fr\/wp3\/wp-content\/uploads\/2023\/02\/IMG_1720-1024x684.jpg 1024w, https:\/\/meriller-vapeur.fr\/wp3\/wp-content\/uploads\/2023\/02\/IMG_1720-300x200.jpg 300w, https:\/\/meriller-vapeur.fr\/wp3\/wp-content\/uploads\/2023\/02\/IMG_1720-768x513.jpg 768w, https:\/\/meriller-vapeur.fr\/wp3\/wp-content\/uploads\/2023\/02\/IMG_1720-1536x1026.jpg 1536w, https:\/\/meriller-vapeur.fr\/wp3\/wp-content\/uploads\/2023\/02\/IMG_1720-660x441.jpg 660w, https:\/\/meriller-vapeur.fr\/wp3\/wp-content\/uploads\/2023\/02\/IMG_1720.jpg 1600w\" sizes=\"auto, (max-width: 665px) 100vw, 665px\" \/><\/a>\n\t\t\t<\/dt><\/dl><br style=\"clear: both\" \/><dl class='gallery-item'>\n\t\t\t<dt class='gallery-icon landscape'>\n\t\t\t\t<a href='https:\/\/meriller-vapeur.fr\/wp3\/?attachment_id=15044'><img loading=\"lazy\" decoding=\"async\" width=\"665\" height=\"444\" src=\"https:\/\/meriller-vapeur.fr\/wp3\/wp-content\/uploads\/2023\/02\/IMG_1723-1024x684.jpg\" class=\"attachment-large size-large\" alt=\"\" srcset=\"https:\/\/meriller-vapeur.fr\/wp3\/wp-content\/uploads\/2023\/02\/IMG_1723-1024x684.jpg 1024w, https:\/\/meriller-vapeur.fr\/wp3\/wp-content\/uploads\/2023\/02\/IMG_1723-300x200.jpg 300w, https:\/\/meriller-vapeur.fr\/wp3\/wp-content\/uploads\/2023\/02\/IMG_1723-768x513.jpg 768w, https:\/\/meriller-vapeur.fr\/wp3\/wp-content\/uploads\/2023\/02\/IMG_1723-1536x1026.jpg 1536w, https:\/\/meriller-vapeur.fr\/wp3\/wp-content\/uploads\/2023\/02\/IMG_1723-660x441.jpg 660w, https:\/\/meriller-vapeur.fr\/wp3\/wp-content\/uploads\/2023\/02\/IMG_1723.jpg 1600w\" sizes=\"auto, (max-width: 665px) 100vw, 665px\" \/><\/a>\n\t\t\t<\/dt><\/dl><dl class='gallery-item'>\n\t\t\t<dt class='gallery-icon landscape'>\n\t\t\t\t<a href='https:\/\/meriller-vapeur.fr\/wp3\/?attachment_id=15045'><img loading=\"lazy\" decoding=\"async\" width=\"665\" height=\"444\" src=\"https:\/\/meriller-vapeur.fr\/wp3\/wp-content\/uploads\/2023\/02\/IMG_1724-1024x684.jpg\" class=\"attachment-large size-large\" alt=\"\" aria-describedby=\"gallery-1-15045\" srcset=\"https:\/\/meriller-vapeur.fr\/wp3\/wp-content\/uploads\/2023\/02\/IMG_1724-1024x684.jpg 1024w, https:\/\/meriller-vapeur.fr\/wp3\/wp-content\/uploads\/2023\/02\/IMG_1724-300x200.jpg 300w, https:\/\/meriller-vapeur.fr\/wp3\/wp-content\/uploads\/2023\/02\/IMG_1724-768x513.jpg 768w, https:\/\/meriller-vapeur.fr\/wp3\/wp-content\/uploads\/2023\/02\/IMG_1724-1536x1026.jpg 1536w, https:\/\/meriller-vapeur.fr\/wp3\/wp-content\/uploads\/2023\/02\/IMG_1724-660x441.jpg 660w, https:\/\/meriller-vapeur.fr\/wp3\/wp-content\/uploads\/2023\/02\/IMG_1724.jpg 1600w\" sizes=\"auto, (max-width: 665px) 100vw, 665px\" \/><\/a>\n\t\t\t<\/dt>\n\t\t\t\t<dd class='wp-caption-text gallery-caption' id='gallery-1-15045'>\n\t\t\t\tMme Arlette Esclaffer, Adjointe \u00e0 la Vie associative et sportive, la politique de la ville et la culture en conversation avec Alain Debontridder notre nouveau Pr\u00e9sident.\n\t\t\t\t<\/dd><\/dl><dl class='gallery-item'>\n\t\t\t<dt class='gallery-icon landscape'>\n\t\t\t\t<a href='https:\/\/meriller-vapeur.fr\/wp3\/?attachment_id=15046'><img loading=\"lazy\" decoding=\"async\" width=\"665\" height=\"444\" src=\"https:\/\/meriller-vapeur.fr\/wp3\/wp-content\/uploads\/2023\/02\/IMG_1726-1024x684.jpg\" class=\"attachment-large size-large\" alt=\"\" srcset=\"https:\/\/meriller-vapeur.fr\/wp3\/wp-content\/uploads\/2023\/02\/IMG_1726-1024x684.jpg 1024w, https:\/\/meriller-vapeur.fr\/wp3\/wp-content\/uploads\/2023\/02\/IMG_1726-300x200.jpg 300w, https:\/\/meriller-vapeur.fr\/wp3\/wp-content\/uploads\/2023\/02\/IMG_1726-768x513.jpg 768w, https:\/\/meriller-vapeur.fr\/wp3\/wp-content\/uploads\/2023\/02\/IMG_1726-1536x1026.jpg 1536w, https:\/\/meriller-vapeur.fr\/wp3\/wp-content\/uploads\/2023\/02\/IMG_1726-660x441.jpg 660w, https:\/\/meriller-vapeur.fr\/wp3\/wp-content\/uploads\/2023\/02\/IMG_1726.jpg 1600w\" sizes=\"auto, (max-width: 665px) 100vw, 665px\" \/><\/a>\n\t\t\t<\/dt><\/dl><br style=\"clear: both\" \/><dl class='gallery-item'>\n\t\t\t<dt class='gallery-icon landscape'>\n\t\t\t\t<a href='https:\/\/meriller-vapeur.fr\/wp3\/?attachment_id=15047'><img loading=\"lazy\" decoding=\"async\" width=\"665\" height=\"444\" src=\"https:\/\/meriller-vapeur.fr\/wp3\/wp-content\/uploads\/2023\/02\/IMG_1727-1024x684.jpg\" class=\"attachment-large size-large\" alt=\"\" srcset=\"https:\/\/meriller-vapeur.fr\/wp3\/wp-content\/uploads\/2023\/02\/IMG_1727-1024x684.jpg 1024w, https:\/\/meriller-vapeur.fr\/wp3\/wp-content\/uploads\/2023\/02\/IMG_1727-300x200.jpg 300w, https:\/\/meriller-vapeur.fr\/wp3\/wp-content\/uploads\/2023\/02\/IMG_1727-768x513.jpg 768w, https:\/\/meriller-vapeur.fr\/wp3\/wp-content\/uploads\/2023\/02\/IMG_1727-1536x1026.jpg 1536w, https:\/\/meriller-vapeur.fr\/wp3\/wp-content\/uploads\/2023\/02\/IMG_1727-660x441.jpg 660w, https:\/\/meriller-vapeur.fr\/wp3\/wp-content\/uploads\/2023\/02\/IMG_1727.jpg 1600w\" sizes=\"auto, (max-width: 665px) 100vw, 665px\" \/><\/a>\n\t\t\t<\/dt><\/dl><dl class='gallery-item'>\n\t\t\t<dt class='gallery-icon landscape'>\n\t\t\t\t<a href='https:\/\/meriller-vapeur.fr\/wp3\/?attachment_id=15048'><img loading=\"lazy\" decoding=\"async\" width=\"665\" height=\"444\" src=\"https:\/\/meriller-vapeur.fr\/wp3\/wp-content\/uploads\/2023\/02\/IMG_1728-1024x684.jpg\" class=\"attachment-large size-large\" alt=\"\" srcset=\"https:\/\/meriller-vapeur.fr\/wp3\/wp-content\/uploads\/2023\/02\/IMG_1728-1024x684.jpg 1024w, https:\/\/meriller-vapeur.fr\/wp3\/wp-content\/uploads\/2023\/02\/IMG_1728-300x200.jpg 300w, https:\/\/meriller-vapeur.fr\/wp3\/wp-content\/uploads\/2023\/02\/IMG_1728-768x513.jpg 768w, https:\/\/meriller-vapeur.fr\/wp3\/wp-content\/uploads\/2023\/02\/IMG_1728-1536x1026.jpg 1536w, https:\/\/meriller-vapeur.fr\/wp3\/wp-content\/uploads\/2023\/02\/IMG_1728-660x441.jpg 660w, https:\/\/meriller-vapeur.fr\/wp3\/wp-content\/uploads\/2023\/02\/IMG_1728.jpg 1600w\" sizes=\"auto, (max-width: 665px) 100vw, 665px\" \/><\/a>\n\t\t\t<\/dt><\/dl>\n\t\t\t<br style='clear: both' \/>\n\t\t<\/div>\n\n<p>COMPTE-RENDUS de PRESSE : &gt;&gt;&gt;&gt;&gt;&gt;&gt;&gt; \u00e0 venir&#8230;<\/p>\n<hr \/>\n<pre>Page mise en ligne le 03\/02\/2023<\/pre>\n<div class=\"pvc_clear\"><\/div>\n<p id=\"pvc_stats_15019\" class=\"pvc_stats all  \" data-element-id=\"15019\" style=\"\"><i class=\"pvc-stats-icon medium\" aria-hidden=\"true\"><svg aria-hidden=\"true\" focusable=\"false\" data-prefix=\"far\" data-icon=\"chart-bar\" role=\"img\" xmlns=\"http:\/\/www.w3.org\/2000\/svg\" viewBox=\"0 0 512 512\" class=\"svg-inline--fa fa-chart-bar fa-w-16 fa-2x\"><path fill=\"currentColor\" d=\"M396.8 352h22.4c6.4 0 12.8-6.4 12.8-12.8V108.8c0-6.4-6.4-12.8-12.8-12.8h-22.4c-6.4 0-12.8 6.4-12.8 12.8v230.4c0 6.4 6.4 12.8 12.8 12.8zm-192 0h22.4c6.4 0 12.8-6.4 12.8-12.8V140.8c0-6.4-6.4-12.8-12.8-12.8h-22.4c-6.4 0-12.8 6.4-12.8 12.8v198.4c0 6.4 6.4 12.8 12.8 12.8zm96 0h22.4c6.4 0 12.8-6.4 12.8-12.8V204.8c0-6.4-6.4-12.8-12.8-12.8h-22.4c-6.4 0-12.8 6.4-12.8 12.8v134.4c0 6.4 6.4 12.8 12.8 12.8zM496 400H48V80c0-8.84-7.16-16-16-16H16C7.16 64 0 71.16 0 80v336c0 17.67 14.33 32 32 32h464c8.84 0 16-7.16 16-16v-16c0-8.84-7.16-16-16-16zm-387.2-48h22.4c6.4 0 12.8-6.4 12.8-12.8v-70.4c0-6.4-6.4-12.8-12.8-12.8h-22.4c-6.4 0-12.8 6.4-12.8 12.8v70.4c0 6.4 6.4 12.8 12.8 12.8z\" class=\"\"><\/path><\/svg><\/i> <img loading=\"lazy\" decoding=\"async\" width=\"16\" height=\"16\" alt=\"Loading\" src=\"https:\/\/meriller-vapeur.fr\/wp3\/wp-content\/plugins\/page-views-count\/ajax-loader-2x.gif\" border=0 \/><\/p>\n<div class=\"pvc_clear\"><\/div>\n","protected":false},"excerpt":{"rendered":"<p>Comme chaque ann\u00e9e, nous avons tenu notre Assembl\u00e9e g\u00e9n\u00e9rale ordinaire ce samedi 28 janvier 2023. Le compte rendu d\u00e9taill\u00e9 des d\u00e9bats est \u00e0 votre disposition &gt;&gt;&gt;&gt;&gt;&gt;&gt;&gt; ICI. A cette occasion, l\u2019Association a e\u0301lu un nouveau\u00a0pre\u0301sident, Alain Debontridder, qui avait rejoint l&rsquo;association l\u2019e\u0301te\u0301 dernier. Le reste du bureau se compose comme suit : &#8211; Vice\u00ad-Pr\u00e9sidents\u00a0: Roger\u2026 <span class=\"read-more\"><a href=\"https:\/\/meriller-vapeur.fr\/wp3\/?page_id=15019\">Read More &raquo;<\/a><\/span><\/p>\n<div class=\"pvc_clear\"><\/div>\n<p id=\"pvc_stats_15019\" class=\"pvc_stats all  \" data-element-id=\"15019\" style=\"\"><i class=\"pvc-stats-icon medium\" aria-hidden=\"true\"><svg aria-hidden=\"true\" focusable=\"false\" data-prefix=\"far\" data-icon=\"chart-bar\" role=\"img\" xmlns=\"http:\/\/www.w3.org\/2000\/svg\" viewBox=\"0 0 512 512\" class=\"svg-inline--fa fa-chart-bar fa-w-16 fa-2x\"><path fill=\"currentColor\" d=\"M396.8 352h22.4c6.4 0 12.8-6.4 12.8-12.8V108.8c0-6.4-6.4-12.8-12.8-12.8h-22.4c-6.4 0-12.8 6.4-12.8 12.8v230.4c0 6.4 6.4 12.8 12.8 12.8zm-192 0h22.4c6.4 0 12.8-6.4 12.8-12.8V140.8c0-6.4-6.4-12.8-12.8-12.8h-22.4c-6.4 0-12.8 6.4-12.8 12.8v198.4c0 6.4 6.4 12.8 12.8 12.8zm96 0h22.4c6.4 0 12.8-6.4 12.8-12.8V204.8c0-6.4-6.4-12.8-12.8-12.8h-22.4c-6.4 0-12.8 6.4-12.8 12.8v134.4c0 6.4 6.4 12.8 12.8 12.8zM496 400H48V80c0-8.84-7.16-16-16-16H16C7.16 64 0 71.16 0 80v336c0 17.67 14.33 32 32 32h464c8.84 0 16-7.16 16-16v-16c0-8.84-7.16-16-16-16zm-387.2-48h22.4c6.4 0 12.8-6.4 12.8-12.8v-70.4c0-6.4-6.4-12.8-12.8-12.8h-22.4c-6.4 0-12.8 6.4-12.8 12.8v70.4c0 6.4 6.4 12.8 12.8 12.8z\" class=\"\"><\/path><\/svg><\/i> <img loading=\"lazy\" decoding=\"async\" width=\"16\" height=\"16\" alt=\"Loading\" src=\"https:\/\/meriller-vapeur.fr\/wp3\/wp-content\/plugins\/page-views-count\/ajax-loader-2x.gif\" border=0 \/><\/p>\n<div class=\"pvc_clear\"><\/div>\n","protected":false},"author":1,"featured_media":0,"parent":0,"menu_order":0,"comment_status":"closed","ping_status":"closed","template":"page-templates\/full-width.php","meta":{"footnotes":""},"class_list":["post-15019","page","type-page","status-publish","hentry"],"a3_pvc":{"activated":true,"total_views":93,"today_views":0},"_links":{"self":[{"href":"https:\/\/meriller-vapeur.fr\/wp3\/index.php?rest_route=\/wp\/v2\/pages\/15019","targetHints":{"allow":["GET"]}}],"collection":[{"href":"https:\/\/meriller-vapeur.fr\/wp3\/index.php?rest_route=\/wp\/v2\/pages"}],"about":[{"href":"https:\/\/meriller-vapeur.fr\/wp3\/index.php?rest_route=\/wp\/v2\/types\/page"}],"author":[{"embeddable":true,"href":"https:\/\/meriller-vapeur.fr\/wp3\/index.php?rest_route=\/wp\/v2\/users\/1"}],"replies":[{"embeddable":true,"href":"https:\/\/meriller-vapeur.fr\/wp3\/index.php?rest_route=%2Fwp%2Fv2%2Fcomments&post=15019"}],"version-history":[{"count":8,"href":"https:\/\/meriller-vapeur.fr\/wp3\/index.php?rest_route=\/wp\/v2\/pages\/15019\/revisions"}],"predecessor-version":[{"id":15050,"href":"https:\/\/meriller-vapeur.fr\/wp3\/index.php?rest_route=\/wp\/v2\/pages\/15019\/revisions\/15050"}],"wp:attachment":[{"href":"https:\/\/meriller-vapeur.fr\/wp3\/index.php?rest_route=%2Fwp%2Fv2%2Fmedia&parent=15019"}],"curies":[{"name":"wp","href":"https:\/\/api.w.org\/{rel}","templated":true}]}}