{"id":14268,"date":"2022-07-13T15:22:30","date_gmt":"2022-07-13T13:22:30","guid":{"rendered":"https:\/\/meriller-vapeur.fr\/wp3\/?page_id=14268"},"modified":"2022-07-21T10:46:41","modified_gmt":"2022-07-21T08:46:41","slug":"travaux-sur-la-loco-2022","status":"publish","type":"page","link":"https:\/\/meriller-vapeur.fr\/wp3\/?page_id=14268","title":{"rendered":"TRAVAUX sur la LOCO &#8211; 2022 &#8211; 1\/2"},"content":{"rendered":"<p>&nbsp;<\/p>\n<h4>Page 1\/2 \u00a0&gt; <a href=\"https:\/\/meriller-vapeur.fr\/wp3\/?page_id=14337\">Page 2\/2<\/a><\/h4>\n<p><span style=\"font-size: large;\"><em><strong>Notre super Vice-Pr\u00e9sident Roger Marouby<\/strong><\/em> anime toujours \u00a0avec talent et efficacit\u00e9 l\u2019entretien et la r\u00e9novation de notre belle Loco PO 6065 (<strong><span style=\"text-decoration: underline;\"><em><a href=\"https:\/\/meriller-vapeur.fr\/wp3\/?page_id=120\" target=\"_blank\" rel=\"noopener\">voir son historique sur cette page<\/a><\/em><\/span>)<\/strong>. Il nous adresse ainsi le compte rendu des derniers travaux r\u00e9alis\u00e9s depuis le d\u00e9but de cette ann\u00e9e 2022 :<\/span><\/p>\n<p><em><span style=\"font-size: large;\">\u00a0\u00bb Apr\u00e8s une m\u00e9t\u00e9o\u00a0printani\u00e8re\u00a0en dents de scie, nous avons pu lancer le chantier\u00a0<\/span><span style=\"font-size: large;\">de remise en\u00a0 \u00e9tat de pr\u00e9sentation de la locomotive PO 6065\u00a0 install\u00e9e sur le rond point de Meriller\u00a0<\/span><span style=\"font-size: large;\">depuis mars 2003.<\/span><\/em><\/p>\n<p><em><span style=\"font-size: large;\">Apr\u00e8s deux ann\u00e9es difficiles li\u00e9es \u00e0 la Covid, nous avons pu commencer, les 11 et 12\u00a0 mai 2022, le d\u00e9capage de la rouille<\/span><span style=\"font-size: large;\">\u00a0\u00e0 la brosse m\u00e9tallique et au Karcher avant de\u00a0 repeindre les accessoires annexes : <\/span><span style=\"font-size: large;\">barri\u00e8re\u00a0 devant\u00a0<\/span><span style=\"font-size: large;\">la loco,\u00a0 heurtoir. <\/span><\/em><\/p>\n<p><em><span style=\"font-size: large;\">Le d\u00e9but des travaux fut laborieux, le Karcher, prenant des\u00a0<\/span><span style=\"font-size: large;\">\u00ab\u00a0pauses non programm\u00e9es\u00a0\u00bb, avait une f\u00e2cheuse tendance \u00e0 irriter notre ami Gilbert.<br \/>\n<\/span><\/em><\/p>\n<p><em><span style=\"font-size: large;\">Qu&rsquo;\u00e0 cela ne tienne,\u00a0 le 18 mai Gilbert, apr\u00e8s avoir\u00a0 \u00ab\u00a0fil\u00e9 un coup de bistouri dans le carburateur\u00a0\u00bb,\u00a0<\/span><span style=\"font-size: large;\">est revenu avec un karcher \u00e0 la haute performance retrouv\u00e9e.\u00a0<\/span><span style=\"font-size: large;\">Le travail a ainsi continu\u00e9 les 19 mai, 25 mai, 10 juin. Mais ensuite, suspension des travaux, un soleil particuli\u00e8rement br\u00fblant\u00a0<\/span><span style=\"font-size: large;\">nous stoppant dans notre \u00e9lan. <\/span><\/em><\/p>\n<p><em><span style=\"font-size: large;\">Une nouvelle lucarne m\u00e9t\u00e9o favorable se pr\u00e9sente les 27 &#8211; 28 &#8211; 29 juin, elle autorise le concours sur la locomotive\u00a0<\/span><span style=\"font-size: large;\">des jeunes apprentis du BTP CFA de 1\u00e8re ann\u00e9e de CAP(1). Cette intervention efficace\u00a0<\/span><span style=\"font-size: large;\">a permis d&rsquo;avoir pour l&rsquo;inauguration de la Navette Ferroviaire Mussidan-Niversac via P\u00e9rigueux un parking relais accueillant.<\/span><\/em><\/p>\n<p><em><span style=\"font-size: large;\">Les intervenants pour cette op\u00e9ration\u00a0 sont : Gilbert, Pierre, Alain, Daniel, Jacques,\u00a0 Jean Claude 1, Roger.<\/span><\/em><\/p>\n<p><em><span style=\"font-size: large;\">Fin juillet, d\u00e8s que la m\u00e9t\u00e9o\u00a0 le permettra,\u00a0 nous continuerons la remise \u00e0 niveau : peinture int\u00e9rieure de la cabine,\u00a0<\/span><span style=\"font-size: large;\">dessus du tender, barri\u00e8re, bogie sur le rond point et remise dans sa position d\u2019origine du levier d\u2019aiguillage\u00a0d\u00e9t\u00e9rior\u00e9 par un automobiliste quelque peu casse-cou.<\/span><\/em><\/p>\n<p><em><span style=\"font-size: large;\">Un grand merci aux apprentis du CFA et \u00e0 leurs Formateurs, \u00e9galement aux adh\u00e9rents volontaires de Meriller Vapeurs 24.<\/span><\/em><\/p>\n<p><em><span style=\"font-size: large;\">Les photos suivent\u2026\u00a0\u00bb<\/span><\/em><\/p>\n<p>(1) 17 Apprentis 1\u00e8re anne\u0301e CAP. \u00a0Animateurs : Adeline &#8211; Mathieu. \u00a0Directeur du CFA : JEAN Michel.<\/p>\n\n\t\t<style type=\"text\/css\">\n\t\t\t#gallery-1 {\n\t\t\t\tmargin: auto;\n\t\t\t}\n\t\t\t#gallery-1 .gallery-item {\n\t\t\t\tfloat: left;\n\t\t\t\tmargin-top: 10px;\n\t\t\t\ttext-align: center;\n\t\t\t\twidth: 50%;\n\t\t\t}\n\t\t\t#gallery-1 img {\n\t\t\t\tborder: 2px solid #cfcfcf;\n\t\t\t}\n\t\t\t#gallery-1 .gallery-caption {\n\t\t\t\tmargin-left: 0;\n\t\t\t}\n\t\t\t\/* see gallery_shortcode() in wp-includes\/media.php *\/\n\t\t<\/style>\n\t\t<div id='gallery-1' class='gallery galleryid-14268 gallery-columns-2 gallery-size-large'><dl class='gallery-item'>\n\t\t\t<dt class='gallery-icon landscape'>\n\t\t\t\t<a href='https:\/\/meriller-vapeur.fr\/wp3\/?attachment_id=14276'><img loading=\"lazy\" decoding=\"async\" width=\"665\" height=\"444\" src=\"https:\/\/meriller-vapeur.fr\/wp3\/wp-content\/uploads\/2022\/07\/1-11.05-2022-Daniel-et-Jacques-IMG_1233-1024x684.jpg\" class=\"attachment-large size-large\" alt=\"\" srcset=\"https:\/\/meriller-vapeur.fr\/wp3\/wp-content\/uploads\/2022\/07\/1-11.05-2022-Daniel-et-Jacques-IMG_1233-1024x684.jpg 1024w, https:\/\/meriller-vapeur.fr\/wp3\/wp-content\/uploads\/2022\/07\/1-11.05-2022-Daniel-et-Jacques-IMG_1233-300x200.jpg 300w, https:\/\/meriller-vapeur.fr\/wp3\/wp-content\/uploads\/2022\/07\/1-11.05-2022-Daniel-et-Jacques-IMG_1233-768x513.jpg 768w, https:\/\/meriller-vapeur.fr\/wp3\/wp-content\/uploads\/2022\/07\/1-11.05-2022-Daniel-et-Jacques-IMG_1233-1536x1026.jpg 1536w, https:\/\/meriller-vapeur.fr\/wp3\/wp-content\/uploads\/2022\/07\/1-11.05-2022-Daniel-et-Jacques-IMG_1233-660x441.jpg 660w, https:\/\/meriller-vapeur.fr\/wp3\/wp-content\/uploads\/2022\/07\/1-11.05-2022-Daniel-et-Jacques-IMG_1233.jpg 1600w\" sizes=\"auto, (max-width: 665px) 100vw, 665px\" \/><\/a>\n\t\t\t<\/dt><\/dl><dl class='gallery-item'>\n\t\t\t<dt class='gallery-icon landscape'>\n\t\t\t\t<a href='https:\/\/meriller-vapeur.fr\/wp3\/?attachment_id=14277'><img loading=\"lazy\" decoding=\"async\" width=\"665\" height=\"444\" src=\"https:\/\/meriller-vapeur.fr\/wp3\/wp-content\/uploads\/2022\/07\/2-11.05.2022-Reprise-entretien-de-la-loco-IMG_1232-1024x684.jpg\" class=\"attachment-large size-large\" alt=\"\" srcset=\"https:\/\/meriller-vapeur.fr\/wp3\/wp-content\/uploads\/2022\/07\/2-11.05.2022-Reprise-entretien-de-la-loco-IMG_1232-1024x684.jpg 1024w, https:\/\/meriller-vapeur.fr\/wp3\/wp-content\/uploads\/2022\/07\/2-11.05.2022-Reprise-entretien-de-la-loco-IMG_1232-300x200.jpg 300w, https:\/\/meriller-vapeur.fr\/wp3\/wp-content\/uploads\/2022\/07\/2-11.05.2022-Reprise-entretien-de-la-loco-IMG_1232-768x513.jpg 768w, https:\/\/meriller-vapeur.fr\/wp3\/wp-content\/uploads\/2022\/07\/2-11.05.2022-Reprise-entretien-de-la-loco-IMG_1232-1536x1026.jpg 1536w, https:\/\/meriller-vapeur.fr\/wp3\/wp-content\/uploads\/2022\/07\/2-11.05.2022-Reprise-entretien-de-la-loco-IMG_1232-660x441.jpg 660w, https:\/\/meriller-vapeur.fr\/wp3\/wp-content\/uploads\/2022\/07\/2-11.05.2022-Reprise-entretien-de-la-loco-IMG_1232.jpg 1600w\" sizes=\"auto, (max-width: 665px) 100vw, 665px\" \/><\/a>\n\t\t\t<\/dt><\/dl><br style=\"clear: both\" \/><dl class='gallery-item'>\n\t\t\t<dt class='gallery-icon landscape'>\n\t\t\t\t<a href='https:\/\/meriller-vapeur.fr\/wp3\/?attachment_id=14278'><img loading=\"lazy\" decoding=\"async\" width=\"665\" height=\"444\" src=\"https:\/\/meriller-vapeur.fr\/wp3\/wp-content\/uploads\/2022\/07\/3-11.05.2022-Pour-la-photo-le-Karcher-fonctionne-mais-pas-pour-longtemps-Gilbert-Jean-Claude-IMG_1234-1024x684.jpg\" class=\"attachment-large size-large\" alt=\"\" srcset=\"https:\/\/meriller-vapeur.fr\/wp3\/wp-content\/uploads\/2022\/07\/3-11.05.2022-Pour-la-photo-le-Karcher-fonctionne-mais-pas-pour-longtemps-Gilbert-Jean-Claude-IMG_1234-1024x684.jpg 1024w, https:\/\/meriller-vapeur.fr\/wp3\/wp-content\/uploads\/2022\/07\/3-11.05.2022-Pour-la-photo-le-Karcher-fonctionne-mais-pas-pour-longtemps-Gilbert-Jean-Claude-IMG_1234-300x200.jpg 300w, https:\/\/meriller-vapeur.fr\/wp3\/wp-content\/uploads\/2022\/07\/3-11.05.2022-Pour-la-photo-le-Karcher-fonctionne-mais-pas-pour-longtemps-Gilbert-Jean-Claude-IMG_1234-768x513.jpg 768w, https:\/\/meriller-vapeur.fr\/wp3\/wp-content\/uploads\/2022\/07\/3-11.05.2022-Pour-la-photo-le-Karcher-fonctionne-mais-pas-pour-longtemps-Gilbert-Jean-Claude-IMG_1234-1536x1026.jpg 1536w, https:\/\/meriller-vapeur.fr\/wp3\/wp-content\/uploads\/2022\/07\/3-11.05.2022-Pour-la-photo-le-Karcher-fonctionne-mais-pas-pour-longtemps-Gilbert-Jean-Claude-IMG_1234-660x441.jpg 660w, https:\/\/meriller-vapeur.fr\/wp3\/wp-content\/uploads\/2022\/07\/3-11.05.2022-Pour-la-photo-le-Karcher-fonctionne-mais-pas-pour-longtemps-Gilbert-Jean-Claude-IMG_1234.jpg 1600w\" sizes=\"auto, (max-width: 665px) 100vw, 665px\" \/><\/a>\n\t\t\t<\/dt><\/dl><dl class='gallery-item'>\n\t\t\t<dt class='gallery-icon landscape'>\n\t\t\t\t<a href='https:\/\/meriller-vapeur.fr\/wp3\/?attachment_id=14279'><img loading=\"lazy\" decoding=\"async\" width=\"665\" height=\"444\" src=\"https:\/\/meriller-vapeur.fr\/wp3\/wp-content\/uploads\/2022\/07\/4-18.05.2022-Revenu-a-de-meilleurs-sentiments-le-karcher-a-decide-de-faire-le-job..-IMG_1235-1024x684.jpg\" class=\"attachment-large size-large\" alt=\"\" srcset=\"https:\/\/meriller-vapeur.fr\/wp3\/wp-content\/uploads\/2022\/07\/4-18.05.2022-Revenu-a-de-meilleurs-sentiments-le-karcher-a-decide-de-faire-le-job..-IMG_1235-1024x684.jpg 1024w, https:\/\/meriller-vapeur.fr\/wp3\/wp-content\/uploads\/2022\/07\/4-18.05.2022-Revenu-a-de-meilleurs-sentiments-le-karcher-a-decide-de-faire-le-job..-IMG_1235-300x200.jpg 300w, https:\/\/meriller-vapeur.fr\/wp3\/wp-content\/uploads\/2022\/07\/4-18.05.2022-Revenu-a-de-meilleurs-sentiments-le-karcher-a-decide-de-faire-le-job..-IMG_1235-768x513.jpg 768w, https:\/\/meriller-vapeur.fr\/wp3\/wp-content\/uploads\/2022\/07\/4-18.05.2022-Revenu-a-de-meilleurs-sentiments-le-karcher-a-decide-de-faire-le-job..-IMG_1235-1536x1026.jpg 1536w, https:\/\/meriller-vapeur.fr\/wp3\/wp-content\/uploads\/2022\/07\/4-18.05.2022-Revenu-a-de-meilleurs-sentiments-le-karcher-a-decide-de-faire-le-job..-IMG_1235-660x441.jpg 660w, https:\/\/meriller-vapeur.fr\/wp3\/wp-content\/uploads\/2022\/07\/4-18.05.2022-Revenu-a-de-meilleurs-sentiments-le-karcher-a-decide-de-faire-le-job..-IMG_1235.jpg 1600w\" sizes=\"auto, (max-width: 665px) 100vw, 665px\" \/><\/a>\n\t\t\t<\/dt><\/dl><br style=\"clear: both\" \/><dl class='gallery-item'>\n\t\t\t<dt class='gallery-icon landscape'>\n\t\t\t\t<a href='https:\/\/meriller-vapeur.fr\/wp3\/?attachment_id=14280'><img loading=\"lazy\" decoding=\"async\" width=\"665\" height=\"444\" src=\"https:\/\/meriller-vapeur.fr\/wp3\/wp-content\/uploads\/2022\/07\/5-18.05.2022-Gilbert-en-pleine-action-de-decrassage-IMG_1236-1024x684.jpg\" class=\"attachment-large size-large\" alt=\"\" srcset=\"https:\/\/meriller-vapeur.fr\/wp3\/wp-content\/uploads\/2022\/07\/5-18.05.2022-Gilbert-en-pleine-action-de-decrassage-IMG_1236-1024x684.jpg 1024w, https:\/\/meriller-vapeur.fr\/wp3\/wp-content\/uploads\/2022\/07\/5-18.05.2022-Gilbert-en-pleine-action-de-decrassage-IMG_1236-300x200.jpg 300w, https:\/\/meriller-vapeur.fr\/wp3\/wp-content\/uploads\/2022\/07\/5-18.05.2022-Gilbert-en-pleine-action-de-decrassage-IMG_1236-768x513.jpg 768w, https:\/\/meriller-vapeur.fr\/wp3\/wp-content\/uploads\/2022\/07\/5-18.05.2022-Gilbert-en-pleine-action-de-decrassage-IMG_1236-1536x1026.jpg 1536w, https:\/\/meriller-vapeur.fr\/wp3\/wp-content\/uploads\/2022\/07\/5-18.05.2022-Gilbert-en-pleine-action-de-decrassage-IMG_1236-660x441.jpg 660w, https:\/\/meriller-vapeur.fr\/wp3\/wp-content\/uploads\/2022\/07\/5-18.05.2022-Gilbert-en-pleine-action-de-decrassage-IMG_1236.jpg 1600w\" sizes=\"auto, (max-width: 665px) 100vw, 665px\" \/><\/a>\n\t\t\t<\/dt><\/dl><dl class='gallery-item'>\n\t\t\t<dt class='gallery-icon landscape'>\n\t\t\t\t<a href='https:\/\/meriller-vapeur.fr\/wp3\/?attachment_id=14281'><img loading=\"lazy\" decoding=\"async\" width=\"665\" height=\"444\" src=\"https:\/\/meriller-vapeur.fr\/wp3\/wp-content\/uploads\/2022\/07\/6-18.05.2022-Pause-des-desherbeurs-Daniel-et-Pierre-MG_1237-1024x684.jpg\" class=\"attachment-large size-large\" alt=\"\" srcset=\"https:\/\/meriller-vapeur.fr\/wp3\/wp-content\/uploads\/2022\/07\/6-18.05.2022-Pause-des-desherbeurs-Daniel-et-Pierre-MG_1237-1024x684.jpg 1024w, https:\/\/meriller-vapeur.fr\/wp3\/wp-content\/uploads\/2022\/07\/6-18.05.2022-Pause-des-desherbeurs-Daniel-et-Pierre-MG_1237-300x200.jpg 300w, https:\/\/meriller-vapeur.fr\/wp3\/wp-content\/uploads\/2022\/07\/6-18.05.2022-Pause-des-desherbeurs-Daniel-et-Pierre-MG_1237-768x513.jpg 768w, https:\/\/meriller-vapeur.fr\/wp3\/wp-content\/uploads\/2022\/07\/6-18.05.2022-Pause-des-desherbeurs-Daniel-et-Pierre-MG_1237-1536x1026.jpg 1536w, https:\/\/meriller-vapeur.fr\/wp3\/wp-content\/uploads\/2022\/07\/6-18.05.2022-Pause-des-desherbeurs-Daniel-et-Pierre-MG_1237-660x441.jpg 660w, https:\/\/meriller-vapeur.fr\/wp3\/wp-content\/uploads\/2022\/07\/6-18.05.2022-Pause-des-desherbeurs-Daniel-et-Pierre-MG_1237.jpg 1600w\" sizes=\"auto, (max-width: 665px) 100vw, 665px\" \/><\/a>\n\t\t\t<\/dt><\/dl><br style=\"clear: both\" \/><dl class='gallery-item'>\n\t\t\t<dt class='gallery-icon landscape'>\n\t\t\t\t<a href='https:\/\/meriller-vapeur.fr\/wp3\/?attachment_id=14282'><img loading=\"lazy\" decoding=\"async\" width=\"665\" height=\"444\" src=\"https:\/\/meriller-vapeur.fr\/wp3\/wp-content\/uploads\/2022\/07\/7-18.05.2022-Il-reste-encore-de-lherbe-a-arracher-IMG_1238-1024x684.jpg\" class=\"attachment-large size-large\" alt=\"\" srcset=\"https:\/\/meriller-vapeur.fr\/wp3\/wp-content\/uploads\/2022\/07\/7-18.05.2022-Il-reste-encore-de-lherbe-a-arracher-IMG_1238-1024x684.jpg 1024w, https:\/\/meriller-vapeur.fr\/wp3\/wp-content\/uploads\/2022\/07\/7-18.05.2022-Il-reste-encore-de-lherbe-a-arracher-IMG_1238-300x200.jpg 300w, https:\/\/meriller-vapeur.fr\/wp3\/wp-content\/uploads\/2022\/07\/7-18.05.2022-Il-reste-encore-de-lherbe-a-arracher-IMG_1238-768x513.jpg 768w, https:\/\/meriller-vapeur.fr\/wp3\/wp-content\/uploads\/2022\/07\/7-18.05.2022-Il-reste-encore-de-lherbe-a-arracher-IMG_1238-1536x1026.jpg 1536w, https:\/\/meriller-vapeur.fr\/wp3\/wp-content\/uploads\/2022\/07\/7-18.05.2022-Il-reste-encore-de-lherbe-a-arracher-IMG_1238-660x441.jpg 660w, https:\/\/meriller-vapeur.fr\/wp3\/wp-content\/uploads\/2022\/07\/7-18.05.2022-Il-reste-encore-de-lherbe-a-arracher-IMG_1238.jpg 1600w\" sizes=\"auto, (max-width: 665px) 100vw, 665px\" \/><\/a>\n\t\t\t<\/dt><\/dl><dl class='gallery-item'>\n\t\t\t<dt class='gallery-icon landscape'>\n\t\t\t\t<a href='https:\/\/meriller-vapeur.fr\/wp3\/?attachment_id=14283'><img loading=\"lazy\" decoding=\"async\" width=\"665\" height=\"444\" src=\"https:\/\/meriller-vapeur.fr\/wp3\/wp-content\/uploads\/2022\/07\/8-18.05.2022-Que-de-lierre...-IMG_1239-1024x684.jpg\" class=\"attachment-large size-large\" alt=\"\" srcset=\"https:\/\/meriller-vapeur.fr\/wp3\/wp-content\/uploads\/2022\/07\/8-18.05.2022-Que-de-lierre...-IMG_1239-1024x684.jpg 1024w, https:\/\/meriller-vapeur.fr\/wp3\/wp-content\/uploads\/2022\/07\/8-18.05.2022-Que-de-lierre...-IMG_1239-300x200.jpg 300w, https:\/\/meriller-vapeur.fr\/wp3\/wp-content\/uploads\/2022\/07\/8-18.05.2022-Que-de-lierre...-IMG_1239-768x513.jpg 768w, https:\/\/meriller-vapeur.fr\/wp3\/wp-content\/uploads\/2022\/07\/8-18.05.2022-Que-de-lierre...-IMG_1239-1536x1026.jpg 1536w, https:\/\/meriller-vapeur.fr\/wp3\/wp-content\/uploads\/2022\/07\/8-18.05.2022-Que-de-lierre...-IMG_1239-660x441.jpg 660w, https:\/\/meriller-vapeur.fr\/wp3\/wp-content\/uploads\/2022\/07\/8-18.05.2022-Que-de-lierre...-IMG_1239.jpg 1600w\" sizes=\"auto, (max-width: 665px) 100vw, 665px\" \/><\/a>\n\t\t\t<\/dt><\/dl><br style=\"clear: both\" \/><dl class='gallery-item'>\n\t\t\t<dt class='gallery-icon landscape'>\n\t\t\t\t<a href='https:\/\/meriller-vapeur.fr\/wp3\/?attachment_id=14284'><img loading=\"lazy\" decoding=\"async\" width=\"665\" height=\"444\" src=\"https:\/\/meriller-vapeur.fr\/wp3\/wp-content\/uploads\/2022\/07\/9-18.05.2022-Leffet-karcher-se-voit.-IMG_1240-1024x684.jpg\" class=\"attachment-large size-large\" alt=\"\" srcset=\"https:\/\/meriller-vapeur.fr\/wp3\/wp-content\/uploads\/2022\/07\/9-18.05.2022-Leffet-karcher-se-voit.-IMG_1240-1024x684.jpg 1024w, https:\/\/meriller-vapeur.fr\/wp3\/wp-content\/uploads\/2022\/07\/9-18.05.2022-Leffet-karcher-se-voit.-IMG_1240-300x200.jpg 300w, https:\/\/meriller-vapeur.fr\/wp3\/wp-content\/uploads\/2022\/07\/9-18.05.2022-Leffet-karcher-se-voit.-IMG_1240-768x513.jpg 768w, https:\/\/meriller-vapeur.fr\/wp3\/wp-content\/uploads\/2022\/07\/9-18.05.2022-Leffet-karcher-se-voit.-IMG_1240-1536x1026.jpg 1536w, https:\/\/meriller-vapeur.fr\/wp3\/wp-content\/uploads\/2022\/07\/9-18.05.2022-Leffet-karcher-se-voit.-IMG_1240-660x441.jpg 660w, https:\/\/meriller-vapeur.fr\/wp3\/wp-content\/uploads\/2022\/07\/9-18.05.2022-Leffet-karcher-se-voit.-IMG_1240.jpg 1600w\" sizes=\"auto, (max-width: 665px) 100vw, 665px\" \/><\/a>\n\t\t\t<\/dt><\/dl><dl class='gallery-item'>\n\t\t\t<dt class='gallery-icon landscape'>\n\t\t\t\t<a href='https:\/\/meriller-vapeur.fr\/wp3\/?attachment_id=14285'><img loading=\"lazy\" decoding=\"async\" width=\"665\" height=\"444\" src=\"https:\/\/meriller-vapeur.fr\/wp3\/wp-content\/uploads\/2022\/07\/10-18.05.2022-Fin-du-lessivage-Gilbert-en-action-IMG_1241-1024x684.jpg\" class=\"attachment-large size-large\" alt=\"\" srcset=\"https:\/\/meriller-vapeur.fr\/wp3\/wp-content\/uploads\/2022\/07\/10-18.05.2022-Fin-du-lessivage-Gilbert-en-action-IMG_1241-1024x684.jpg 1024w, https:\/\/meriller-vapeur.fr\/wp3\/wp-content\/uploads\/2022\/07\/10-18.05.2022-Fin-du-lessivage-Gilbert-en-action-IMG_1241-300x200.jpg 300w, https:\/\/meriller-vapeur.fr\/wp3\/wp-content\/uploads\/2022\/07\/10-18.05.2022-Fin-du-lessivage-Gilbert-en-action-IMG_1241-768x513.jpg 768w, https:\/\/meriller-vapeur.fr\/wp3\/wp-content\/uploads\/2022\/07\/10-18.05.2022-Fin-du-lessivage-Gilbert-en-action-IMG_1241-1536x1026.jpg 1536w, https:\/\/meriller-vapeur.fr\/wp3\/wp-content\/uploads\/2022\/07\/10-18.05.2022-Fin-du-lessivage-Gilbert-en-action-IMG_1241-660x441.jpg 660w, https:\/\/meriller-vapeur.fr\/wp3\/wp-content\/uploads\/2022\/07\/10-18.05.2022-Fin-du-lessivage-Gilbert-en-action-IMG_1241.jpg 1600w\" sizes=\"auto, (max-width: 665px) 100vw, 665px\" \/><\/a>\n\t\t\t<\/dt><\/dl><br style=\"clear: both\" \/><dl class='gallery-item'>\n\t\t\t<dt class='gallery-icon landscape'>\n\t\t\t\t<a href='https:\/\/meriller-vapeur.fr\/wp3\/?attachment_id=14286'><img loading=\"lazy\" decoding=\"async\" width=\"665\" height=\"444\" src=\"https:\/\/meriller-vapeur.fr\/wp3\/wp-content\/uploads\/2022\/07\/11-18.05.2022-On-range....IMG_1242-1024x684.jpg\" class=\"attachment-large size-large\" alt=\"\" srcset=\"https:\/\/meriller-vapeur.fr\/wp3\/wp-content\/uploads\/2022\/07\/11-18.05.2022-On-range....IMG_1242-1024x684.jpg 1024w, https:\/\/meriller-vapeur.fr\/wp3\/wp-content\/uploads\/2022\/07\/11-18.05.2022-On-range....IMG_1242-300x200.jpg 300w, https:\/\/meriller-vapeur.fr\/wp3\/wp-content\/uploads\/2022\/07\/11-18.05.2022-On-range....IMG_1242-768x513.jpg 768w, https:\/\/meriller-vapeur.fr\/wp3\/wp-content\/uploads\/2022\/07\/11-18.05.2022-On-range....IMG_1242-1536x1026.jpg 1536w, https:\/\/meriller-vapeur.fr\/wp3\/wp-content\/uploads\/2022\/07\/11-18.05.2022-On-range....IMG_1242-660x441.jpg 660w, https:\/\/meriller-vapeur.fr\/wp3\/wp-content\/uploads\/2022\/07\/11-18.05.2022-On-range....IMG_1242.jpg 1600w\" sizes=\"auto, (max-width: 665px) 100vw, 665px\" \/><\/a>\n\t\t\t<\/dt><\/dl><dl class='gallery-item'>\n\t\t\t<dt class='gallery-icon landscape'>\n\t\t\t\t<a href='https:\/\/meriller-vapeur.fr\/wp3\/?attachment_id=14287'><img loading=\"lazy\" decoding=\"async\" width=\"665\" height=\"444\" src=\"https:\/\/meriller-vapeur.fr\/wp3\/wp-content\/uploads\/2022\/07\/12-18.05.2022-Fin-de-chantier-temporaire-IMG_1243-1024x684.jpg\" class=\"attachment-large size-large\" alt=\"\" srcset=\"https:\/\/meriller-vapeur.fr\/wp3\/wp-content\/uploads\/2022\/07\/12-18.05.2022-Fin-de-chantier-temporaire-IMG_1243-1024x684.jpg 1024w, https:\/\/meriller-vapeur.fr\/wp3\/wp-content\/uploads\/2022\/07\/12-18.05.2022-Fin-de-chantier-temporaire-IMG_1243-300x200.jpg 300w, https:\/\/meriller-vapeur.fr\/wp3\/wp-content\/uploads\/2022\/07\/12-18.05.2022-Fin-de-chantier-temporaire-IMG_1243-768x513.jpg 768w, https:\/\/meriller-vapeur.fr\/wp3\/wp-content\/uploads\/2022\/07\/12-18.05.2022-Fin-de-chantier-temporaire-IMG_1243-1536x1026.jpg 1536w, https:\/\/meriller-vapeur.fr\/wp3\/wp-content\/uploads\/2022\/07\/12-18.05.2022-Fin-de-chantier-temporaire-IMG_1243-660x441.jpg 660w, https:\/\/meriller-vapeur.fr\/wp3\/wp-content\/uploads\/2022\/07\/12-18.05.2022-Fin-de-chantier-temporaire-IMG_1243.jpg 1600w\" sizes=\"auto, (max-width: 665px) 100vw, 665px\" \/><\/a>\n\t\t\t<\/dt><\/dl><br style=\"clear: both\" \/><dl class='gallery-item'>\n\t\t\t<dt class='gallery-icon landscape'>\n\t\t\t\t<a href='https:\/\/meriller-vapeur.fr\/wp3\/?attachment_id=14288'><img loading=\"lazy\" decoding=\"async\" width=\"665\" height=\"444\" src=\"https:\/\/meriller-vapeur.fr\/wp3\/wp-content\/uploads\/2022\/07\/12-27-juin-2022-Les-Apprentis-du-BTP-CFA-Dordogne-IMG_1283-1024x684.jpg\" class=\"attachment-large size-large\" alt=\"\" srcset=\"https:\/\/meriller-vapeur.fr\/wp3\/wp-content\/uploads\/2022\/07\/12-27-juin-2022-Les-Apprentis-du-BTP-CFA-Dordogne-IMG_1283-1024x684.jpg 1024w, https:\/\/meriller-vapeur.fr\/wp3\/wp-content\/uploads\/2022\/07\/12-27-juin-2022-Les-Apprentis-du-BTP-CFA-Dordogne-IMG_1283-300x200.jpg 300w, https:\/\/meriller-vapeur.fr\/wp3\/wp-content\/uploads\/2022\/07\/12-27-juin-2022-Les-Apprentis-du-BTP-CFA-Dordogne-IMG_1283-768x513.jpg 768w, https:\/\/meriller-vapeur.fr\/wp3\/wp-content\/uploads\/2022\/07\/12-27-juin-2022-Les-Apprentis-du-BTP-CFA-Dordogne-IMG_1283-1536x1026.jpg 1536w, https:\/\/meriller-vapeur.fr\/wp3\/wp-content\/uploads\/2022\/07\/12-27-juin-2022-Les-Apprentis-du-BTP-CFA-Dordogne-IMG_1283-660x441.jpg 660w, https:\/\/meriller-vapeur.fr\/wp3\/wp-content\/uploads\/2022\/07\/12-27-juin-2022-Les-Apprentis-du-BTP-CFA-Dordogne-IMG_1283.jpg 1600w\" sizes=\"auto, (max-width: 665px) 100vw, 665px\" \/><\/a>\n\t\t\t<\/dt><\/dl><dl class='gallery-item'>\n\t\t\t<dt class='gallery-icon landscape'>\n\t\t\t\t<a href='https:\/\/meriller-vapeur.fr\/wp3\/?attachment_id=14289'><img loading=\"lazy\" decoding=\"async\" width=\"665\" height=\"444\" src=\"https:\/\/meriller-vapeur.fr\/wp3\/wp-content\/uploads\/2022\/07\/13-19.05.2022-Gilbert-et-Alain-font-le-point-IMG_1244-1024x684.jpg\" class=\"attachment-large size-large\" alt=\"\" srcset=\"https:\/\/meriller-vapeur.fr\/wp3\/wp-content\/uploads\/2022\/07\/13-19.05.2022-Gilbert-et-Alain-font-le-point-IMG_1244-1024x684.jpg 1024w, https:\/\/meriller-vapeur.fr\/wp3\/wp-content\/uploads\/2022\/07\/13-19.05.2022-Gilbert-et-Alain-font-le-point-IMG_1244-300x200.jpg 300w, https:\/\/meriller-vapeur.fr\/wp3\/wp-content\/uploads\/2022\/07\/13-19.05.2022-Gilbert-et-Alain-font-le-point-IMG_1244-768x513.jpg 768w, https:\/\/meriller-vapeur.fr\/wp3\/wp-content\/uploads\/2022\/07\/13-19.05.2022-Gilbert-et-Alain-font-le-point-IMG_1244-1536x1026.jpg 1536w, https:\/\/meriller-vapeur.fr\/wp3\/wp-content\/uploads\/2022\/07\/13-19.05.2022-Gilbert-et-Alain-font-le-point-IMG_1244-660x441.jpg 660w, https:\/\/meriller-vapeur.fr\/wp3\/wp-content\/uploads\/2022\/07\/13-19.05.2022-Gilbert-et-Alain-font-le-point-IMG_1244.jpg 1600w\" sizes=\"auto, (max-width: 665px) 100vw, 665px\" \/><\/a>\n\t\t\t<\/dt><\/dl><br style=\"clear: both\" \/><dl class='gallery-item'>\n\t\t\t<dt class='gallery-icon landscape'>\n\t\t\t\t<a href='https:\/\/meriller-vapeur.fr\/wp3\/?attachment_id=14290'><img loading=\"lazy\" decoding=\"async\" width=\"665\" height=\"444\" src=\"https:\/\/meriller-vapeur.fr\/wp3\/wp-content\/uploads\/2022\/07\/14-19.05.2022-Cest-dur-de-se-relever-IMG_1245-1024x684.jpg\" class=\"attachment-large size-large\" alt=\"\" srcset=\"https:\/\/meriller-vapeur.fr\/wp3\/wp-content\/uploads\/2022\/07\/14-19.05.2022-Cest-dur-de-se-relever-IMG_1245-1024x684.jpg 1024w, https:\/\/meriller-vapeur.fr\/wp3\/wp-content\/uploads\/2022\/07\/14-19.05.2022-Cest-dur-de-se-relever-IMG_1245-300x200.jpg 300w, https:\/\/meriller-vapeur.fr\/wp3\/wp-content\/uploads\/2022\/07\/14-19.05.2022-Cest-dur-de-se-relever-IMG_1245-768x513.jpg 768w, https:\/\/meriller-vapeur.fr\/wp3\/wp-content\/uploads\/2022\/07\/14-19.05.2022-Cest-dur-de-se-relever-IMG_1245-1536x1026.jpg 1536w, https:\/\/meriller-vapeur.fr\/wp3\/wp-content\/uploads\/2022\/07\/14-19.05.2022-Cest-dur-de-se-relever-IMG_1245-660x441.jpg 660w, https:\/\/meriller-vapeur.fr\/wp3\/wp-content\/uploads\/2022\/07\/14-19.05.2022-Cest-dur-de-se-relever-IMG_1245.jpg 1600w\" sizes=\"auto, (max-width: 665px) 100vw, 665px\" \/><\/a>\n\t\t\t<\/dt><\/dl><dl class='gallery-item'>\n\t\t\t<dt class='gallery-icon landscape'>\n\t\t\t\t<a href='https:\/\/meriller-vapeur.fr\/wp3\/?attachment_id=14291'><img loading=\"lazy\" decoding=\"async\" width=\"665\" height=\"444\" src=\"https:\/\/meriller-vapeur.fr\/wp3\/wp-content\/uploads\/2022\/07\/15-19.05.2022-Photo-souvenir-Daniel-IMG_1246-1024x684.jpg\" class=\"attachment-large size-large\" alt=\"\" srcset=\"https:\/\/meriller-vapeur.fr\/wp3\/wp-content\/uploads\/2022\/07\/15-19.05.2022-Photo-souvenir-Daniel-IMG_1246-1024x684.jpg 1024w, https:\/\/meriller-vapeur.fr\/wp3\/wp-content\/uploads\/2022\/07\/15-19.05.2022-Photo-souvenir-Daniel-IMG_1246-300x200.jpg 300w, https:\/\/meriller-vapeur.fr\/wp3\/wp-content\/uploads\/2022\/07\/15-19.05.2022-Photo-souvenir-Daniel-IMG_1246-768x513.jpg 768w, https:\/\/meriller-vapeur.fr\/wp3\/wp-content\/uploads\/2022\/07\/15-19.05.2022-Photo-souvenir-Daniel-IMG_1246-1536x1026.jpg 1536w, https:\/\/meriller-vapeur.fr\/wp3\/wp-content\/uploads\/2022\/07\/15-19.05.2022-Photo-souvenir-Daniel-IMG_1246-660x441.jpg 660w, https:\/\/meriller-vapeur.fr\/wp3\/wp-content\/uploads\/2022\/07\/15-19.05.2022-Photo-souvenir-Daniel-IMG_1246.jpg 1600w\" sizes=\"auto, (max-width: 665px) 100vw, 665px\" \/><\/a>\n\t\t\t<\/dt><\/dl><br style=\"clear: both\" \/><dl class='gallery-item'>\n\t\t\t<dt class='gallery-icon landscape'>\n\t\t\t\t<a href='https:\/\/meriller-vapeur.fr\/wp3\/?attachment_id=14292'><img loading=\"lazy\" decoding=\"async\" width=\"665\" height=\"444\" src=\"https:\/\/meriller-vapeur.fr\/wp3\/wp-content\/uploads\/2022\/07\/16-19.05.2022-Apres-leffort-le-reconfort.-Alain-Gilbert-Daniel-IMG_1247-1024x684.jpg\" class=\"attachment-large size-large\" alt=\"\" srcset=\"https:\/\/meriller-vapeur.fr\/wp3\/wp-content\/uploads\/2022\/07\/16-19.05.2022-Apres-leffort-le-reconfort.-Alain-Gilbert-Daniel-IMG_1247-1024x684.jpg 1024w, https:\/\/meriller-vapeur.fr\/wp3\/wp-content\/uploads\/2022\/07\/16-19.05.2022-Apres-leffort-le-reconfort.-Alain-Gilbert-Daniel-IMG_1247-300x200.jpg 300w, https:\/\/meriller-vapeur.fr\/wp3\/wp-content\/uploads\/2022\/07\/16-19.05.2022-Apres-leffort-le-reconfort.-Alain-Gilbert-Daniel-IMG_1247-768x513.jpg 768w, https:\/\/meriller-vapeur.fr\/wp3\/wp-content\/uploads\/2022\/07\/16-19.05.2022-Apres-leffort-le-reconfort.-Alain-Gilbert-Daniel-IMG_1247-1536x1026.jpg 1536w, https:\/\/meriller-vapeur.fr\/wp3\/wp-content\/uploads\/2022\/07\/16-19.05.2022-Apres-leffort-le-reconfort.-Alain-Gilbert-Daniel-IMG_1247-660x441.jpg 660w, https:\/\/meriller-vapeur.fr\/wp3\/wp-content\/uploads\/2022\/07\/16-19.05.2022-Apres-leffort-le-reconfort.-Alain-Gilbert-Daniel-IMG_1247.jpg 1600w\" sizes=\"auto, (max-width: 665px) 100vw, 665px\" \/><\/a>\n\t\t\t<\/dt><\/dl><dl class='gallery-item'>\n\t\t\t<dt class='gallery-icon landscape'>\n\t\t\t\t<a href='https:\/\/meriller-vapeur.fr\/wp3\/?attachment_id=14293'><img loading=\"lazy\" decoding=\"async\" width=\"665\" height=\"444\" src=\"https:\/\/meriller-vapeur.fr\/wp3\/wp-content\/uploads\/2022\/07\/17-19.05.2022-Roger-Gilbert-Daniel-IMG_1248-1024x684.jpg\" class=\"attachment-large size-large\" alt=\"\" srcset=\"https:\/\/meriller-vapeur.fr\/wp3\/wp-content\/uploads\/2022\/07\/17-19.05.2022-Roger-Gilbert-Daniel-IMG_1248-1024x684.jpg 1024w, https:\/\/meriller-vapeur.fr\/wp3\/wp-content\/uploads\/2022\/07\/17-19.05.2022-Roger-Gilbert-Daniel-IMG_1248-300x200.jpg 300w, https:\/\/meriller-vapeur.fr\/wp3\/wp-content\/uploads\/2022\/07\/17-19.05.2022-Roger-Gilbert-Daniel-IMG_1248-768x513.jpg 768w, https:\/\/meriller-vapeur.fr\/wp3\/wp-content\/uploads\/2022\/07\/17-19.05.2022-Roger-Gilbert-Daniel-IMG_1248-1536x1026.jpg 1536w, https:\/\/meriller-vapeur.fr\/wp3\/wp-content\/uploads\/2022\/07\/17-19.05.2022-Roger-Gilbert-Daniel-IMG_1248-660x441.jpg 660w, https:\/\/meriller-vapeur.fr\/wp3\/wp-content\/uploads\/2022\/07\/17-19.05.2022-Roger-Gilbert-Daniel-IMG_1248.jpg 1600w\" sizes=\"auto, (max-width: 665px) 100vw, 665px\" \/><\/a>\n\t\t\t<\/dt><\/dl><br style=\"clear: both\" \/><dl class='gallery-item'>\n\t\t\t<dt class='gallery-icon portrait'>\n\t\t\t\t<a href='https:\/\/meriller-vapeur.fr\/wp3\/?attachment_id=14294'><img loading=\"lazy\" decoding=\"async\" width=\"665\" height=\"887\" src=\"https:\/\/meriller-vapeur.fr\/wp3\/wp-content\/uploads\/2022\/07\/18-25-05-2022-Peinture-de-la-barriere-Gilbert-Daniel-IMG_20220525_105823-768x1024.jpg\" class=\"attachment-large size-large\" alt=\"\" srcset=\"https:\/\/meriller-vapeur.fr\/wp3\/wp-content\/uploads\/2022\/07\/18-25-05-2022-Peinture-de-la-barriere-Gilbert-Daniel-IMG_20220525_105823-768x1024.jpg 768w, https:\/\/meriller-vapeur.fr\/wp3\/wp-content\/uploads\/2022\/07\/18-25-05-2022-Peinture-de-la-barriere-Gilbert-Daniel-IMG_20220525_105823-225x300.jpg 225w, https:\/\/meriller-vapeur.fr\/wp3\/wp-content\/uploads\/2022\/07\/18-25-05-2022-Peinture-de-la-barriere-Gilbert-Daniel-IMG_20220525_105823-1152x1536.jpg 1152w, https:\/\/meriller-vapeur.fr\/wp3\/wp-content\/uploads\/2022\/07\/18-25-05-2022-Peinture-de-la-barriere-Gilbert-Daniel-IMG_20220525_105823-1536x2048.jpg 1536w, https:\/\/meriller-vapeur.fr\/wp3\/wp-content\/uploads\/2022\/07\/18-25-05-2022-Peinture-de-la-barriere-Gilbert-Daniel-IMG_20220525_105823-660x880.jpg 660w, https:\/\/meriller-vapeur.fr\/wp3\/wp-content\/uploads\/2022\/07\/18-25-05-2022-Peinture-de-la-barriere-Gilbert-Daniel-IMG_20220525_105823.jpg 1600w\" sizes=\"auto, (max-width: 665px) 100vw, 665px\" \/><\/a>\n\t\t\t<\/dt><\/dl><dl class='gallery-item'>\n\t\t\t<dt class='gallery-icon portrait'>\n\t\t\t\t<a href='https:\/\/meriller-vapeur.fr\/wp3\/?attachment_id=14295'><img loading=\"lazy\" decoding=\"async\" width=\"665\" height=\"887\" src=\"https:\/\/meriller-vapeur.fr\/wp3\/wp-content\/uploads\/2022\/07\/19-25.05.2022-Grattage-et-peinture-anti-rouille-IMG_20220525_105841_BURST1-768x1024.jpg\" class=\"attachment-large size-large\" alt=\"\" srcset=\"https:\/\/meriller-vapeur.fr\/wp3\/wp-content\/uploads\/2022\/07\/19-25.05.2022-Grattage-et-peinture-anti-rouille-IMG_20220525_105841_BURST1-768x1024.jpg 768w, https:\/\/meriller-vapeur.fr\/wp3\/wp-content\/uploads\/2022\/07\/19-25.05.2022-Grattage-et-peinture-anti-rouille-IMG_20220525_105841_BURST1-225x300.jpg 225w, https:\/\/meriller-vapeur.fr\/wp3\/wp-content\/uploads\/2022\/07\/19-25.05.2022-Grattage-et-peinture-anti-rouille-IMG_20220525_105841_BURST1-1152x1536.jpg 1152w, https:\/\/meriller-vapeur.fr\/wp3\/wp-content\/uploads\/2022\/07\/19-25.05.2022-Grattage-et-peinture-anti-rouille-IMG_20220525_105841_BURST1-1536x2048.jpg 1536w, https:\/\/meriller-vapeur.fr\/wp3\/wp-content\/uploads\/2022\/07\/19-25.05.2022-Grattage-et-peinture-anti-rouille-IMG_20220525_105841_BURST1-660x880.jpg 660w, https:\/\/meriller-vapeur.fr\/wp3\/wp-content\/uploads\/2022\/07\/19-25.05.2022-Grattage-et-peinture-anti-rouille-IMG_20220525_105841_BURST1.jpg 1600w\" sizes=\"auto, (max-width: 665px) 100vw, 665px\" \/><\/a>\n\t\t\t<\/dt><\/dl><br style=\"clear: both\" \/><dl class='gallery-item'>\n\t\t\t<dt class='gallery-icon portrait'>\n\t\t\t\t<a href='https:\/\/meriller-vapeur.fr\/wp3\/?attachment_id=14296'><img loading=\"lazy\" decoding=\"async\" width=\"665\" height=\"887\" src=\"https:\/\/meriller-vapeur.fr\/wp3\/wp-content\/uploads\/2022\/07\/20-25.05.2022-Peinture-du-portillon-Daniel-barriere-Gilbert-IMG_20220525_110003_BURST1-768x1024.jpg\" class=\"attachment-large size-large\" alt=\"\" srcset=\"https:\/\/meriller-vapeur.fr\/wp3\/wp-content\/uploads\/2022\/07\/20-25.05.2022-Peinture-du-portillon-Daniel-barriere-Gilbert-IMG_20220525_110003_BURST1-768x1024.jpg 768w, https:\/\/meriller-vapeur.fr\/wp3\/wp-content\/uploads\/2022\/07\/20-25.05.2022-Peinture-du-portillon-Daniel-barriere-Gilbert-IMG_20220525_110003_BURST1-225x300.jpg 225w, https:\/\/meriller-vapeur.fr\/wp3\/wp-content\/uploads\/2022\/07\/20-25.05.2022-Peinture-du-portillon-Daniel-barriere-Gilbert-IMG_20220525_110003_BURST1-1152x1536.jpg 1152w, https:\/\/meriller-vapeur.fr\/wp3\/wp-content\/uploads\/2022\/07\/20-25.05.2022-Peinture-du-portillon-Daniel-barriere-Gilbert-IMG_20220525_110003_BURST1-1536x2048.jpg 1536w, https:\/\/meriller-vapeur.fr\/wp3\/wp-content\/uploads\/2022\/07\/20-25.05.2022-Peinture-du-portillon-Daniel-barriere-Gilbert-IMG_20220525_110003_BURST1-660x880.jpg 660w, https:\/\/meriller-vapeur.fr\/wp3\/wp-content\/uploads\/2022\/07\/20-25.05.2022-Peinture-du-portillon-Daniel-barriere-Gilbert-IMG_20220525_110003_BURST1.jpg 1600w\" sizes=\"auto, (max-width: 665px) 100vw, 665px\" \/><\/a>\n\t\t\t<\/dt><\/dl><dl class='gallery-item'>\n\t\t\t<dt class='gallery-icon landscape'>\n\t\t\t\t<a href='https:\/\/meriller-vapeur.fr\/wp3\/?attachment_id=14297'><img loading=\"lazy\" decoding=\"async\" width=\"665\" height=\"444\" src=\"https:\/\/meriller-vapeur.fr\/wp3\/wp-content\/uploads\/2022\/07\/21-10.06.2022-Daniel-redonne-de-la-couleur-au-heurtoir-IMG_1264-1024x684.jpg\" class=\"attachment-large size-large\" alt=\"\" srcset=\"https:\/\/meriller-vapeur.fr\/wp3\/wp-content\/uploads\/2022\/07\/21-10.06.2022-Daniel-redonne-de-la-couleur-au-heurtoir-IMG_1264-1024x684.jpg 1024w, https:\/\/meriller-vapeur.fr\/wp3\/wp-content\/uploads\/2022\/07\/21-10.06.2022-Daniel-redonne-de-la-couleur-au-heurtoir-IMG_1264-300x200.jpg 300w, https:\/\/meriller-vapeur.fr\/wp3\/wp-content\/uploads\/2022\/07\/21-10.06.2022-Daniel-redonne-de-la-couleur-au-heurtoir-IMG_1264-768x513.jpg 768w, https:\/\/meriller-vapeur.fr\/wp3\/wp-content\/uploads\/2022\/07\/21-10.06.2022-Daniel-redonne-de-la-couleur-au-heurtoir-IMG_1264-1536x1026.jpg 1536w, https:\/\/meriller-vapeur.fr\/wp3\/wp-content\/uploads\/2022\/07\/21-10.06.2022-Daniel-redonne-de-la-couleur-au-heurtoir-IMG_1264-660x441.jpg 660w, https:\/\/meriller-vapeur.fr\/wp3\/wp-content\/uploads\/2022\/07\/21-10.06.2022-Daniel-redonne-de-la-couleur-au-heurtoir-IMG_1264.jpg 1600w\" sizes=\"auto, (max-width: 665px) 100vw, 665px\" \/><\/a>\n\t\t\t<\/dt><\/dl><br style=\"clear: both\" \/><dl class='gallery-item'>\n\t\t\t<dt class='gallery-icon landscape'>\n\t\t\t\t<a href='https:\/\/meriller-vapeur.fr\/wp3\/?attachment_id=14298'><img loading=\"lazy\" decoding=\"async\" width=\"665\" height=\"444\" src=\"https:\/\/meriller-vapeur.fr\/wp3\/wp-content\/uploads\/2022\/07\/22-10.06.2022-Pose-des-toles-sur-les-cylindres.-IMG_1265-1024x684.jpg\" class=\"attachment-large size-large\" alt=\"\" srcset=\"https:\/\/meriller-vapeur.fr\/wp3\/wp-content\/uploads\/2022\/07\/22-10.06.2022-Pose-des-toles-sur-les-cylindres.-IMG_1265-1024x684.jpg 1024w, https:\/\/meriller-vapeur.fr\/wp3\/wp-content\/uploads\/2022\/07\/22-10.06.2022-Pose-des-toles-sur-les-cylindres.-IMG_1265-300x200.jpg 300w, https:\/\/meriller-vapeur.fr\/wp3\/wp-content\/uploads\/2022\/07\/22-10.06.2022-Pose-des-toles-sur-les-cylindres.-IMG_1265-768x513.jpg 768w, https:\/\/meriller-vapeur.fr\/wp3\/wp-content\/uploads\/2022\/07\/22-10.06.2022-Pose-des-toles-sur-les-cylindres.-IMG_1265-1536x1026.jpg 1536w, https:\/\/meriller-vapeur.fr\/wp3\/wp-content\/uploads\/2022\/07\/22-10.06.2022-Pose-des-toles-sur-les-cylindres.-IMG_1265-660x441.jpg 660w, https:\/\/meriller-vapeur.fr\/wp3\/wp-content\/uploads\/2022\/07\/22-10.06.2022-Pose-des-toles-sur-les-cylindres.-IMG_1265.jpg 1600w\" sizes=\"auto, (max-width: 665px) 100vw, 665px\" \/><\/a>\n\t\t\t<\/dt><\/dl><dl class='gallery-item'>\n\t\t\t<dt class='gallery-icon landscape'>\n\t\t\t\t<a href='https:\/\/meriller-vapeur.fr\/wp3\/?attachment_id=14299'><img loading=\"lazy\" decoding=\"async\" width=\"665\" height=\"444\" src=\"https:\/\/meriller-vapeur.fr\/wp3\/wp-content\/uploads\/2022\/07\/23-10.06.2022-Les-specialistes-en-action-Gilbert-et-Jacques-IMG_1266-1024x684.jpg\" class=\"attachment-large size-large\" alt=\"\" srcset=\"https:\/\/meriller-vapeur.fr\/wp3\/wp-content\/uploads\/2022\/07\/23-10.06.2022-Les-specialistes-en-action-Gilbert-et-Jacques-IMG_1266-1024x684.jpg 1024w, https:\/\/meriller-vapeur.fr\/wp3\/wp-content\/uploads\/2022\/07\/23-10.06.2022-Les-specialistes-en-action-Gilbert-et-Jacques-IMG_1266-300x200.jpg 300w, https:\/\/meriller-vapeur.fr\/wp3\/wp-content\/uploads\/2022\/07\/23-10.06.2022-Les-specialistes-en-action-Gilbert-et-Jacques-IMG_1266-768x513.jpg 768w, https:\/\/meriller-vapeur.fr\/wp3\/wp-content\/uploads\/2022\/07\/23-10.06.2022-Les-specialistes-en-action-Gilbert-et-Jacques-IMG_1266-1536x1026.jpg 1536w, https:\/\/meriller-vapeur.fr\/wp3\/wp-content\/uploads\/2022\/07\/23-10.06.2022-Les-specialistes-en-action-Gilbert-et-Jacques-IMG_1266-660x441.jpg 660w, https:\/\/meriller-vapeur.fr\/wp3\/wp-content\/uploads\/2022\/07\/23-10.06.2022-Les-specialistes-en-action-Gilbert-et-Jacques-IMG_1266.jpg 1600w\" sizes=\"auto, (max-width: 665px) 100vw, 665px\" \/><\/a>\n\t\t\t<\/dt><\/dl><br style=\"clear: both\" \/><dl class='gallery-item'>\n\t\t\t<dt class='gallery-icon landscape'>\n\t\t\t\t<a href='https:\/\/meriller-vapeur.fr\/wp3\/?attachment_id=14300'><img loading=\"lazy\" decoding=\"async\" width=\"665\" height=\"444\" src=\"https:\/\/meriller-vapeur.fr\/wp3\/wp-content\/uploads\/2022\/07\/24-10.06.2022-Le-chevron-et-le-4x4-dans-le-role-de-belier-IMG_1267-1024x684.jpg\" class=\"attachment-large size-large\" alt=\"\" srcset=\"https:\/\/meriller-vapeur.fr\/wp3\/wp-content\/uploads\/2022\/07\/24-10.06.2022-Le-chevron-et-le-4x4-dans-le-role-de-belier-IMG_1267-1024x684.jpg 1024w, https:\/\/meriller-vapeur.fr\/wp3\/wp-content\/uploads\/2022\/07\/24-10.06.2022-Le-chevron-et-le-4x4-dans-le-role-de-belier-IMG_1267-300x200.jpg 300w, https:\/\/meriller-vapeur.fr\/wp3\/wp-content\/uploads\/2022\/07\/24-10.06.2022-Le-chevron-et-le-4x4-dans-le-role-de-belier-IMG_1267-768x513.jpg 768w, https:\/\/meriller-vapeur.fr\/wp3\/wp-content\/uploads\/2022\/07\/24-10.06.2022-Le-chevron-et-le-4x4-dans-le-role-de-belier-IMG_1267-1536x1026.jpg 1536w, https:\/\/meriller-vapeur.fr\/wp3\/wp-content\/uploads\/2022\/07\/24-10.06.2022-Le-chevron-et-le-4x4-dans-le-role-de-belier-IMG_1267-660x441.jpg 660w, https:\/\/meriller-vapeur.fr\/wp3\/wp-content\/uploads\/2022\/07\/24-10.06.2022-Le-chevron-et-le-4x4-dans-le-role-de-belier-IMG_1267.jpg 1600w\" sizes=\"auto, (max-width: 665px) 100vw, 665px\" \/><\/a>\n\t\t\t<\/dt><\/dl><dl class='gallery-item'>\n\t\t\t<dt class='gallery-icon landscape'>\n\t\t\t\t<a href='https:\/\/meriller-vapeur.fr\/wp3\/?attachment_id=14301'><img loading=\"lazy\" decoding=\"async\" width=\"665\" height=\"444\" src=\"https:\/\/meriller-vapeur.fr\/wp3\/wp-content\/uploads\/2022\/07\/25-10.06.2022-Pierre-en-superviseur-surveille-levolution-du-chantier-IMG_1268-1024x684.jpg\" class=\"attachment-large size-large\" alt=\"\" srcset=\"https:\/\/meriller-vapeur.fr\/wp3\/wp-content\/uploads\/2022\/07\/25-10.06.2022-Pierre-en-superviseur-surveille-levolution-du-chantier-IMG_1268-1024x684.jpg 1024w, https:\/\/meriller-vapeur.fr\/wp3\/wp-content\/uploads\/2022\/07\/25-10.06.2022-Pierre-en-superviseur-surveille-levolution-du-chantier-IMG_1268-300x200.jpg 300w, https:\/\/meriller-vapeur.fr\/wp3\/wp-content\/uploads\/2022\/07\/25-10.06.2022-Pierre-en-superviseur-surveille-levolution-du-chantier-IMG_1268-768x513.jpg 768w, https:\/\/meriller-vapeur.fr\/wp3\/wp-content\/uploads\/2022\/07\/25-10.06.2022-Pierre-en-superviseur-surveille-levolution-du-chantier-IMG_1268-1536x1026.jpg 1536w, https:\/\/meriller-vapeur.fr\/wp3\/wp-content\/uploads\/2022\/07\/25-10.06.2022-Pierre-en-superviseur-surveille-levolution-du-chantier-IMG_1268-660x441.jpg 660w, https:\/\/meriller-vapeur.fr\/wp3\/wp-content\/uploads\/2022\/07\/25-10.06.2022-Pierre-en-superviseur-surveille-levolution-du-chantier-IMG_1268.jpg 1600w\" sizes=\"auto, (max-width: 665px) 100vw, 665px\" \/><\/a>\n\t\t\t<\/dt><\/dl><br style=\"clear: both\" \/><dl class='gallery-item'>\n\t\t\t<dt class='gallery-icon landscape'>\n\t\t\t\t<a href='https:\/\/meriller-vapeur.fr\/wp3\/?attachment_id=14302'><img loading=\"lazy\" decoding=\"async\" width=\"665\" height=\"444\" src=\"https:\/\/meriller-vapeur.fr\/wp3\/wp-content\/uploads\/2022\/07\/26-10.06.2022-Et-voila-le-boulot....IMG_1269-1024x684.jpg\" class=\"attachment-large size-large\" alt=\"\" srcset=\"https:\/\/meriller-vapeur.fr\/wp3\/wp-content\/uploads\/2022\/07\/26-10.06.2022-Et-voila-le-boulot....IMG_1269-1024x684.jpg 1024w, https:\/\/meriller-vapeur.fr\/wp3\/wp-content\/uploads\/2022\/07\/26-10.06.2022-Et-voila-le-boulot....IMG_1269-300x200.jpg 300w, https:\/\/meriller-vapeur.fr\/wp3\/wp-content\/uploads\/2022\/07\/26-10.06.2022-Et-voila-le-boulot....IMG_1269-768x513.jpg 768w, https:\/\/meriller-vapeur.fr\/wp3\/wp-content\/uploads\/2022\/07\/26-10.06.2022-Et-voila-le-boulot....IMG_1269-1536x1026.jpg 1536w, https:\/\/meriller-vapeur.fr\/wp3\/wp-content\/uploads\/2022\/07\/26-10.06.2022-Et-voila-le-boulot....IMG_1269-660x441.jpg 660w, https:\/\/meriller-vapeur.fr\/wp3\/wp-content\/uploads\/2022\/07\/26-10.06.2022-Et-voila-le-boulot....IMG_1269.jpg 1600w\" sizes=\"auto, (max-width: 665px) 100vw, 665px\" \/><\/a>\n\t\t\t<\/dt><\/dl><dl class='gallery-item'>\n\t\t\t<dt class='gallery-icon landscape'>\n\t\t\t\t<a href='https:\/\/meriller-vapeur.fr\/wp3\/?attachment_id=14303'><img loading=\"lazy\" decoding=\"async\" width=\"665\" height=\"444\" src=\"https:\/\/meriller-vapeur.fr\/wp3\/wp-content\/uploads\/2022\/07\/27-10.06.2022-Un-apero-bien-merite-enfin-les-toles-des-cylindres-sont-posees-IMG_1270-1024x684.jpg\" class=\"attachment-large size-large\" alt=\"\" srcset=\"https:\/\/meriller-vapeur.fr\/wp3\/wp-content\/uploads\/2022\/07\/27-10.06.2022-Un-apero-bien-merite-enfin-les-toles-des-cylindres-sont-posees-IMG_1270-1024x684.jpg 1024w, https:\/\/meriller-vapeur.fr\/wp3\/wp-content\/uploads\/2022\/07\/27-10.06.2022-Un-apero-bien-merite-enfin-les-toles-des-cylindres-sont-posees-IMG_1270-300x200.jpg 300w, https:\/\/meriller-vapeur.fr\/wp3\/wp-content\/uploads\/2022\/07\/27-10.06.2022-Un-apero-bien-merite-enfin-les-toles-des-cylindres-sont-posees-IMG_1270-768x513.jpg 768w, https:\/\/meriller-vapeur.fr\/wp3\/wp-content\/uploads\/2022\/07\/27-10.06.2022-Un-apero-bien-merite-enfin-les-toles-des-cylindres-sont-posees-IMG_1270-1536x1026.jpg 1536w, https:\/\/meriller-vapeur.fr\/wp3\/wp-content\/uploads\/2022\/07\/27-10.06.2022-Un-apero-bien-merite-enfin-les-toles-des-cylindres-sont-posees-IMG_1270-660x441.jpg 660w, https:\/\/meriller-vapeur.fr\/wp3\/wp-content\/uploads\/2022\/07\/27-10.06.2022-Un-apero-bien-merite-enfin-les-toles-des-cylindres-sont-posees-IMG_1270.jpg 1600w\" sizes=\"auto, (max-width: 665px) 100vw, 665px\" \/><\/a>\n\t\t\t<\/dt><\/dl><br style=\"clear: both\" \/><dl class='gallery-item'>\n\t\t\t<dt class='gallery-icon landscape'>\n\t\t\t\t<a href='https:\/\/meriller-vapeur.fr\/wp3\/?attachment_id=14304'><img loading=\"lazy\" decoding=\"async\" width=\"665\" height=\"444\" src=\"https:\/\/meriller-vapeur.fr\/wp3\/wp-content\/uploads\/2022\/07\/27-juin-2022-IMG_1284-1024x684.jpg\" class=\"attachment-large size-large\" alt=\"\" srcset=\"https:\/\/meriller-vapeur.fr\/wp3\/wp-content\/uploads\/2022\/07\/27-juin-2022-IMG_1284-1024x684.jpg 1024w, https:\/\/meriller-vapeur.fr\/wp3\/wp-content\/uploads\/2022\/07\/27-juin-2022-IMG_1284-300x200.jpg 300w, https:\/\/meriller-vapeur.fr\/wp3\/wp-content\/uploads\/2022\/07\/27-juin-2022-IMG_1284-768x513.jpg 768w, https:\/\/meriller-vapeur.fr\/wp3\/wp-content\/uploads\/2022\/07\/27-juin-2022-IMG_1284-1536x1026.jpg 1536w, https:\/\/meriller-vapeur.fr\/wp3\/wp-content\/uploads\/2022\/07\/27-juin-2022-IMG_1284-660x441.jpg 660w, https:\/\/meriller-vapeur.fr\/wp3\/wp-content\/uploads\/2022\/07\/27-juin-2022-IMG_1284.jpg 1600w\" sizes=\"auto, (max-width: 665px) 100vw, 665px\" \/><\/a>\n\t\t\t<\/dt><\/dl><dl class='gallery-item'>\n\t\t\t<dt class='gallery-icon landscape'>\n\t\t\t\t<a href='https:\/\/meriller-vapeur.fr\/wp3\/?attachment_id=14305'><img loading=\"lazy\" decoding=\"async\" width=\"665\" height=\"444\" src=\"https:\/\/meriller-vapeur.fr\/wp3\/wp-content\/uploads\/2022\/07\/27-juin-2022-IMG_1285-1024x684.jpg\" class=\"attachment-large size-large\" alt=\"\" srcset=\"https:\/\/meriller-vapeur.fr\/wp3\/wp-content\/uploads\/2022\/07\/27-juin-2022-IMG_1285-1024x684.jpg 1024w, https:\/\/meriller-vapeur.fr\/wp3\/wp-content\/uploads\/2022\/07\/27-juin-2022-IMG_1285-300x200.jpg 300w, https:\/\/meriller-vapeur.fr\/wp3\/wp-content\/uploads\/2022\/07\/27-juin-2022-IMG_1285-768x513.jpg 768w, https:\/\/meriller-vapeur.fr\/wp3\/wp-content\/uploads\/2022\/07\/27-juin-2022-IMG_1285-1536x1026.jpg 1536w, https:\/\/meriller-vapeur.fr\/wp3\/wp-content\/uploads\/2022\/07\/27-juin-2022-IMG_1285-660x441.jpg 660w, https:\/\/meriller-vapeur.fr\/wp3\/wp-content\/uploads\/2022\/07\/27-juin-2022-IMG_1285.jpg 1600w\" sizes=\"auto, (max-width: 665px) 100vw, 665px\" \/><\/a>\n\t\t\t<\/dt><\/dl><br style=\"clear: both\" \/><dl class='gallery-item'>\n\t\t\t<dt class='gallery-icon landscape'>\n\t\t\t\t<a href='https:\/\/meriller-vapeur.fr\/wp3\/?attachment_id=14306'><img loading=\"lazy\" decoding=\"async\" width=\"665\" height=\"444\" src=\"https:\/\/meriller-vapeur.fr\/wp3\/wp-content\/uploads\/2022\/07\/27-juin-2022-IMG_1286-1024x684.jpg\" class=\"attachment-large size-large\" alt=\"\" srcset=\"https:\/\/meriller-vapeur.fr\/wp3\/wp-content\/uploads\/2022\/07\/27-juin-2022-IMG_1286-1024x684.jpg 1024w, https:\/\/meriller-vapeur.fr\/wp3\/wp-content\/uploads\/2022\/07\/27-juin-2022-IMG_1286-300x200.jpg 300w, https:\/\/meriller-vapeur.fr\/wp3\/wp-content\/uploads\/2022\/07\/27-juin-2022-IMG_1286-768x513.jpg 768w, https:\/\/meriller-vapeur.fr\/wp3\/wp-content\/uploads\/2022\/07\/27-juin-2022-IMG_1286-1536x1026.jpg 1536w, https:\/\/meriller-vapeur.fr\/wp3\/wp-content\/uploads\/2022\/07\/27-juin-2022-IMG_1286-660x441.jpg 660w, https:\/\/meriller-vapeur.fr\/wp3\/wp-content\/uploads\/2022\/07\/27-juin-2022-IMG_1286.jpg 1600w\" sizes=\"auto, (max-width: 665px) 100vw, 665px\" \/><\/a>\n\t\t\t<\/dt><\/dl><dl class='gallery-item'>\n\t\t\t<dt class='gallery-icon landscape'>\n\t\t\t\t<a href='https:\/\/meriller-vapeur.fr\/wp3\/?attachment_id=14307'><img loading=\"lazy\" decoding=\"async\" width=\"665\" height=\"444\" src=\"https:\/\/meriller-vapeur.fr\/wp3\/wp-content\/uploads\/2022\/07\/27-juin-2022-IMG_1287-1024x684.jpg\" class=\"attachment-large size-large\" alt=\"\" srcset=\"https:\/\/meriller-vapeur.fr\/wp3\/wp-content\/uploads\/2022\/07\/27-juin-2022-IMG_1287-1024x684.jpg 1024w, https:\/\/meriller-vapeur.fr\/wp3\/wp-content\/uploads\/2022\/07\/27-juin-2022-IMG_1287-300x200.jpg 300w, https:\/\/meriller-vapeur.fr\/wp3\/wp-content\/uploads\/2022\/07\/27-juin-2022-IMG_1287-768x513.jpg 768w, https:\/\/meriller-vapeur.fr\/wp3\/wp-content\/uploads\/2022\/07\/27-juin-2022-IMG_1287-1536x1026.jpg 1536w, https:\/\/meriller-vapeur.fr\/wp3\/wp-content\/uploads\/2022\/07\/27-juin-2022-IMG_1287-660x441.jpg 660w, https:\/\/meriller-vapeur.fr\/wp3\/wp-content\/uploads\/2022\/07\/27-juin-2022-IMG_1287.jpg 1600w\" sizes=\"auto, (max-width: 665px) 100vw, 665px\" \/><\/a>\n\t\t\t<\/dt><\/dl><br style=\"clear: both\" \/><dl class='gallery-item'>\n\t\t\t<dt class='gallery-icon landscape'>\n\t\t\t\t<a href='https:\/\/meriller-vapeur.fr\/wp3\/?attachment_id=14308'><img loading=\"lazy\" decoding=\"async\" width=\"665\" height=\"444\" src=\"https:\/\/meriller-vapeur.fr\/wp3\/wp-content\/uploads\/2022\/07\/27-juin-2022-IMG_1289-1024x684.jpg\" class=\"attachment-large size-large\" alt=\"\" srcset=\"https:\/\/meriller-vapeur.fr\/wp3\/wp-content\/uploads\/2022\/07\/27-juin-2022-IMG_1289-1024x684.jpg 1024w, https:\/\/meriller-vapeur.fr\/wp3\/wp-content\/uploads\/2022\/07\/27-juin-2022-IMG_1289-300x200.jpg 300w, https:\/\/meriller-vapeur.fr\/wp3\/wp-content\/uploads\/2022\/07\/27-juin-2022-IMG_1289-768x513.jpg 768w, https:\/\/meriller-vapeur.fr\/wp3\/wp-content\/uploads\/2022\/07\/27-juin-2022-IMG_1289-1536x1026.jpg 1536w, https:\/\/meriller-vapeur.fr\/wp3\/wp-content\/uploads\/2022\/07\/27-juin-2022-IMG_1289-660x441.jpg 660w, https:\/\/meriller-vapeur.fr\/wp3\/wp-content\/uploads\/2022\/07\/27-juin-2022-IMG_1289.jpg 1600w\" sizes=\"auto, (max-width: 665px) 100vw, 665px\" \/><\/a>\n\t\t\t<\/dt><\/dl><dl class='gallery-item'>\n\t\t\t<dt class='gallery-icon landscape'>\n\t\t\t\t<a href='https:\/\/meriller-vapeur.fr\/wp3\/?attachment_id=14309'><img loading=\"lazy\" decoding=\"async\" width=\"665\" height=\"444\" src=\"https:\/\/meriller-vapeur.fr\/wp3\/wp-content\/uploads\/2022\/07\/27-juin-2022-IMG_1290-1024x684.jpg\" class=\"attachment-large size-large\" alt=\"\" srcset=\"https:\/\/meriller-vapeur.fr\/wp3\/wp-content\/uploads\/2022\/07\/27-juin-2022-IMG_1290-1024x684.jpg 1024w, https:\/\/meriller-vapeur.fr\/wp3\/wp-content\/uploads\/2022\/07\/27-juin-2022-IMG_1290-300x200.jpg 300w, https:\/\/meriller-vapeur.fr\/wp3\/wp-content\/uploads\/2022\/07\/27-juin-2022-IMG_1290-768x513.jpg 768w, https:\/\/meriller-vapeur.fr\/wp3\/wp-content\/uploads\/2022\/07\/27-juin-2022-IMG_1290-1536x1026.jpg 1536w, https:\/\/meriller-vapeur.fr\/wp3\/wp-content\/uploads\/2022\/07\/27-juin-2022-IMG_1290-660x441.jpg 660w, https:\/\/meriller-vapeur.fr\/wp3\/wp-content\/uploads\/2022\/07\/27-juin-2022-IMG_1290.jpg 1600w\" sizes=\"auto, (max-width: 665px) 100vw, 665px\" \/><\/a>\n\t\t\t<\/dt><\/dl><br style=\"clear: both\" \/><dl class='gallery-item'>\n\t\t\t<dt class='gallery-icon landscape'>\n\t\t\t\t<a href='https:\/\/meriller-vapeur.fr\/wp3\/?attachment_id=14310'><img loading=\"lazy\" decoding=\"async\" width=\"665\" height=\"444\" src=\"https:\/\/meriller-vapeur.fr\/wp3\/wp-content\/uploads\/2022\/07\/27-juin-2022-IMG_1291-1024x684.jpg\" class=\"attachment-large size-large\" alt=\"\" srcset=\"https:\/\/meriller-vapeur.fr\/wp3\/wp-content\/uploads\/2022\/07\/27-juin-2022-IMG_1291-1024x684.jpg 1024w, https:\/\/meriller-vapeur.fr\/wp3\/wp-content\/uploads\/2022\/07\/27-juin-2022-IMG_1291-300x200.jpg 300w, https:\/\/meriller-vapeur.fr\/wp3\/wp-content\/uploads\/2022\/07\/27-juin-2022-IMG_1291-768x513.jpg 768w, https:\/\/meriller-vapeur.fr\/wp3\/wp-content\/uploads\/2022\/07\/27-juin-2022-IMG_1291-1536x1026.jpg 1536w, https:\/\/meriller-vapeur.fr\/wp3\/wp-content\/uploads\/2022\/07\/27-juin-2022-IMG_1291-660x441.jpg 660w, https:\/\/meriller-vapeur.fr\/wp3\/wp-content\/uploads\/2022\/07\/27-juin-2022-IMG_1291.jpg 1600w\" sizes=\"auto, (max-width: 665px) 100vw, 665px\" \/><\/a>\n\t\t\t<\/dt><\/dl><dl class='gallery-item'>\n\t\t\t<dt class='gallery-icon landscape'>\n\t\t\t\t<a href='https:\/\/meriller-vapeur.fr\/wp3\/?attachment_id=14311'><img loading=\"lazy\" decoding=\"async\" width=\"665\" height=\"444\" src=\"https:\/\/meriller-vapeur.fr\/wp3\/wp-content\/uploads\/2022\/07\/28-10.06.2022-Jacques-Daniel-Gilbert-Pierre-IMG_1271-1024x684.jpg\" class=\"attachment-large size-large\" alt=\"\" srcset=\"https:\/\/meriller-vapeur.fr\/wp3\/wp-content\/uploads\/2022\/07\/28-10.06.2022-Jacques-Daniel-Gilbert-Pierre-IMG_1271-1024x684.jpg 1024w, https:\/\/meriller-vapeur.fr\/wp3\/wp-content\/uploads\/2022\/07\/28-10.06.2022-Jacques-Daniel-Gilbert-Pierre-IMG_1271-300x200.jpg 300w, https:\/\/meriller-vapeur.fr\/wp3\/wp-content\/uploads\/2022\/07\/28-10.06.2022-Jacques-Daniel-Gilbert-Pierre-IMG_1271-768x513.jpg 768w, https:\/\/meriller-vapeur.fr\/wp3\/wp-content\/uploads\/2022\/07\/28-10.06.2022-Jacques-Daniel-Gilbert-Pierre-IMG_1271-1536x1026.jpg 1536w, https:\/\/meriller-vapeur.fr\/wp3\/wp-content\/uploads\/2022\/07\/28-10.06.2022-Jacques-Daniel-Gilbert-Pierre-IMG_1271-660x441.jpg 660w, https:\/\/meriller-vapeur.fr\/wp3\/wp-content\/uploads\/2022\/07\/28-10.06.2022-Jacques-Daniel-Gilbert-Pierre-IMG_1271.jpg 1600w\" sizes=\"auto, (max-width: 665px) 100vw, 665px\" \/><\/a>\n\t\t\t<\/dt><\/dl><br style=\"clear: both\" \/><dl class='gallery-item'>\n\t\t\t<dt class='gallery-icon landscape'>\n\t\t\t\t<a href='https:\/\/meriller-vapeur.fr\/wp3\/?attachment_id=14312'><img loading=\"lazy\" decoding=\"async\" width=\"665\" height=\"444\" src=\"https:\/\/meriller-vapeur.fr\/wp3\/wp-content\/uploads\/2022\/07\/29-juin-2022-La-PO-6065-apres-lintervention-des-Apprentis-du-BTP-CFA-Dordogne-IMG_1297-1024x684.jpg\" class=\"attachment-large size-large\" alt=\"\" srcset=\"https:\/\/meriller-vapeur.fr\/wp3\/wp-content\/uploads\/2022\/07\/29-juin-2022-La-PO-6065-apres-lintervention-des-Apprentis-du-BTP-CFA-Dordogne-IMG_1297-1024x684.jpg 1024w, https:\/\/meriller-vapeur.fr\/wp3\/wp-content\/uploads\/2022\/07\/29-juin-2022-La-PO-6065-apres-lintervention-des-Apprentis-du-BTP-CFA-Dordogne-IMG_1297-300x200.jpg 300w, https:\/\/meriller-vapeur.fr\/wp3\/wp-content\/uploads\/2022\/07\/29-juin-2022-La-PO-6065-apres-lintervention-des-Apprentis-du-BTP-CFA-Dordogne-IMG_1297-768x513.jpg 768w, https:\/\/meriller-vapeur.fr\/wp3\/wp-content\/uploads\/2022\/07\/29-juin-2022-La-PO-6065-apres-lintervention-des-Apprentis-du-BTP-CFA-Dordogne-IMG_1297-1536x1026.jpg 1536w, https:\/\/meriller-vapeur.fr\/wp3\/wp-content\/uploads\/2022\/07\/29-juin-2022-La-PO-6065-apres-lintervention-des-Apprentis-du-BTP-CFA-Dordogne-IMG_1297-660x441.jpg 660w, https:\/\/meriller-vapeur.fr\/wp3\/wp-content\/uploads\/2022\/07\/29-juin-2022-La-PO-6065-apres-lintervention-des-Apprentis-du-BTP-CFA-Dordogne-IMG_1297.jpg 1600w\" sizes=\"auto, (max-width: 665px) 100vw, 665px\" \/><\/a>\n\t\t\t<\/dt><\/dl><dl class='gallery-item'>\n\t\t\t<dt class='gallery-icon landscape'>\n\t\t\t\t<a href='https:\/\/meriller-vapeur.fr\/wp3\/?attachment_id=14313'><img loading=\"lazy\" decoding=\"async\" width=\"665\" height=\"444\" src=\"https:\/\/meriller-vapeur.fr\/wp3\/wp-content\/uploads\/2022\/07\/29-Juin-2022-PO-6065-IMG_1300-1024x684.jpg\" class=\"attachment-large size-large\" alt=\"\" srcset=\"https:\/\/meriller-vapeur.fr\/wp3\/wp-content\/uploads\/2022\/07\/29-Juin-2022-PO-6065-IMG_1300-1024x684.jpg 1024w, https:\/\/meriller-vapeur.fr\/wp3\/wp-content\/uploads\/2022\/07\/29-Juin-2022-PO-6065-IMG_1300-300x200.jpg 300w, https:\/\/meriller-vapeur.fr\/wp3\/wp-content\/uploads\/2022\/07\/29-Juin-2022-PO-6065-IMG_1300-768x513.jpg 768w, https:\/\/meriller-vapeur.fr\/wp3\/wp-content\/uploads\/2022\/07\/29-Juin-2022-PO-6065-IMG_1300-1536x1026.jpg 1536w, https:\/\/meriller-vapeur.fr\/wp3\/wp-content\/uploads\/2022\/07\/29-Juin-2022-PO-6065-IMG_1300-660x441.jpg 660w, https:\/\/meriller-vapeur.fr\/wp3\/wp-content\/uploads\/2022\/07\/29-Juin-2022-PO-6065-IMG_1300.jpg 1600w\" sizes=\"auto, (max-width: 665px) 100vw, 665px\" \/><\/a>\n\t\t\t<\/dt><\/dl><br style=\"clear: both\" \/><dl class='gallery-item'>\n\t\t\t<dt class='gallery-icon landscape'>\n\t\t\t\t<a href='https:\/\/meriller-vapeur.fr\/wp3\/?attachment_id=14314'><img loading=\"lazy\" decoding=\"async\" width=\"665\" height=\"444\" src=\"https:\/\/meriller-vapeur.fr\/wp3\/wp-content\/uploads\/2022\/07\/29-juin-2022-PO-6065-IMG_1301-1024x684.jpg\" class=\"attachment-large size-large\" alt=\"\" srcset=\"https:\/\/meriller-vapeur.fr\/wp3\/wp-content\/uploads\/2022\/07\/29-juin-2022-PO-6065-IMG_1301-1024x684.jpg 1024w, https:\/\/meriller-vapeur.fr\/wp3\/wp-content\/uploads\/2022\/07\/29-juin-2022-PO-6065-IMG_1301-300x200.jpg 300w, https:\/\/meriller-vapeur.fr\/wp3\/wp-content\/uploads\/2022\/07\/29-juin-2022-PO-6065-IMG_1301-768x513.jpg 768w, https:\/\/meriller-vapeur.fr\/wp3\/wp-content\/uploads\/2022\/07\/29-juin-2022-PO-6065-IMG_1301-1536x1026.jpg 1536w, https:\/\/meriller-vapeur.fr\/wp3\/wp-content\/uploads\/2022\/07\/29-juin-2022-PO-6065-IMG_1301-660x441.jpg 660w, https:\/\/meriller-vapeur.fr\/wp3\/wp-content\/uploads\/2022\/07\/29-juin-2022-PO-6065-IMG_1301.jpg 1600w\" sizes=\"auto, (max-width: 665px) 100vw, 665px\" \/><\/a>\n\t\t\t<\/dt><\/dl><dl class='gallery-item'>\n\t\t\t<dt class='gallery-icon landscape'>\n\t\t\t\t<a href='https:\/\/meriller-vapeur.fr\/wp3\/?attachment_id=14315'><img loading=\"lazy\" decoding=\"async\" width=\"665\" height=\"444\" src=\"https:\/\/meriller-vapeur.fr\/wp3\/wp-content\/uploads\/2022\/07\/29-juin-2022-PO-6065-IMG_1303-1024x684.jpg\" class=\"attachment-large size-large\" alt=\"\" srcset=\"https:\/\/meriller-vapeur.fr\/wp3\/wp-content\/uploads\/2022\/07\/29-juin-2022-PO-6065-IMG_1303-1024x684.jpg 1024w, https:\/\/meriller-vapeur.fr\/wp3\/wp-content\/uploads\/2022\/07\/29-juin-2022-PO-6065-IMG_1303-300x200.jpg 300w, https:\/\/meriller-vapeur.fr\/wp3\/wp-content\/uploads\/2022\/07\/29-juin-2022-PO-6065-IMG_1303-768x513.jpg 768w, https:\/\/meriller-vapeur.fr\/wp3\/wp-content\/uploads\/2022\/07\/29-juin-2022-PO-6065-IMG_1303-1536x1026.jpg 1536w, https:\/\/meriller-vapeur.fr\/wp3\/wp-content\/uploads\/2022\/07\/29-juin-2022-PO-6065-IMG_1303-660x441.jpg 660w, https:\/\/meriller-vapeur.fr\/wp3\/wp-content\/uploads\/2022\/07\/29-juin-2022-PO-6065-IMG_1303.jpg 1600w\" sizes=\"auto, (max-width: 665px) 100vw, 665px\" \/><\/a>\n\t\t\t<\/dt><\/dl><br style=\"clear: both\" \/><dl class='gallery-item'>\n\t\t\t<dt class='gallery-icon landscape'>\n\t\t\t\t<a href='https:\/\/meriller-vapeur.fr\/wp3\/?attachment_id=14316'><img loading=\"lazy\" decoding=\"async\" width=\"665\" height=\"444\" src=\"https:\/\/meriller-vapeur.fr\/wp3\/wp-content\/uploads\/2022\/07\/29-juin-2022-PO-6065-IMG_1304-1024x684.jpg\" class=\"attachment-large size-large\" alt=\"\" srcset=\"https:\/\/meriller-vapeur.fr\/wp3\/wp-content\/uploads\/2022\/07\/29-juin-2022-PO-6065-IMG_1304-1024x684.jpg 1024w, https:\/\/meriller-vapeur.fr\/wp3\/wp-content\/uploads\/2022\/07\/29-juin-2022-PO-6065-IMG_1304-300x200.jpg 300w, https:\/\/meriller-vapeur.fr\/wp3\/wp-content\/uploads\/2022\/07\/29-juin-2022-PO-6065-IMG_1304-768x513.jpg 768w, https:\/\/meriller-vapeur.fr\/wp3\/wp-content\/uploads\/2022\/07\/29-juin-2022-PO-6065-IMG_1304-1536x1026.jpg 1536w, https:\/\/meriller-vapeur.fr\/wp3\/wp-content\/uploads\/2022\/07\/29-juin-2022-PO-6065-IMG_1304-660x441.jpg 660w, https:\/\/meriller-vapeur.fr\/wp3\/wp-content\/uploads\/2022\/07\/29-juin-2022-PO-6065-IMG_1304.jpg 1600w\" sizes=\"auto, (max-width: 665px) 100vw, 665px\" \/><\/a>\n\t\t\t<\/dt><\/dl><dl class='gallery-item'>\n\t\t\t<dt class='gallery-icon landscape'>\n\t\t\t\t<a href='https:\/\/meriller-vapeur.fr\/wp3\/?attachment_id=14317'><img loading=\"lazy\" decoding=\"async\" width=\"665\" height=\"444\" src=\"https:\/\/meriller-vapeur.fr\/wp3\/wp-content\/uploads\/2022\/07\/29-juin-2022-PO-6065-IMG_1305-1024x684.jpg\" class=\"attachment-large size-large\" alt=\"\" srcset=\"https:\/\/meriller-vapeur.fr\/wp3\/wp-content\/uploads\/2022\/07\/29-juin-2022-PO-6065-IMG_1305-1024x684.jpg 1024w, https:\/\/meriller-vapeur.fr\/wp3\/wp-content\/uploads\/2022\/07\/29-juin-2022-PO-6065-IMG_1305-300x200.jpg 300w, https:\/\/meriller-vapeur.fr\/wp3\/wp-content\/uploads\/2022\/07\/29-juin-2022-PO-6065-IMG_1305-768x513.jpg 768w, https:\/\/meriller-vapeur.fr\/wp3\/wp-content\/uploads\/2022\/07\/29-juin-2022-PO-6065-IMG_1305-1536x1026.jpg 1536w, https:\/\/meriller-vapeur.fr\/wp3\/wp-content\/uploads\/2022\/07\/29-juin-2022-PO-6065-IMG_1305-660x441.jpg 660w, https:\/\/meriller-vapeur.fr\/wp3\/wp-content\/uploads\/2022\/07\/29-juin-2022-PO-6065-IMG_1305.jpg 1600w\" sizes=\"auto, (max-width: 665px) 100vw, 665px\" \/><\/a>\n\t\t\t<\/dt><\/dl><br style=\"clear: both\" \/><dl class='gallery-item'>\n\t\t\t<dt class='gallery-icon landscape'>\n\t\t\t\t<a href='https:\/\/meriller-vapeur.fr\/wp3\/?attachment_id=14318'><img loading=\"lazy\" decoding=\"async\" width=\"665\" height=\"444\" src=\"https:\/\/meriller-vapeur.fr\/wp3\/wp-content\/uploads\/2022\/07\/30-10.06.2022-Fin-provisoire-du-chantier-Jacques-Daniel-Gilbert-Roger--1024x684.jpg\" class=\"attachment-large size-large\" alt=\"\" srcset=\"https:\/\/meriller-vapeur.fr\/wp3\/wp-content\/uploads\/2022\/07\/30-10.06.2022-Fin-provisoire-du-chantier-Jacques-Daniel-Gilbert-Roger--1024x684.jpg 1024w, https:\/\/meriller-vapeur.fr\/wp3\/wp-content\/uploads\/2022\/07\/30-10.06.2022-Fin-provisoire-du-chantier-Jacques-Daniel-Gilbert-Roger--300x200.jpg 300w, https:\/\/meriller-vapeur.fr\/wp3\/wp-content\/uploads\/2022\/07\/30-10.06.2022-Fin-provisoire-du-chantier-Jacques-Daniel-Gilbert-Roger--768x513.jpg 768w, https:\/\/meriller-vapeur.fr\/wp3\/wp-content\/uploads\/2022\/07\/30-10.06.2022-Fin-provisoire-du-chantier-Jacques-Daniel-Gilbert-Roger--1536x1026.jpg 1536w, https:\/\/meriller-vapeur.fr\/wp3\/wp-content\/uploads\/2022\/07\/30-10.06.2022-Fin-provisoire-du-chantier-Jacques-Daniel-Gilbert-Roger--660x441.jpg 660w, https:\/\/meriller-vapeur.fr\/wp3\/wp-content\/uploads\/2022\/07\/30-10.06.2022-Fin-provisoire-du-chantier-Jacques-Daniel-Gilbert-Roger-.jpg 1600w\" sizes=\"auto, (max-width: 665px) 100vw, 665px\" \/><\/a>\n\t\t\t<\/dt><\/dl>\n\t\t\t<br style='clear: both' \/>\n\t\t<\/div>\n\n<hr \/>\n<h4>Page 1\/2 \u00a0&gt; <a href=\"https:\/\/meriller-vapeur.fr\/wp3\/?page_id=14337\">Page 2\/2<\/a><\/h4>\n<pre>Page mise \u00e0 jour le 21\/07\/2022.<\/pre>\n<div class=\"pvc_clear\"><\/div>\n<p id=\"pvc_stats_14268\" class=\"pvc_stats all  \" data-element-id=\"14268\" style=\"\"><i class=\"pvc-stats-icon medium\" aria-hidden=\"true\"><svg aria-hidden=\"true\" focusable=\"false\" data-prefix=\"far\" data-icon=\"chart-bar\" role=\"img\" xmlns=\"http:\/\/www.w3.org\/2000\/svg\" viewBox=\"0 0 512 512\" class=\"svg-inline--fa fa-chart-bar fa-w-16 fa-2x\"><path fill=\"currentColor\" d=\"M396.8 352h22.4c6.4 0 12.8-6.4 12.8-12.8V108.8c0-6.4-6.4-12.8-12.8-12.8h-22.4c-6.4 0-12.8 6.4-12.8 12.8v230.4c0 6.4 6.4 12.8 12.8 12.8zm-192 0h22.4c6.4 0 12.8-6.4 12.8-12.8V140.8c0-6.4-6.4-12.8-12.8-12.8h-22.4c-6.4 0-12.8 6.4-12.8 12.8v198.4c0 6.4 6.4 12.8 12.8 12.8zm96 0h22.4c6.4 0 12.8-6.4 12.8-12.8V204.8c0-6.4-6.4-12.8-12.8-12.8h-22.4c-6.4 0-12.8 6.4-12.8 12.8v134.4c0 6.4 6.4 12.8 12.8 12.8zM496 400H48V80c0-8.84-7.16-16-16-16H16C7.16 64 0 71.16 0 80v336c0 17.67 14.33 32 32 32h464c8.84 0 16-7.16 16-16v-16c0-8.84-7.16-16-16-16zm-387.2-48h22.4c6.4 0 12.8-6.4 12.8-12.8v-70.4c0-6.4-6.4-12.8-12.8-12.8h-22.4c-6.4 0-12.8 6.4-12.8 12.8v70.4c0 6.4 6.4 12.8 12.8 12.8z\" class=\"\"><\/path><\/svg><\/i> <img loading=\"lazy\" decoding=\"async\" width=\"16\" height=\"16\" alt=\"Loading\" src=\"https:\/\/meriller-vapeur.fr\/wp3\/wp-content\/plugins\/page-views-count\/ajax-loader-2x.gif\" border=0 \/><\/p>\n<div class=\"pvc_clear\"><\/div>\n","protected":false},"excerpt":{"rendered":"<p>&nbsp; Page 1\/2 \u00a0&gt; Page 2\/2 Notre super Vice-Pr\u00e9sident Roger Marouby anime toujours \u00a0avec talent et efficacit\u00e9 l\u2019entretien et la r\u00e9novation de notre belle Loco PO 6065 (voir son historique sur cette page). Il nous adresse ainsi le compte rendu des derniers travaux r\u00e9alis\u00e9s depuis le d\u00e9but de cette ann\u00e9e 2022 : \u00a0\u00bb Apr\u00e8s une\u2026 <span class=\"read-more\"><a href=\"https:\/\/meriller-vapeur.fr\/wp3\/?page_id=14268\">Read More &raquo;<\/a><\/span><\/p>\n<div class=\"pvc_clear\"><\/div>\n<p id=\"pvc_stats_14268\" class=\"pvc_stats all  \" data-element-id=\"14268\" style=\"\"><i class=\"pvc-stats-icon medium\" aria-hidden=\"true\"><svg aria-hidden=\"true\" focusable=\"false\" data-prefix=\"far\" data-icon=\"chart-bar\" role=\"img\" xmlns=\"http:\/\/www.w3.org\/2000\/svg\" viewBox=\"0 0 512 512\" class=\"svg-inline--fa fa-chart-bar fa-w-16 fa-2x\"><path fill=\"currentColor\" d=\"M396.8 352h22.4c6.4 0 12.8-6.4 12.8-12.8V108.8c0-6.4-6.4-12.8-12.8-12.8h-22.4c-6.4 0-12.8 6.4-12.8 12.8v230.4c0 6.4 6.4 12.8 12.8 12.8zm-192 0h22.4c6.4 0 12.8-6.4 12.8-12.8V140.8c0-6.4-6.4-12.8-12.8-12.8h-22.4c-6.4 0-12.8 6.4-12.8 12.8v198.4c0 6.4 6.4 12.8 12.8 12.8zm96 0h22.4c6.4 0 12.8-6.4 12.8-12.8V204.8c0-6.4-6.4-12.8-12.8-12.8h-22.4c-6.4 0-12.8 6.4-12.8 12.8v134.4c0 6.4 6.4 12.8 12.8 12.8zM496 400H48V80c0-8.84-7.16-16-16-16H16C7.16 64 0 71.16 0 80v336c0 17.67 14.33 32 32 32h464c8.84 0 16-7.16 16-16v-16c0-8.84-7.16-16-16-16zm-387.2-48h22.4c6.4 0 12.8-6.4 12.8-12.8v-70.4c0-6.4-6.4-12.8-12.8-12.8h-22.4c-6.4 0-12.8 6.4-12.8 12.8v70.4c0 6.4 6.4 12.8 12.8 12.8z\" class=\"\"><\/path><\/svg><\/i> <img loading=\"lazy\" decoding=\"async\" width=\"16\" height=\"16\" alt=\"Loading\" src=\"https:\/\/meriller-vapeur.fr\/wp3\/wp-content\/plugins\/page-views-count\/ajax-loader-2x.gif\" border=0 \/><\/p>\n<div class=\"pvc_clear\"><\/div>\n","protected":false},"author":1,"featured_media":0,"parent":0,"menu_order":0,"comment_status":"closed","ping_status":"closed","template":"page-templates\/full-width.php","meta":{"footnotes":""},"class_list":["post-14268","page","type-page","status-publish","hentry"],"a3_pvc":{"activated":true,"total_views":157,"today_views":0},"_links":{"self":[{"href":"https:\/\/meriller-vapeur.fr\/wp3\/index.php?rest_route=\/wp\/v2\/pages\/14268","targetHints":{"allow":["GET"]}}],"collection":[{"href":"https:\/\/meriller-vapeur.fr\/wp3\/index.php?rest_route=\/wp\/v2\/pages"}],"about":[{"href":"https:\/\/meriller-vapeur.fr\/wp3\/index.php?rest_route=\/wp\/v2\/types\/page"}],"author":[{"embeddable":true,"href":"https:\/\/meriller-vapeur.fr\/wp3\/index.php?rest_route=\/wp\/v2\/users\/1"}],"replies":[{"embeddable":true,"href":"https:\/\/meriller-vapeur.fr\/wp3\/index.php?rest_route=%2Fwp%2Fv2%2Fcomments&post=14268"}],"version-history":[{"count":18,"href":"https:\/\/meriller-vapeur.fr\/wp3\/index.php?rest_route=\/wp\/v2\/pages\/14268\/revisions"}],"predecessor-version":[{"id":14514,"href":"https:\/\/meriller-vapeur.fr\/wp3\/index.php?rest_route=\/wp\/v2\/pages\/14268\/revisions\/14514"}],"wp:attachment":[{"href":"https:\/\/meriller-vapeur.fr\/wp3\/index.php?rest_route=%2Fwp%2Fv2%2Fmedia&parent=14268"}],"curies":[{"name":"wp","href":"https:\/\/api.w.org\/{rel}","templated":true}]}}