{"id":12871,"date":"2021-03-23T19:13:21","date_gmt":"2021-03-23T18:13:21","guid":{"rendered":"https:\/\/meriller-vapeur.fr\/wp3\/?page_id=12871"},"modified":"2021-03-25T17:28:40","modified_gmt":"2021-03-25T16:28:40","slug":"des-trains-pour-cuba","status":"publish","type":"page","link":"https:\/\/meriller-vapeur.fr\/wp3\/?page_id=12871","title":{"rendered":"Des trains pour Cuba&#8230;"},"content":{"rendered":"<p>Suite \u00e0 l\u2019Article du Journal Sud-Ouest paru le 21 mars 2021, et intitul\u00e9 : <strong><a href=\"https:\/\/meriller-vapeur.fr\/wp3\/wp-content\/uploads\/2021\/03\/2021-03-21-Perigueux-la-formidable-histoire-du-train-retape-pour-Cuba.pdf\" target=\"_blank\" rel=\"noopener\">\u00ab\u00a0P\u00e9rigueux\u00a0: la formidable histoire des trains retap\u00e9s pour Cuba\u00a0\u00bb<\/a><\/strong>, voici des pr\u00e9cisions apport\u00e9es par certains de nos membres, experts \u00a0en la mati\u00e8re.<\/p>\n<h4>Bernard Labrousse pr\u00e9cise :<\/h4>\n<blockquote>\n<ul>\n<li>En 2000, 44 voitures ont \u00e9t\u00e9 vendues \u00e0 <strong>Cuba<\/strong>, o\u00f9 elles assurent le train le plus prestigieux du pays, le Tren Franc\u00e9s (en espagnol, litt\u00e9ralement le \u00ab train fran\u00e7ais \u00bb), qui relie la Havane \u00e0 Santiago de <strong>Cuba<\/strong>. Il est nomm\u00e9 \u00ab\u00a0Etoile du nord\u00a0\u00bb.<\/li>\n<li>Le tissu des si\u00e8ges en laine peut-\u00eatre rouge ou vert. Ils sont r\u00e9glables par une poign\u00e9e\u00a0en version d&rsquo;origine \u00ab\u00a0TEE\u00a0\u00bb.<\/li>\n<\/ul>\n<\/blockquote>\n<div id=\"attachment_12880\" style=\"width: 310px\" class=\"wp-caption alignleft\"><a href=\"https:\/\/meriller-vapeur.fr\/wp3\/wp-content\/uploads\/2021\/03\/100_39252.jpg\" target=\"_blank\" rel=\"noopener\"><img loading=\"lazy\" decoding=\"async\" aria-describedby=\"caption-attachment-12880\" class=\"wp-image-12880 size-medium\" src=\"https:\/\/meriller-vapeur.fr\/wp3\/wp-content\/uploads\/2021\/03\/100_39252-300x225.jpg\" alt=\"\" width=\"300\" height=\"225\" srcset=\"https:\/\/meriller-vapeur.fr\/wp3\/wp-content\/uploads\/2021\/03\/100_39252-300x225.jpg 300w, https:\/\/meriller-vapeur.fr\/wp3\/wp-content\/uploads\/2021\/03\/100_39252.jpg 644w\" sizes=\"auto, (max-width: 300px) 100vw, 300px\" \/><\/a><p id=\"caption-attachment-12880\" class=\"wp-caption-text\">Si\u00e8ge type \u00ab\u00a0HO\u00a0\u00bb install\u00e9s dans les voitures pour CUBA. en remplacement des si\u00e8ges \u00ab\u00a0TEE\u00a0\u00bb<\/p><\/div>\n<div id=\"attachment_12879\" style=\"width: 189px\" class=\"wp-caption alignleft\"><img loading=\"lazy\" decoding=\"async\" aria-describedby=\"caption-attachment-12879\" class=\"wp-image-12879 size-full\" src=\"https:\/\/meriller-vapeur.fr\/wp3\/wp-content\/uploads\/2021\/03\/attelage-willison-type-63-voitures2.jpg\" alt=\"\" width=\"179\" height=\"247\" \/><p id=\"caption-attachment-12879\" class=\"wp-caption-text\">Attelage willison type 63 voitures<\/p><\/div>\n<div id=\"attachment_12877\" style=\"width: 310px\" class=\"wp-caption alignleft\"><img loading=\"lazy\" decoding=\"async\" aria-describedby=\"caption-attachment-12877\" class=\"wp-image-12877 size-medium\" src=\"https:\/\/meriller-vapeur.fr\/wp3\/wp-content\/uploads\/2021\/03\/TEE_LEtoile_du_Nord_Cuba2-300x200.jpg\" alt=\"\" width=\"300\" height=\"200\" srcset=\"https:\/\/meriller-vapeur.fr\/wp3\/wp-content\/uploads\/2021\/03\/TEE_LEtoile_du_Nord_Cuba2-300x200.jpg 300w, https:\/\/meriller-vapeur.fr\/wp3\/wp-content\/uploads\/2021\/03\/TEE_LEtoile_du_Nord_Cuba2.jpg 473w\" sizes=\"auto, (max-width: 300px) 100vw, 300px\" \/><p id=\"caption-attachment-12877\" class=\"wp-caption-text\">Ce qu&rsquo;il reste aujourd&rsquo;hui des rames, qui croupissent sur une voie de garage \u00e0 La Havane.<\/p><\/div>\n<p>&nbsp;<\/p>\n<p>&nbsp;<\/p>\n<p>&nbsp;<\/p>\n<p>&nbsp;<\/p>\n<p>&nbsp;<\/p>\n<p>&nbsp;<\/p>\n<p>&nbsp;<\/p>\n<p>&nbsp;<\/p>\n<p>&nbsp;<\/p>\n<p><a href=\"https:\/\/meriller-vapeur.fr\/wp3\/wp-content\/uploads\/2021\/03\/100_39263.jpg\" target=\"_blank\" rel=\"noopener\"><img loading=\"lazy\" decoding=\"async\" class=\"alignleft wp-image-12878 size-medium\" src=\"https:\/\/meriller-vapeur.fr\/wp3\/wp-content\/uploads\/2021\/03\/100_39263-300x226.jpg\" alt=\"\" width=\"300\" height=\"226\" srcset=\"https:\/\/meriller-vapeur.fr\/wp3\/wp-content\/uploads\/2021\/03\/100_39263-300x226.jpg 300w, https:\/\/meriller-vapeur.fr\/wp3\/wp-content\/uploads\/2021\/03\/100_39263.jpg 388w\" sizes=\"auto, (max-width: 300px) 100vw, 300px\" \/><\/a><\/p>\n<p>&nbsp;<\/p>\n<p>&nbsp;<\/p>\n<p>&nbsp;<\/p>\n<p>&nbsp;<\/p>\n<p>&nbsp;<\/p>\n<p>&nbsp;<\/p>\n<p>&nbsp;<\/p>\n<hr \/>\n<h4>Roger Marouby nous informe :<\/h4>\n<blockquote>\n<div class=\"\">Voici 3 photos pour compl\u00e9ter l&rsquo;article de Sud\u00a0Ouest :<\/div>\n<ul>\n<li style=\"list-style-type: none;\">\n<ul>\n<li>La premi\u00e8re de Jean Porcher, qui montre l&rsquo;attelage\u00a0automatique install\u00e9 sur les huit fourgons-g\u00e9n\u00e9rateurs d\u2019extr\u00e9mit\u00e9 de rames par le TECHNICENTRE de PERIGUEUX. (Photo prise en\u00a0gare de P\u00e9rigueux d\u00e9part\u00a0pour Cuba via Marseille \u00a0le 12 juin \u00a02001).<\/li>\n<\/ul>\n<\/li>\n<li>Les 2 autres photo : reportage d&rsquo;un touriste \u00e0\u00a0Cuba \u00a0<em>(\u00ab\u00a0La vie du Rail\u00a0\u00bb, date inconnue)<\/em><\/li>\n<\/ul>\n<\/blockquote>\n<h6><em>Cliquer pour agrandir&#8230;<\/em><\/h6>\n<div id=\"attachment_12899\" style=\"width: 310px\" class=\"wp-caption alignleft\"><a href=\"https:\/\/meriller-vapeur.fr\/wp3\/wp-content\/uploads\/2021\/03\/Attelage-automatique-scaled.jpg\"><img loading=\"lazy\" decoding=\"async\" aria-describedby=\"caption-attachment-12899\" class=\"size-medium wp-image-12899\" src=\"https:\/\/meriller-vapeur.fr\/wp3\/wp-content\/uploads\/2021\/03\/Attelage-automatique-300x196.jpg\" alt=\"Attelage automatique\" width=\"300\" height=\"196\" srcset=\"https:\/\/meriller-vapeur.fr\/wp3\/wp-content\/uploads\/2021\/03\/Attelage-automatique-300x196.jpg 300w, https:\/\/meriller-vapeur.fr\/wp3\/wp-content\/uploads\/2021\/03\/Attelage-automatique-1024x668.jpg 1024w, https:\/\/meriller-vapeur.fr\/wp3\/wp-content\/uploads\/2021\/03\/Attelage-automatique-768x501.jpg 768w, https:\/\/meriller-vapeur.fr\/wp3\/wp-content\/uploads\/2021\/03\/Attelage-automatique-1536x1002.jpg 1536w, https:\/\/meriller-vapeur.fr\/wp3\/wp-content\/uploads\/2021\/03\/Attelage-automatique-2048x1336.jpg 2048w, https:\/\/meriller-vapeur.fr\/wp3\/wp-content\/uploads\/2021\/03\/Attelage-automatique-660x430.jpg 660w\" sizes=\"auto, (max-width: 300px) 100vw, 300px\" \/><\/a><p id=\"caption-attachment-12899\" class=\"wp-caption-text\">Attelage automatique sur un fourgon-g\u00e9n\u00e9rateur.<\/p><\/div>\n<p><a href=\"https:\/\/meriller-vapeur.fr\/wp3\/wp-content\/uploads\/2021\/03\/cuba1a.jpg\"><img loading=\"lazy\" decoding=\"async\" class=\"size-medium wp-image-12900 alignleft\" src=\"https:\/\/meriller-vapeur.fr\/wp3\/wp-content\/uploads\/2021\/03\/cuba1a-227x300.jpg\" alt=\"\" width=\"227\" height=\"300\" srcset=\"https:\/\/meriller-vapeur.fr\/wp3\/wp-content\/uploads\/2021\/03\/cuba1a-227x300.jpg 227w, https:\/\/meriller-vapeur.fr\/wp3\/wp-content\/uploads\/2021\/03\/cuba1a-774x1024.jpg 774w, https:\/\/meriller-vapeur.fr\/wp3\/wp-content\/uploads\/2021\/03\/cuba1a-768x1016.jpg 768w, https:\/\/meriller-vapeur.fr\/wp3\/wp-content\/uploads\/2021\/03\/cuba1a-660x873.jpg 660w, https:\/\/meriller-vapeur.fr\/wp3\/wp-content\/uploads\/2021\/03\/cuba1a.jpg 1025w\" sizes=\"auto, (max-width: 227px) 100vw, 227px\" \/><\/a><br \/>\n<a href=\"https:\/\/meriller-vapeur.fr\/wp3\/wp-content\/uploads\/2021\/03\/cuba2.jpg\"><img loading=\"lazy\" decoding=\"async\" class=\"alignleft size-medium wp-image-12901\" src=\"https:\/\/meriller-vapeur.fr\/wp3\/wp-content\/uploads\/2021\/03\/cuba2-300x157.jpg\" alt=\"\" width=\"300\" height=\"157\" srcset=\"https:\/\/meriller-vapeur.fr\/wp3\/wp-content\/uploads\/2021\/03\/cuba2-300x157.jpg 300w, https:\/\/meriller-vapeur.fr\/wp3\/wp-content\/uploads\/2021\/03\/cuba2-1024x535.jpg 1024w, https:\/\/meriller-vapeur.fr\/wp3\/wp-content\/uploads\/2021\/03\/cuba2-768x401.jpg 768w, https:\/\/meriller-vapeur.fr\/wp3\/wp-content\/uploads\/2021\/03\/cuba2-1536x802.jpg 1536w, https:\/\/meriller-vapeur.fr\/wp3\/wp-content\/uploads\/2021\/03\/cuba2-2048x1070.jpg 2048w, https:\/\/meriller-vapeur.fr\/wp3\/wp-content\/uploads\/2021\/03\/cuba2-660x345.jpg 660w, https:\/\/meriller-vapeur.fr\/wp3\/wp-content\/uploads\/2021\/03\/cuba2-380x200.jpg 380w\" sizes=\"auto, (max-width: 300px) 100vw, 300px\" \/><\/a><\/p>\n<p>&nbsp;<\/p>\n<p>&nbsp;<\/p>\n<p>&nbsp;<\/p>\n<p>&nbsp;<\/p>\n<p>&nbsp;<\/p>\n<p>&nbsp;<\/p>\n<p>&nbsp;<\/p>\n<hr \/>\n<h3><strong>&gt;&gt;&gt;&gt; Lire \u00e9galement \u00e0 ce sujet cet <a href=\"http:\/\/passion-trains.over-blog.com\/article-5044305.html\" target=\"_blank\" rel=\"noopener\">Article du Blog PASSION-TRAINS<\/a>, d\u00e9crivant les travaux d\u2019am\u00e9nagement et les transformations r\u00e9alis\u00e9s aux\u00a0Ateliers de\u00a0<\/strong>P\u00e9rigueux.<\/h3>\n<p>&nbsp;<\/p>\n<hr \/>\n<p><em>Nous attendons d\u2019autres contributions, \u00e0 suivre donc !<\/em><\/p>\n<pre>Page mise \u00e0 jour le jeudi 25 mars 2021<\/pre>\n<div class=\"pvc_clear\"><\/div>\n<p id=\"pvc_stats_12871\" class=\"pvc_stats all  \" data-element-id=\"12871\" style=\"\"><i class=\"pvc-stats-icon medium\" aria-hidden=\"true\"><svg aria-hidden=\"true\" focusable=\"false\" data-prefix=\"far\" data-icon=\"chart-bar\" role=\"img\" xmlns=\"http:\/\/www.w3.org\/2000\/svg\" viewBox=\"0 0 512 512\" class=\"svg-inline--fa fa-chart-bar fa-w-16 fa-2x\"><path fill=\"currentColor\" d=\"M396.8 352h22.4c6.4 0 12.8-6.4 12.8-12.8V108.8c0-6.4-6.4-12.8-12.8-12.8h-22.4c-6.4 0-12.8 6.4-12.8 12.8v230.4c0 6.4 6.4 12.8 12.8 12.8zm-192 0h22.4c6.4 0 12.8-6.4 12.8-12.8V140.8c0-6.4-6.4-12.8-12.8-12.8h-22.4c-6.4 0-12.8 6.4-12.8 12.8v198.4c0 6.4 6.4 12.8 12.8 12.8zm96 0h22.4c6.4 0 12.8-6.4 12.8-12.8V204.8c0-6.4-6.4-12.8-12.8-12.8h-22.4c-6.4 0-12.8 6.4-12.8 12.8v134.4c0 6.4 6.4 12.8 12.8 12.8zM496 400H48V80c0-8.84-7.16-16-16-16H16C7.16 64 0 71.16 0 80v336c0 17.67 14.33 32 32 32h464c8.84 0 16-7.16 16-16v-16c0-8.84-7.16-16-16-16zm-387.2-48h22.4c6.4 0 12.8-6.4 12.8-12.8v-70.4c0-6.4-6.4-12.8-12.8-12.8h-22.4c-6.4 0-12.8 6.4-12.8 12.8v70.4c0 6.4 6.4 12.8 12.8 12.8z\" class=\"\"><\/path><\/svg><\/i> <img loading=\"lazy\" decoding=\"async\" width=\"16\" height=\"16\" alt=\"Loading\" src=\"https:\/\/meriller-vapeur.fr\/wp3\/wp-content\/plugins\/page-views-count\/ajax-loader-2x.gif\" border=0 \/><\/p>\n<div class=\"pvc_clear\"><\/div>\n","protected":false},"excerpt":{"rendered":"<p>Suite \u00e0 l\u2019Article du Journal Sud-Ouest paru le 21 mars 2021, et intitul\u00e9 : \u00ab\u00a0P\u00e9rigueux\u00a0: la formidable histoire des trains retap\u00e9s pour Cuba\u00a0\u00bb, voici des pr\u00e9cisions apport\u00e9es par certains de nos membres, experts \u00a0en la mati\u00e8re. Bernard Labrousse pr\u00e9cise : En 2000, 44 voitures ont \u00e9t\u00e9 vendues \u00e0 Cuba, o\u00f9 elles assurent le train le\u2026 <span class=\"read-more\"><a href=\"https:\/\/meriller-vapeur.fr\/wp3\/?page_id=12871\">Read More &raquo;<\/a><\/span><\/p>\n<div class=\"pvc_clear\"><\/div>\n<p id=\"pvc_stats_12871\" class=\"pvc_stats all  \" data-element-id=\"12871\" style=\"\"><i class=\"pvc-stats-icon medium\" aria-hidden=\"true\"><svg aria-hidden=\"true\" focusable=\"false\" data-prefix=\"far\" data-icon=\"chart-bar\" role=\"img\" xmlns=\"http:\/\/www.w3.org\/2000\/svg\" viewBox=\"0 0 512 512\" class=\"svg-inline--fa fa-chart-bar fa-w-16 fa-2x\"><path fill=\"currentColor\" d=\"M396.8 352h22.4c6.4 0 12.8-6.4 12.8-12.8V108.8c0-6.4-6.4-12.8-12.8-12.8h-22.4c-6.4 0-12.8 6.4-12.8 12.8v230.4c0 6.4 6.4 12.8 12.8 12.8zm-192 0h22.4c6.4 0 12.8-6.4 12.8-12.8V140.8c0-6.4-6.4-12.8-12.8-12.8h-22.4c-6.4 0-12.8 6.4-12.8 12.8v198.4c0 6.4 6.4 12.8 12.8 12.8zm96 0h22.4c6.4 0 12.8-6.4 12.8-12.8V204.8c0-6.4-6.4-12.8-12.8-12.8h-22.4c-6.4 0-12.8 6.4-12.8 12.8v134.4c0 6.4 6.4 12.8 12.8 12.8zM496 400H48V80c0-8.84-7.16-16-16-16H16C7.16 64 0 71.16 0 80v336c0 17.67 14.33 32 32 32h464c8.84 0 16-7.16 16-16v-16c0-8.84-7.16-16-16-16zm-387.2-48h22.4c6.4 0 12.8-6.4 12.8-12.8v-70.4c0-6.4-6.4-12.8-12.8-12.8h-22.4c-6.4 0-12.8 6.4-12.8 12.8v70.4c0 6.4 6.4 12.8 12.8 12.8z\" class=\"\"><\/path><\/svg><\/i> <img loading=\"lazy\" decoding=\"async\" width=\"16\" height=\"16\" alt=\"Loading\" src=\"https:\/\/meriller-vapeur.fr\/wp3\/wp-content\/plugins\/page-views-count\/ajax-loader-2x.gif\" border=0 \/><\/p>\n<div class=\"pvc_clear\"><\/div>\n","protected":false},"author":1,"featured_media":0,"parent":0,"menu_order":0,"comment_status":"closed","ping_status":"closed","template":"page-templates\/full-width.php","meta":{"footnotes":""},"class_list":["post-12871","page","type-page","status-publish","hentry"],"a3_pvc":{"activated":true,"total_views":196,"today_views":0},"_links":{"self":[{"href":"https:\/\/meriller-vapeur.fr\/wp3\/index.php?rest_route=\/wp\/v2\/pages\/12871","targetHints":{"allow":["GET"]}}],"collection":[{"href":"https:\/\/meriller-vapeur.fr\/wp3\/index.php?rest_route=\/wp\/v2\/pages"}],"about":[{"href":"https:\/\/meriller-vapeur.fr\/wp3\/index.php?rest_route=\/wp\/v2\/types\/page"}],"author":[{"embeddable":true,"href":"https:\/\/meriller-vapeur.fr\/wp3\/index.php?rest_route=\/wp\/v2\/users\/1"}],"replies":[{"embeddable":true,"href":"https:\/\/meriller-vapeur.fr\/wp3\/index.php?rest_route=%2Fwp%2Fv2%2Fcomments&post=12871"}],"version-history":[{"count":0,"href":"https:\/\/meriller-vapeur.fr\/wp3\/index.php?rest_route=\/wp\/v2\/pages\/12871\/revisions"}],"wp:attachment":[{"href":"https:\/\/meriller-vapeur.fr\/wp3\/index.php?rest_route=%2Fwp%2Fv2%2Fmedia&parent=12871"}],"curies":[{"name":"wp","href":"https:\/\/api.w.org\/{rel}","templated":true}]}}